{"id":794,"date":"2021-05-05T15:29:28","date_gmt":"2021-05-05T15:29:28","guid":{"rendered":"https:\/\/unitel.rs\/telenor\/?page_id=794"},"modified":"2025-06-05T01:08:23","modified_gmt":"2025-06-04T23:08:23","slug":"movers-home","status":"publish","type":"page","link":"https:\/\/unitel.rs\/yettel\/","title":{"rendered":"PO\u010cETNA"},"content":{"rendered":"<p><div class=\"fusion-bg-parallax\" data-bg-align=\"center bottom\" data-direction=\"up\" data-mute=\"false\" data-opacity=\"100\" data-velocity=\"-0.3\" data-mobile-enabled=\"false\" data-break_parents=\"0\" data-bg-image=\"https:\/\/unitel.rs\/yettel\/wp-content\/uploads\/2021\/10\/UDRUZENI-SINDIKAT-TELENOR-3.jpg\" data-bg-repeat=\"false\" ><\/div><div class=\"fusion-fullwidth fullwidth-box fusion-builder-row-1 fusion-flex-container fusion-parallax-up nonhundred-percent-fullwidth non-hundred-percent-height-scrolling\" style=\"--awb-background-position:center bottom;--awb-border-radius-top-left:0px;--awb-border-radius-top-right:0px;--awb-border-radius-bottom-right:0px;--awb-border-radius-bottom-left:0px;--awb-padding-top:200px;--awb-padding-bottom:200px;--awb-background-image:url(&quot;https:\/\/unitel.rs\/yettel\/wp-content\/uploads\/2021\/10\/UDRUZENI-SINDIKAT-TELENOR-3.jpg&quot;);--awb-background-size:cover;--awb-flex-wrap:wrap;\" data-preload-img=\"https:\/\/unitel.rs\/yettel\/wp-content\/uploads\/2021\/10\/UDRUZENI-SINDIKAT-TELENOR-3.jpg\" ><div class=\"fusion-builder-row fusion-row fusion-flex-align-items-flex-start fusion-flex-content-wrap\" style=\"max-width:calc( 1300px + 0px );margin-left: calc(-0px \/ 2 );margin-right: calc(-0px \/ 2 );\"><div class=\"fusion-layout-column fusion_builder_column fusion-builder-column-0 fusion_builder_column_1_1 1_1 fusion-flex-column fusion-animated\" style=\"--awb-bg-blend:overlay;--awb-bg-size:cover;--awb-width-large:100%;--awb-margin-top-large:0px;--awb-spacing-right-large:0px;--awb-margin-bottom-large:20px;--awb-spacing-left-large:0px;--awb-width-medium:100%;--awb-spacing-right-medium:0px;--awb-spacing-left-medium:0px;--awb-width-small:100%;--awb-spacing-right-small:0px;--awb-spacing-left-small:0px;\" data-animationType=\"fadeInDown\" data-animationDuration=\"0.6\" data-animationOffset=\"top-into-view\"><div class=\"fusion-column-wrapper fusion-flex-justify-content-flex-start fusion-content-layout-column\"><div class=\"fusion-title title fusion-title-1 fusion-sep-none fusion-title-center fusion-title-text fusion-title-size-six\" style=\"--awb-margin-bottom:15px;\"><h6 class=\"fusion-title-heading title-heading-center fusion-responsive-typography-calculated\" style=\"margin:0;--fontSize:16;--minFontSize:16;line-height:1.5;\"><h3><span style=\"color: #ffffff;\">AKO IMAMO \u2026<\/span><\/h3><\/h6><\/div><div class=\"fusion-title title fusion-title-2 fusion-sep-none fusion-title-center fusion-title-text fusion-title-size-one\" style=\"--awb-margin-bottom:15px;\"><h1 class=\"fusion-title-heading title-heading-center fusion-responsive-typography-calculated\" style=\"margin:0;--fontSize:35;line-height:1.2;\"><strong>SINDIKAT UNITEL<\/strong><\/h1><\/div><\/div><\/div><\/div><\/div><div class=\"fusion-fullwidth fullwidth-box fusion-builder-row-2 fusion-flex-container hundred-percent-fullwidth non-hundred-percent-height-scrolling\" style=\"--awb-border-radius-top-left:0px;--awb-border-radius-top-right:0px;--awb-border-radius-bottom-right:0px;--awb-border-radius-bottom-left:0px;--awb-padding-top:0px;--awb-padding-right:0px;--awb-padding-bottom:0px;--awb-padding-left:0px;--awb-background-color:#1675bf;--awb-flex-wrap:wrap;\" ><div class=\"fusion-builder-row fusion-row fusion-flex-align-items-flex-start fusion-flex-content-wrap\" style=\"width:calc( 100% + 0px ) !important;max-width:calc( 100% + 0px ) !important;margin-left: calc(-0px \/ 2 );margin-right: calc(-0px \/ 2 );\"><div class=\"fusion-layout-column fusion_builder_column fusion-builder-column-1 fusion_builder_column_1_1 1_1 fusion-flex-column\" style=\"--awb-bg-blend:overlay;--awb-bg-size:cover;--awb-width-large:100%;--awb-margin-top-large:0px;--awb-spacing-right-large:0px;--awb-margin-bottom-large:0px;--awb-spacing-left-large:0px;--awb-width-medium:100%;--awb-spacing-right-medium:0px;--awb-spacing-left-medium:0px;--awb-width-small:100%;--awb-spacing-right-small:0px;--awb-spacing-left-small:0px;\"><div class=\"fusion-column-wrapper fusion-flex-justify-content-flex-start fusion-content-layout-column\"><div style=\"text-align:center;\"><a class=\"fusion-button button-flat button-xlarge button-default fusion-button-default button-1 fusion-button-span-yes fusion-button-default-type custom-button\" style=\"--button-border-radius-top-left:0px;--button-border-radius-top-right:0px;--button-border-radius-bottom-right:0px;--button-border-radius-bottom-left:0px;\" target=\"_self\" href=\"https:\/\/unitel.rs\/yettel\/sindikat-unitel-2\/19-godina-sindikata\/\"><i class=\"awb-moverspaper-plane awb-button__icon awb-button__icon--default button-icon-left\" aria-hidden=\"true\"><\/i><span class=\"fusion-button-text awb-button__text awb-button__text--default\"> 19 GODINA SINDIKATA U KOMPANIJI YETTEL<\/span><\/a><\/div><\/div><\/div><\/div><\/div><div class=\"fusion-fullwidth fullwidth-box fusion-builder-row-3 fusion-flex-container has-pattern-background has-mask-background nonhundred-percent-fullwidth non-hundred-percent-height-scrolling\" style=\"--awb-border-radius-top-left:0px;--awb-border-radius-top-right:0px;--awb-border-radius-bottom-right:0px;--awb-border-radius-bottom-left:0px;--awb-flex-wrap:wrap;\" ><div class=\"fusion-builder-row fusion-row fusion-flex-align-items-flex-start fusion-flex-content-wrap\" style=\"max-width:1352px;margin-left: calc(-4% \/ 2 );margin-right: calc(-4% \/ 2 );\"><div class=\"fusion-layout-column fusion_builder_column fusion-builder-column-2 fusion_builder_column_1_1 1_1 fusion-flex-column\" style=\"--awb-bg-size:cover;--awb-width-large:100%;--awb-margin-top-large:0px;--awb-spacing-right-large:1.92%;--awb-margin-bottom-large:20px;--awb-spacing-left-large:1.92%;--awb-width-medium:100%;--awb-order-medium:0;--awb-spacing-right-medium:1.92%;--awb-spacing-left-medium:1.92%;--awb-width-small:100%;--awb-order-small:0;--awb-spacing-right-small:1.92%;--awb-spacing-left-small:1.92%;\"><div class=\"fusion-column-wrapper fusion-column-has-shadow fusion-flex-justify-content-flex-start fusion-content-layout-column\"><div class=\"fusion-image-element \" style=\"text-align:center;--awb-caption-title-font-family:var(--h2_typography-font-family);--awb-caption-title-font-weight:var(--h2_typography-font-weight);--awb-caption-title-font-style:var(--h2_typography-font-style);--awb-caption-title-size:var(--h2_typography-font-size);--awb-caption-title-transform:var(--h2_typography-text-transform);--awb-caption-title-line-height:var(--h2_typography-line-height);--awb-caption-title-letter-spacing:var(--h2_typography-letter-spacing);\"><span class=\" fusion-imageframe imageframe-none imageframe-1 hover-type-none\"><img decoding=\"async\" width=\"1771\" height=\"1433\" title=\"UNI TEL SINDIKAT U SBB\" src=\"https:\/\/unitel.rs\/yettel\/wp-content\/uploads\/2025\/06\/UNI-TEL-SINDIKAT-U-SBB.jpg\" data-orig-src=\"https:\/\/unitel.rs\/yettel\/wp-content\/uploads\/2025\/06\/UNI-TEL-SINDIKAT-U-SBB.jpg\" alt class=\"lazyload img-responsive wp-image-2039\" srcset=\"data:image\/svg+xml,%3Csvg%20xmlns%3D%27http%3A%2F%2Fwww.w3.org%2F2000%2Fsvg%27%20width%3D%271771%27%20height%3D%271433%27%20viewBox%3D%270%200%201771%201433%27%3E%3Crect%20width%3D%271771%27%20height%3D%271433%27%20fill-opacity%3D%220%22%2F%3E%3C%2Fsvg%3E\" data-srcset=\"https:\/\/unitel.rs\/yettel\/wp-content\/uploads\/2025\/06\/UNI-TEL-SINDIKAT-U-SBB-200x162.jpg 200w, https:\/\/unitel.rs\/yettel\/wp-content\/uploads\/2025\/06\/UNI-TEL-SINDIKAT-U-SBB-400x324.jpg 400w, https:\/\/unitel.rs\/yettel\/wp-content\/uploads\/2025\/06\/UNI-TEL-SINDIKAT-U-SBB-600x485.jpg 600w, https:\/\/unitel.rs\/yettel\/wp-content\/uploads\/2025\/06\/UNI-TEL-SINDIKAT-U-SBB-800x647.jpg 800w, https:\/\/unitel.rs\/yettel\/wp-content\/uploads\/2025\/06\/UNI-TEL-SINDIKAT-U-SBB-1200x971.jpg 1200w, https:\/\/unitel.rs\/yettel\/wp-content\/uploads\/2025\/06\/UNI-TEL-SINDIKAT-U-SBB.jpg 1771w\" data-sizes=\"auto\" data-orig-sizes=\"(max-width: 1024px) 100vw, (max-width: 640px) 100vw, 1771px\" \/><\/span><\/div><div class=\"fusion-text fusion-text-1\"><p style=\"text-align: center;\"><strong>UNI TEL SINDIKAT U SBB <\/strong><\/p>\n<p style=\"text-align: center;\">Snaga solidarnosti \u2013 budu\u0107nost Sindikata Uni Tel<\/p>\n<p style=\"text-align: center;\">Sindikat Uni Tel ve\u0107 <strong>20 godina<\/strong> deluje u okviru kompanija <strong>Mobtel<\/strong>, <strong>Telenor<\/strong>, a danas <strong>Yettel<\/strong>. Tokom tog perioda, ostvareni su zna\u010dajni rezultati, me\u0111u kojima posebno izdvajamo <strong>potpisivanje sedam Kolektivnih ugovora<\/strong>. Ti ugovori doneli su benefite koji <strong>daleko prevazilaze zakonski minimum<\/strong>, kao \u0161to su:<\/p>\n<ul style=\"text-align: center;\">\n<li>godi\u0161nji regres i topli obrok,<\/li>\n<li>dobrovoljno zdravstveno osiguranje,<\/li>\n<li>jubilarne nagrade,<\/li>\n<li>i mnoge druge pogodnosti koje svi zajedno koristimo.<\/li>\n<\/ul>\n<p style=\"text-align: center;\">Sindikat Uni Tel je deo <strong>Granskog sindikata Uni Tel<\/strong>, koji je osnovao i sindikate u <strong>Cetinu<\/strong>, <strong>Yettel banci<\/strong>, a odnedavno i u <strong>SBB-u<\/strong>, za koji smo <strong>nedavno dobili re\u0161enje Ministarstva za rad i zapo\u0161ljavanje<\/strong>. Kolege iz SBB-a, \u010diji su uslovi rada trenutno skromniji, te\u017ee standardima koje smo mi uspeli da izborimo \u2013 i zato im <strong>na\u0161 primer mo\u017ee biti putokaz i podr\u0161ka<\/strong>.<\/p>\n<p style=\"text-align: center;\">Na\u017ealost, danas se suo\u010davamo sa ozbiljnim izazovom \u2013 <strong>reprezentativnost sindikata pala je na samo 17%<\/strong>. Mnogi zaposleni, bilo zbog zauzetosti ili nedovoljne informisanosti, <strong>nisu \u010dlanovi sindikata<\/strong>, iako svakodnevno u\u017eivaju u benefitima koje je sindikat izborio. Ukoliko izgubimo reprezentativnost, <strong>ne\u0107e vi\u0161e biti ko da pregovara u va\u0161e ime<\/strong>. Tada vi\u0161e ne\u0107e biti ni Kolektivnog ugovora, ni sigurnosti, ni garancija.<\/p>\n<p style=\"text-align: center;\">Zato <strong>pozivamo kolege koji jo\u0161 nisu \u010dlanovi sindikata<\/strong> da se najpre <strong>informi\u0161u o na\u0161em radu<\/strong>, a potom i <strong>pridru\u017ee \u010dlanstvom<\/strong>.<\/p>\n<p style=\"text-align: center;\"><strong>\u010clanarina iznosi svega 600 RSD mese\u010dno<\/strong> \u2013 \u0161to je simboli\u010dno u odnosu na pojedina\u010dne benefite po zaposlenom, koji su <strong>nekoliko stotina puta ve\u0107i<\/strong>. Ili, jednostavno re\u010deno \u2013 to je <strong>cena jedne kafe u Airport City-ju<\/strong>.<\/p>\n<p style=\"text-align: center;\">U prilogu se nalazi <strong>pristupnica sindikatu<\/strong>, koju mo\u017eete popuniti, potpisati i poslati skeniranu ili fotografisanu na mejl: <strong><a href=\"mailto:sindikat@yettel.rs\">sindikat@yettel.rs<\/a><\/strong>.<\/p>\n<p style=\"text-align: center;\"><strong>Zajedno mo\u017eemo da o\u010duvamo i unapredimo ono \u0161to smo godinama gradili.<\/strong><br \/>\n<strong>Sindikat nismo \u201cmi\u201d i \u201coni\u201d \u2013 sindikat smo svi mi.<\/strong><\/p>\n<p style=\"text-align: center;\">Srda\u010dno,<br \/>\n<strong>Sindikat Uni Tel<\/strong><\/p>\n<p style=\"text-align: center;\"><a href=\"https:\/\/unitel.rs\/yettel\/wp-content\/uploads\/2025\/06\/\u0423\u041f\u0418\u0421-15.05.2025.pdf\" target=\"_blank\" rel=\"noopener\"><strong>Upis u registar Sindikata Uni Tel SBB &gt;&gt;&gt;<\/strong><\/a><\/p>\n<p style=\"text-align: center;\"><a href=\"https:\/\/unitel.rs\/yettel\/wp-content\/uploads\/2025\/06\/Pistupnica_sindikatu-u-Yettel-PDF-.pdf\" target=\"_blank\" rel=\"noopener\"><strong>Pristupnica sindikatu &gt;&gt;&gt;<\/strong><\/a><\/p>\n<\/div><\/div><\/div><\/div><\/div><div class=\"fusion-fullwidth fullwidth-box fusion-builder-row-4 fusion-flex-container fusion-parallax-none nonhundred-percent-fullwidth non-hundred-percent-height-scrolling lazyload\" style=\"--awb-background-position:center bottom;--awb-background-repeat:repeat-x;--awb-border-radius-top-left:0px;--awb-border-radius-top-right:0px;--awb-border-radius-bottom-right:0px;--awb-border-radius-bottom-left:0px;--awb-padding-top:8%;--awb-padding-bottom:7%;--awb-flex-wrap:wrap;\" data-bg=\"https:\/\/unitel.rs\/telenor\/wp-content\/uploads\/2018\/06\/avada-movers-top-container-background.jpg\" ><div class=\"fusion-builder-row fusion-row fusion-flex-align-items-flex-start fusion-flex-content-wrap\" style=\"max-width:1352px;margin-left: calc(-4% \/ 2 );margin-right: calc(-4% \/ 2 );\"><div class=\"fusion-layout-column fusion_builder_column fusion-builder-column-3 fusion_builder_column_1_1 1_1 fusion-flex-column\" style=\"--awb-bg-blend:overlay;--awb-bg-size:cover;--awb-width-large:100%;--awb-margin-top-large:0px;--awb-spacing-right-large:1.92%;--awb-margin-bottom-large:20px;--awb-spacing-left-large:1.92%;--awb-width-medium:100%;--awb-spacing-right-medium:1.92%;--awb-spacing-left-medium:1.92%;--awb-width-small:100%;--awb-spacing-right-small:1.92%;--awb-spacing-left-small:1.92%;\"><div class=\"fusion-column-wrapper fusion-flex-justify-content-flex-start fusion-content-layout-column\"><div class=\"fusion-text fusion-text-2\" style=\"--awb-text-transform:none;\"><p style=\"text-align: center;\"><strong>Sindikat u Yettelu<\/strong><\/p>\n<p style=\"text-align: center;\"><strong>Po\u0161tovane kolege,<\/strong><\/p>\n<p style=\"text-align: center;\"><strong>\u017delimo vam u ime sindikata i svih \u010dlanova sindikata dobrodo\u0161licu<\/strong><\/p>\n<p style=\"text-align: center;\"><img decoding=\"async\" class=\"lazyload alignnone size-full wp-image-1843\" src=\"https:\/\/unitel.rs\/yettel\/wp-content\/uploads\/2022\/10\/1.jpg\" data-orig-src=\"https:\/\/unitel.rs\/yettel\/wp-content\/uploads\/2022\/10\/1.jpg\" alt=\"\" width=\"484\" height=\"340\" srcset=\"data:image\/svg+xml,%3Csvg%20xmlns%3D%27http%3A%2F%2Fwww.w3.org%2F2000%2Fsvg%27%20width%3D%27484%27%20height%3D%27340%27%20viewBox%3D%270%200%20484%20340%27%3E%3Crect%20width%3D%27484%27%20height%3D%27340%27%20fill-opacity%3D%220%22%2F%3E%3C%2Fsvg%3E\" data-srcset=\"https:\/\/unitel.rs\/yettel\/wp-content\/uploads\/2022\/10\/1-200x140.jpg 200w, https:\/\/unitel.rs\/yettel\/wp-content\/uploads\/2022\/10\/1-300x211.jpg 300w, https:\/\/unitel.rs\/yettel\/wp-content\/uploads\/2022\/10\/1-400x281.jpg 400w, https:\/\/unitel.rs\/yettel\/wp-content\/uploads\/2022\/10\/1.jpg 484w\" data-sizes=\"auto\" data-orig-sizes=\"(max-width: 484px) 100vw, 484px\" \/><\/p>\n<p style=\"text-align: center;\">Po\u010detkom 2020 u Telenoru je radilo oko 600 kolega. Danas, u februaru 2025 u Yettelu radi vise od 1900 zaposlenih. U skladu sa novim tr\u017ei\u0161nim uslovima i pove\u0107anim obimom posla Yettel je tokom prethodnih godina, zaposlio novih 1300 mladih\u00a0 i kreativnih ljudi. Dobri kompaniski rezultati govore da je Va\u0161 doprinos u tome i te kako vidljiv. Mi verujemo da su \u201ezaposleni\u201c t.j\u00a0radnici bitan resurs jake kompanije.\u00a0<strong>Dugogodi\u0161nje\u00a0<\/strong>iskustvo rada u kompaniji, nau\u010dilo nas je, da je zadovoljan radnik i dobar radnik. Uloga sindikata, kada je zadovoljstvo radnika u pitanje i benefiti koji su na raspolaganju svim zaposlenima u kompaniji, neizbe\u017ena je.<\/p>\n<p style=\"text-align: center;\"><strong>Sindikat Uni Tel<\/strong>\u00a0osnovan je davne 2006. Formiran u Mobtelu, a aktivan i danas. Na\u0161i \u010dlanovi ka\u017eu da je osnovna uloga sindikata da bude reprezentativan, da pregovora sa poslodavcem i kona\u010dno \u00a0potpi\u0161e\u00a0<strong>Kolektivni ugovor<\/strong>. \u010cak sedam puta od 2008 sindikat je potpisivao tu vrstu va\u017enog kompanijskog dokumenta. Na\u0161\u00a0 Kolektivni ugovor daje ve\u0107a prava zaposlenima nego \u0161to to propisuje Zakon o radu. Spisak benefita Kolektivnog ugovora prili\u010dno je duga\u010dak i vi\u0161estruko prema\u0161uje, one koji su predvi\u0111eni Zakom o radu. Upoznajte se sa vrstom i obimom benefita KU putem sindikalnog sajta:<br \/>\n<a href=\"https:\/\/unitel.rs\/yettel\/sindikat-unitel-2\/kolektivni-ugovor\/ako-imamo-sindikat\/\">https:\/\/unitel.rs\/yettel\/sindikat-unitel-2\/kolektivni-ugovor\/ako-imamo-sindikat\/<\/a>.<\/p>\n<p style=\"text-align: center;\">Ina\u010de, Sindikati \u00a0u Yettelu, Cetinu i Yettel banci, svi Uni Tel, retke su sindikalne organizacije\u00a0koji postoje u stranoj kompaniji u Srbiji. Raspitajte se, mo\u017eda \u010dak i jedini?<\/p>\n<p style=\"text-align: center;\">U skladu sa Zakonom o radu <strong>samo reprezentativan sindikat<\/strong> mo\u017ee pregovarati sa poslodavcem. Da bi bio reprezentativan najmanje 15% od ukupnog broja zaposlenih, moraju biti \u010dlanovi sindikata. Na\u017ealost u trenutku kada po sedmi put potpisujemo najva\u017eniji dokument koji se odnosi na prava i uslove rada zaposlenih \u00a0KOLEKTIVNI UGOVOR mi imamo svega 17% reprezentativnost. Uzrok tome mo\u017ee biti velika fluktuacija zaposlenih, ali i nezainteresovanost zaposlenih da podr\u017ee svojim \u010dlanstvo rad sindikata. <strong>Nivo svesti<\/strong> kolega koji su \u010dlanovi sindikata u odnosu na one koji to nisu, direktno je proporcionalan benefitima iz Kolektivnog ugovora u odnosu na one \u00a0\u00a0\u00a0\u00a0\u00a0\u00a0\u00a0\u00a0\u00a0\u00a0\u00a0\u00a0\u00a0\u00a0koje bi smo imali u skladu sa Zakonom o radu.<\/p>\n<p style=\"text-align: center;\">Putem ovog \u010dlanka \u017eelimo da vas upoznamo i sa \u010dinjenicom da svaki zaposleni u Yettelu ima zakonsku\u00a0<strong>mogu\u0107nost\u00a0<\/strong>da bude \u010dlan sindikata. Svojim \u010dlanstvom u kompanijskom\u00a0 sindikatu, vi \u0107e te iskoristi\u0107ete i svoje\u00a0<strong>\u00a0pravo iz statuta<\/strong>\u00a0da imate svog predstavnika u Odboru sindikata, koji bi bio va\u0161 \u201eglas\u201c u razgovoru sa poslodavcem.\u00a0\u00a0\u00a0\u00a0\u00a0 \u00a0Ovo se pre svega odnosi na one sektore u kompaniji, koji su novi, a nisu se jos uhodali. Mo\u017eemo vam pomo\u0107i, ako nam objasnite da znamo o \u010demu se radi! Dodatno pored benefita Kolektivnog ugovora, kao na\u0161 \u010dlan mo\u017eete koristiti sve prednosti partnerstva koje je sindikat potpisao i koji va\u017ee samo za \u010dlana sindikata (kupovina na rate putem adm.zabrane uz popust).<\/p>\n<p style=\"text-align: center;\">Ponosni smo i \u0161to smo u okviru sindikata formirali\u00a0\u00a0<strong>Fond solidarnosti<\/strong>. Samo za svoje \u010dlanove sindikat pru\u017ea bespovratnu solidarnu nov\u010danu pomo\u0107, kada se za to uka\u017ee potreba \u2013 ako vas i to zanima upoznajte se detaljnije na sajta:\u00a0<em><a href=\"https:\/\/unitel.rs\/yettel\/sindikat-unitel-2\/fond-solidarnosti\/\">https:\/\/unitel.rs\/yettel\/sindikat-unitel-2\/fond-solidarnosti\/<\/a>.<\/em><\/p>\n<p style=\"text-align: center;\">Drage kolege, poku\u0161ali smo da vam da vas upoznamo sa postojanjem i zna\u010dajem sindikata. Vi\u0161e od toga, o novostima, o istorijatu, o ranijim pregovorima vezano za Kolektivne ugovore, o humanitarnim akcijama\u00a0 kao i ostalim benefitima \u010dlanstva u sindikatu mo\u017eete pro\u010ditati na sajtu\u00a0\u00a0<em><a href=\"https:\/\/unitel.rs\/yettel\">https:\/\/unitel.rs\/yettel<\/a><\/em><\/p>\n<p style=\"text-align: center;\"><strong>U prilogu mejla nalazi se\u00a0i pristupnica za sindikat.<\/strong>\u00a0Ako \u017eelite da budete na\u0161 \u010dlan, popunite pristupnicu, skenirajte i po\u0161aljite nam je na mejl :\u00a0\u00a0<a href=\"mailto:sindikat@yettel.rs\">sindikat@yettel.rs<\/a>;<\/p>\n<p style=\"text-align: center;\">Ako \u017eelite direktno da nas kontaktirate, osobe za kontakt su : Dejan Roganovi\u0107 063 230 781, Vladimir Vu\u010deli\u0107 063 230 439 i Cedomir Vasic 063 230 566.<\/p>\n<p style=\"text-align: center;\"><strong>Srda\u010dno,<\/strong><\/p>\n<p style=\"text-align: center;\"><strong>Sindikat Uni Tel u kompaniji Yettel.<\/strong><\/p>\n<\/div><\/div><\/div><\/div><\/div><div class=\"fusion-fullwidth fullwidth-box fusion-builder-row-5 fusion-flex-container fusion-parallax-none nonhundred-percent-fullwidth non-hundred-percent-height-scrolling lazyload\" style=\"--awb-background-position:center bottom;--awb-background-repeat:repeat-x;--awb-border-radius-top-left:0px;--awb-border-radius-top-right:0px;--awb-border-radius-bottom-right:0px;--awb-border-radius-bottom-left:0px;--awb-padding-top:8%;--awb-padding-bottom:7%;--awb-flex-wrap:wrap;\" data-bg=\"https:\/\/unitel.rs\/telenor\/wp-content\/uploads\/2018\/06\/avada-movers-top-container-background.jpg\" ><div class=\"fusion-builder-row fusion-row fusion-flex-align-items-flex-start fusion-flex-content-wrap\" style=\"max-width:1352px;margin-left: calc(-4% \/ 2 );margin-right: calc(-4% \/ 2 );\"><div class=\"fusion-layout-column fusion_builder_column fusion-builder-column-4 fusion_builder_column_1_5 1_5 fusion-flex-column\" style=\"--awb-bg-blend:overlay;--awb-bg-size:cover;--awb-width-large:20%;--awb-margin-top-large:0px;--awb-spacing-right-large:9.6%;--awb-margin-bottom-large:20px;--awb-spacing-left-large:9.6%;--awb-width-medium:100%;--awb-spacing-right-medium:1.92%;--awb-spacing-left-medium:1.92%;--awb-width-small:100%;--awb-spacing-right-small:1.92%;--awb-spacing-left-small:1.92%;\"><div class=\"fusion-column-wrapper fusion-flex-justify-content-flex-start fusion-content-layout-column\"><\/div><\/div><div class=\"fusion-layout-column fusion_builder_column fusion-builder-column-5 fusion_builder_column_3_5 3_5 fusion-flex-column fusion-animated\" style=\"--awb-bg-blend:overlay;--awb-bg-size:cover;--awb-width-large:60%;--awb-margin-top-large:0px;--awb-spacing-right-large:3.2%;--awb-margin-bottom-large:20px;--awb-spacing-left-large:3.2%;--awb-width-medium:100%;--awb-spacing-right-medium:1.92%;--awb-spacing-left-medium:1.92%;--awb-width-small:100%;--awb-spacing-right-small:1.92%;--awb-spacing-left-small:1.92%;\" data-animationType=\"fadeInLeft\" data-animationDuration=\"0.6\" data-animationOffset=\"top-into-view\"><div class=\"fusion-column-wrapper fusion-flex-justify-content-flex-start fusion-content-layout-column\"><div class=\"fusion-title title fusion-title-3 fusion-sep-none fusion-title-center fusion-title-text fusion-title-size-six\" style=\"--awb-margin-bottom:10px;\"><h6 class=\"fusion-title-heading title-heading-center fusion-responsive-typography-calculated\" style=\"margin:0;--fontSize:16;--minFontSize:16;line-height:1.5;\">Masovnost, profesionalnost i finansijska sigurnost<\/h6><\/div><div class=\"fusion-title title fusion-title-4 fusion-sep-none fusion-title-center fusion-title-text fusion-title-size-two\"><h2 class=\"fusion-title-heading title-heading-center fusion-responsive-typography-calculated\" style=\"margin:0;--fontSize:30;line-height:1.2;\"><p style=\"text-align: center;\">ZA\u0160TO DA BUDEM \u010cLAN SINDIKATA ?<\/p><\/h2><\/div><div class=\"fusion-text fusion-text-3\"><p style=\"text-align: center;\">Sna\u017ean sindikat podrazumeva, masovnost, profesionalnost i finansijsku sigurnost. <span style=\"background-color: rgba(255, 255, 255, 0); color: var(--body_typography-color); font-family: var(--body_typography-font-family); font-size: var(--body_typography-font-size); font-style: var(--body_typography-font-style,normal); font-weight: var(--body_typography-font-weight); letter-spacing: var(--body_typography-letter-spacing);\">Zemlje, kao na primer na\u0161a, u tr\u0430nzicionom procesu koji je izuzetno slo\u017een, te\u0161ko i dugotr\u0430jno formir\u0430ju profesion\u0430l\u0430n, m\u0430sov\u0430n<br \/>\ni fin\u0430nsijski st\u0430bil\u0430n sindik\u0430t.<\/span><\/p>\n<\/div><div class=\"fusion-separator fusion-full-width-sep\" style=\"align-self: center;margin-left: auto;margin-right: auto;margin-top:15px;width:100%;\"><\/div><div style=\"text-align:center;\"><a class=\"fusion-button button-flat fusion-button-default-size button-default fusion-button-default button-2 fusion-button-default-span fusion-button-default-type\" style=\"--button_text_transform:uppercase;\" target=\"_self\" href=\"https:\/\/unitel.rs\/yettel\/sindikat-telenor\/osnovni-ciljevi-i-planovi-sindikata\/\"><span class=\"fusion-button-text awb-button__text awb-button__text--default\">Vi\u0161e<\/span><\/a><\/div><\/div><\/div><div class=\"fusion-layout-column fusion_builder_column fusion-builder-column-6 fusion_builder_column_1_5 1_5 fusion-flex-column\" style=\"--awb-bg-blend:overlay;--awb-bg-size:cover;--awb-width-large:20%;--awb-margin-top-large:0px;--awb-spacing-right-large:9.6%;--awb-margin-bottom-large:20px;--awb-spacing-left-large:9.6%;--awb-width-medium:100%;--awb-spacing-right-medium:1.92%;--awb-spacing-left-medium:1.92%;--awb-width-small:100%;--awb-spacing-right-small:1.92%;--awb-spacing-left-small:1.92%;\"><div class=\"fusion-column-wrapper fusion-flex-justify-content-flex-start fusion-content-layout-column\"><\/div><\/div><\/div><\/div><div class=\"fusion-fullwidth fullwidth-box fusion-builder-row-6 fusion-flex-container nonhundred-percent-fullwidth non-hundred-percent-height-scrolling\" style=\"--awb-background-position:left top;--awb-border-radius-top-left:0px;--awb-border-radius-top-right:0px;--awb-border-radius-bottom-right:0px;--awb-border-radius-bottom-left:0px;--awb-padding-top:7%;--awb-padding-bottom:7%;--awb-flex-wrap:wrap;\" ><div class=\"fusion-builder-row fusion-row fusion-flex-align-items-flex-start fusion-flex-content-wrap\" style=\"max-width:1352px;margin-left: calc(-4% \/ 2 );margin-right: calc(-4% \/ 2 );\"><div class=\"fusion-layout-column fusion_builder_column fusion-builder-column-7 fusion_builder_column_1_2 1_2 fusion-flex-column fusion-animated\" style=\"--awb-padding-top:20px;--awb-padding-right:20px;--awb-padding-bottom:20px;--awb-padding-left:20px;--awb-bg-color:#f2f5f8;--awb-bg-color-hover:#f2f5f8;--awb-bg-size:cover;--awb-width-large:50%;--awb-margin-top-large:0px;--awb-spacing-right-large:3.84%;--awb-margin-bottom-large:20px;--awb-spacing-left-large:3.84%;--awb-width-medium:100%;--awb-spacing-right-medium:1.92%;--awb-spacing-left-medium:1.92%;--awb-width-small:100%;--awb-spacing-right-small:1.92%;--awb-spacing-left-small:1.92%;\" data-animationType=\"fadeInLeft\" data-animationDuration=\"0.6\" data-animationOffset=\"top-into-view\"><div class=\"fusion-column-wrapper fusion-flex-justify-content-flex-start fusion-content-layout-column\"><div class=\"fusion-image-element \" style=\"text-align:center;--awb-caption-title-font-family:var(--h2_typography-font-family);--awb-caption-title-font-weight:var(--h2_typography-font-weight);--awb-caption-title-font-style:var(--h2_typography-font-style);--awb-caption-title-size:var(--h2_typography-font-size);--awb-caption-title-transform:var(--h2_typography-text-transform);--awb-caption-title-line-height:var(--h2_typography-line-height);--awb-caption-title-letter-spacing:var(--h2_typography-letter-spacing);\"><span class=\" fusion-imageframe imageframe-none imageframe-2 hover-type-zoomin\"><a class=\"fusion-no-lightbox\" href=\"https:\/\/unitel.rs\/yettel\/sindikat-unitel-2\/\" target=\"_self\" aria-label=\"34253454\"><img decoding=\"async\" width=\"1416\" height=\"1184\" src=\"https:\/\/unitel.rs\/yettel\/wp-content\/uploads\/2021\/09\/34253454.jpg\" data-orig-src=\"https:\/\/unitel.rs\/yettel\/wp-content\/uploads\/2021\/09\/34253454.jpg\" alt class=\"lazyload img-responsive wp-image-946\" srcset=\"data:image\/svg+xml,%3Csvg%20xmlns%3D%27http%3A%2F%2Fwww.w3.org%2F2000%2Fsvg%27%20width%3D%271416%27%20height%3D%271184%27%20viewBox%3D%270%200%201416%201184%27%3E%3Crect%20width%3D%271416%27%20height%3D%271184%27%20fill-opacity%3D%220%22%2F%3E%3C%2Fsvg%3E\" data-srcset=\"https:\/\/unitel.rs\/yettel\/wp-content\/uploads\/2021\/09\/34253454-200x167.jpg 200w, https:\/\/unitel.rs\/yettel\/wp-content\/uploads\/2021\/09\/34253454-400x334.jpg 400w, https:\/\/unitel.rs\/yettel\/wp-content\/uploads\/2021\/09\/34253454-600x502.jpg 600w, https:\/\/unitel.rs\/yettel\/wp-content\/uploads\/2021\/09\/34253454-800x669.jpg 800w, https:\/\/unitel.rs\/yettel\/wp-content\/uploads\/2021\/09\/34253454-1200x1003.jpg 1200w, https:\/\/unitel.rs\/yettel\/wp-content\/uploads\/2021\/09\/34253454.jpg 1416w\" data-sizes=\"auto\" data-orig-sizes=\"(max-width: 1024px) 100vw, (max-width: 640px) 100vw, 600px\" \/><\/a><\/span><\/div><div class=\"fusion-builder-row fusion-builder-row-inner fusion-row fusion-flex-align-items-flex-start fusion-flex-content-wrap\" style=\"width:104% !important;max-width:104% !important;margin-left: calc(-4% \/ 2 );margin-right: calc(-4% \/ 2 );\"><div class=\"fusion-layout-column fusion_builder_column_inner fusion-builder-nested-column-0 fusion_builder_column_inner_1_1 1_1 fusion-flex-column\" style=\"--awb-padding-top:30px;--awb-padding-right:20px;--awb-padding-bottom:30px;--awb-padding-left:20px;--awb-bg-color:#ffffff;--awb-bg-color-hover:#ffffff;--awb-bg-size:cover;--awb-width-large:100%;--awb-margin-top-large:20px;--awb-spacing-right-large:1.92%;--awb-margin-bottom-large:0px;--awb-spacing-left-large:1.92%;--awb-width-medium:100%;--awb-spacing-right-medium:1.92%;--awb-spacing-left-medium:1.92%;--awb-width-small:100%;--awb-spacing-right-small:1.92%;--awb-spacing-left-small:1.92%;\"><div class=\"fusion-column-wrapper fusion-flex-justify-content-flex-start fusion-content-layout-column\"><div class=\"fusion-title title fusion-title-5 fusion-sep-none fusion-title-center fusion-title-text fusion-title-size-three\" style=\"--awb-margin-bottom:10px;\"><h3 class=\"fusion-title-heading title-heading-center fusion-responsive-typography-calculated\" style=\"margin:0;--fontSize:25;line-height:1.5;\">Korporativna etika<\/h3><\/div><div class=\"fusion-text fusion-text-4\" style=\"--awb-text-transform:none;\"><p style=\"text-align: center;\">Korporativna etika podrazumeva vi\u0161e od toga da se izbegne povreda zakona. Ona podrazumeva na\u010din na koji se pona\u0161amo jedni prema drugima, kako se pona\u0161amo prema spoljnom svetu. U na\u0161oj kompaniji \u017eele da svi budu uklju\u010deni i doprinesu stvaranju zdrave i korporativne kulture koja se temelji na zadovoljstvu i bezbednosti.<\/p>\n<\/div><div class=\"fusion-separator fusion-full-width-sep\" style=\"align-self: center;margin-left: auto;margin-right: auto;margin-bottom:10px;width:100%;\"><\/div><div style=\"text-align:center;\"><a class=\"fusion-button button-flat fusion-button-default-size button-default fusion-button-default button-3 fusion-button-default-span fusion-button-default-type\" style=\"--button_text_transform:uppercase;\" target=\"_blank\" rel=\"noopener noreferrer\" href=\"https:\/\/unitel.rs\/yettel\/sindikat-unitel-2\/\"><span class=\"fusion-button-text awb-button__text awb-button__text--default\">Vi\u0161e<\/span><\/a><\/div><\/div><\/div><\/div><\/div><\/div><div class=\"fusion-layout-column fusion_builder_column fusion-builder-column-8 fusion_builder_column_1_2 1_2 fusion-flex-column fusion-animated\" style=\"--awb-padding-top:20px;--awb-padding-right:20px;--awb-padding-bottom:20px;--awb-padding-left:20px;--awb-bg-color:#f2f5f8;--awb-bg-color-hover:#f2f5f8;--awb-bg-size:cover;--awb-width-large:50%;--awb-margin-top-large:0px;--awb-spacing-right-large:3.84%;--awb-margin-bottom-large:20px;--awb-spacing-left-large:3.84%;--awb-width-medium:100%;--awb-spacing-right-medium:1.92%;--awb-spacing-left-medium:1.92%;--awb-width-small:100%;--awb-spacing-right-small:1.92%;--awb-spacing-left-small:1.92%;\" data-animationType=\"fadeInDown\" data-animationDuration=\"0.6\" data-animationOffset=\"top-into-view\"><div class=\"fusion-column-wrapper fusion-flex-justify-content-flex-start fusion-content-layout-column\"><div class=\"fusion-image-element \" style=\"text-align:center;--awb-caption-title-font-family:var(--h2_typography-font-family);--awb-caption-title-font-weight:var(--h2_typography-font-weight);--awb-caption-title-font-style:var(--h2_typography-font-style);--awb-caption-title-size:var(--h2_typography-font-size);--awb-caption-title-transform:var(--h2_typography-text-transform);--awb-caption-title-line-height:var(--h2_typography-line-height);--awb-caption-title-letter-spacing:var(--h2_typography-letter-spacing);\"><span class=\" fusion-imageframe imageframe-none imageframe-3 hover-type-zoomin\"><a class=\"fusion-no-lightbox\" href=\"https:\/\/unitel.rs\/yettel\/sindikat-unitel-2\/poslovna-praksa\/\" target=\"_self\" aria-label=\"43543534\"><img decoding=\"async\" width=\"1416\" height=\"1184\" src=\"https:\/\/unitel.rs\/yettel\/wp-content\/uploads\/2021\/09\/43543534.jpg\" data-orig-src=\"https:\/\/unitel.rs\/yettel\/wp-content\/uploads\/2021\/09\/43543534.jpg\" alt class=\"lazyload img-responsive wp-image-948\" srcset=\"data:image\/svg+xml,%3Csvg%20xmlns%3D%27http%3A%2F%2Fwww.w3.org%2F2000%2Fsvg%27%20width%3D%271416%27%20height%3D%271184%27%20viewBox%3D%270%200%201416%201184%27%3E%3Crect%20width%3D%271416%27%20height%3D%271184%27%20fill-opacity%3D%220%22%2F%3E%3C%2Fsvg%3E\" data-srcset=\"https:\/\/unitel.rs\/yettel\/wp-content\/uploads\/2021\/09\/43543534-200x167.jpg 200w, https:\/\/unitel.rs\/yettel\/wp-content\/uploads\/2021\/09\/43543534-400x334.jpg 400w, https:\/\/unitel.rs\/yettel\/wp-content\/uploads\/2021\/09\/43543534-600x502.jpg 600w, https:\/\/unitel.rs\/yettel\/wp-content\/uploads\/2021\/09\/43543534-800x669.jpg 800w, https:\/\/unitel.rs\/yettel\/wp-content\/uploads\/2021\/09\/43543534-1200x1003.jpg 1200w, https:\/\/unitel.rs\/yettel\/wp-content\/uploads\/2021\/09\/43543534.jpg 1416w\" data-sizes=\"auto\" data-orig-sizes=\"(max-width: 1024px) 100vw, (max-width: 640px) 100vw, 600px\" \/><\/a><\/span><\/div><div class=\"fusion-builder-row fusion-builder-row-inner fusion-row fusion-flex-align-items-flex-start fusion-flex-content-wrap\" style=\"width:104% !important;max-width:104% !important;margin-left: calc(-4% \/ 2 );margin-right: calc(-4% \/ 2 );\"><div class=\"fusion-layout-column fusion_builder_column_inner fusion-builder-nested-column-1 fusion_builder_column_inner_1_1 1_1 fusion-flex-column\" style=\"--awb-padding-top:30px;--awb-padding-right:20px;--awb-padding-bottom:30px;--awb-padding-left:20px;--awb-bg-color:#ffffff;--awb-bg-color-hover:#ffffff;--awb-bg-size:cover;--awb-width-large:100%;--awb-margin-top-large:20px;--awb-spacing-right-large:1.92%;--awb-margin-bottom-large:0px;--awb-spacing-left-large:1.92%;--awb-width-medium:100%;--awb-spacing-right-medium:1.92%;--awb-spacing-left-medium:1.92%;--awb-width-small:100%;--awb-spacing-right-small:1.92%;--awb-spacing-left-small:1.92%;\"><div class=\"fusion-column-wrapper fusion-flex-justify-content-flex-start fusion-content-layout-column\"><div class=\"fusion-title title fusion-title-6 fusion-sep-none fusion-title-center fusion-title-text fusion-title-size-three\" style=\"--awb-margin-bottom:10px;\"><h3 class=\"fusion-title-heading title-heading-center fusion-responsive-typography-calculated\" style=\"margin:0;--fontSize:25;line-height:1.5;\">Politika<\/h3><\/div><div class=\"fusion-text fusion-text-5\"><p style=\"text-align: center;\">Politika je takva da podrazumeva po\u0161tovanje svih va\u017ee\u0107ih zakona, pravila i propisa koje je donela Vlada.<\/p>\n<\/div><div class=\"fusion-separator fusion-full-width-sep\" style=\"align-self: center;margin-left: auto;margin-right: auto;margin-bottom:10px;width:100%;\"><\/div><div style=\"text-align:center;\"><a class=\"fusion-button button-flat fusion-button-default-size button-default fusion-button-default button-4 fusion-button-default-span fusion-button-default-type\" style=\"--button_text_transform:uppercase;\" target=\"_blank\" rel=\"noopener noreferrer\" href=\"https:\/\/unitel.rs\/yettel\/sindikat-unitel-2\/poslovna-praksa\/\"><span class=\"fusion-button-text awb-button__text awb-button__text--default\">Vi\u0161e<\/span><\/a><\/div><\/div><\/div><\/div><\/div><\/div><div class=\"fusion-layout-column fusion_builder_column fusion-builder-column-9 fusion_builder_column_1_2 1_2 fusion-flex-column fusion-animated\" style=\"--awb-padding-top:20px;--awb-padding-right:20px;--awb-padding-bottom:20px;--awb-padding-left:20px;--awb-bg-color:#f2f5f8;--awb-bg-color-hover:#f2f5f8;--awb-bg-size:cover;--awb-width-large:50%;--awb-margin-top-large:0px;--awb-spacing-right-large:3.84%;--awb-margin-bottom-large:40px;--awb-spacing-left-large:3.84%;--awb-width-medium:100%;--awb-spacing-right-medium:1.92%;--awb-spacing-left-medium:1.92%;--awb-width-small:100%;--awb-spacing-right-small:1.92%;--awb-spacing-left-small:1.92%;\" data-animationType=\"fadeInRight\" data-animationDuration=\"0.6\" data-animationOffset=\"top-into-view\"><div class=\"fusion-column-wrapper fusion-flex-justify-content-flex-start fusion-content-layout-column\"><div class=\"fusion-image-element \" style=\"text-align:center;--awb-caption-title-font-family:var(--h2_typography-font-family);--awb-caption-title-font-weight:var(--h2_typography-font-weight);--awb-caption-title-font-style:var(--h2_typography-font-style);--awb-caption-title-size:var(--h2_typography-font-size);--awb-caption-title-transform:var(--h2_typography-text-transform);--awb-caption-title-line-height:var(--h2_typography-line-height);--awb-caption-title-letter-spacing:var(--h2_typography-letter-spacing);\"><span class=\" fusion-imageframe imageframe-none imageframe-4 hover-type-zoomin\"><a class=\"fusion-no-lightbox\" href=\"https:\/\/unitel.rs\/yettel\/sindikat-unitel-2\/15-godina-sindikata\/\" target=\"_self\" aria-label=\"34554535\"><img decoding=\"async\" width=\"1416\" height=\"1184\" src=\"https:\/\/unitel.rs\/yettel\/wp-content\/uploads\/2021\/09\/34554535.jpg\" data-orig-src=\"https:\/\/unitel.rs\/yettel\/wp-content\/uploads\/2021\/09\/34554535.jpg\" alt class=\"lazyload img-responsive wp-image-949\" srcset=\"data:image\/svg+xml,%3Csvg%20xmlns%3D%27http%3A%2F%2Fwww.w3.org%2F2000%2Fsvg%27%20width%3D%271416%27%20height%3D%271184%27%20viewBox%3D%270%200%201416%201184%27%3E%3Crect%20width%3D%271416%27%20height%3D%271184%27%20fill-opacity%3D%220%22%2F%3E%3C%2Fsvg%3E\" data-srcset=\"https:\/\/unitel.rs\/yettel\/wp-content\/uploads\/2021\/09\/34554535-200x167.jpg 200w, https:\/\/unitel.rs\/yettel\/wp-content\/uploads\/2021\/09\/34554535-400x334.jpg 400w, https:\/\/unitel.rs\/yettel\/wp-content\/uploads\/2021\/09\/34554535-600x502.jpg 600w, https:\/\/unitel.rs\/yettel\/wp-content\/uploads\/2021\/09\/34554535-800x669.jpg 800w, https:\/\/unitel.rs\/yettel\/wp-content\/uploads\/2021\/09\/34554535-1200x1003.jpg 1200w, https:\/\/unitel.rs\/yettel\/wp-content\/uploads\/2021\/09\/34554535.jpg 1416w\" data-sizes=\"auto\" data-orig-sizes=\"(max-width: 1024px) 100vw, (max-width: 640px) 100vw, 600px\" \/><\/a><\/span><\/div><div class=\"fusion-builder-row fusion-builder-row-inner fusion-row fusion-flex-align-items-flex-start fusion-flex-content-wrap\" style=\"width:104% !important;max-width:104% !important;margin-left: calc(-4% \/ 2 );margin-right: calc(-4% \/ 2 );\"><div class=\"fusion-layout-column fusion_builder_column_inner fusion-builder-nested-column-2 fusion_builder_column_inner_1_1 1_1 fusion-flex-column\" style=\"--awb-padding-top:30px;--awb-padding-right:20px;--awb-padding-bottom:30px;--awb-padding-left:20px;--awb-bg-color:#ffffff;--awb-bg-color-hover:#ffffff;--awb-bg-size:cover;--awb-width-large:100%;--awb-margin-top-large:20px;--awb-spacing-right-large:1.92%;--awb-margin-bottom-large:0px;--awb-spacing-left-large:1.92%;--awb-width-medium:100%;--awb-spacing-right-medium:1.92%;--awb-spacing-left-medium:1.92%;--awb-width-small:100%;--awb-spacing-right-small:1.92%;--awb-spacing-left-small:1.92%;\"><div class=\"fusion-column-wrapper fusion-flex-justify-content-flex-start fusion-content-layout-column\"><div class=\"fusion-title title fusion-title-7 fusion-sep-none fusion-title-center fusion-title-text fusion-title-size-three\" style=\"--awb-margin-bottom:10px;\"><h3 class=\"fusion-title-heading title-heading-center fusion-responsive-typography-calculated\" style=\"margin:0;--fontSize:25;line-height:1.5;\">Sindikat podr\u017eava<\/h3><\/div><div class=\"fusion-text fusion-text-6\" style=\"--awb-text-transform:none;\"><p style=\"text-align: center;\">Sindikat podr\u017eava me\u0111unarodno proklamovana ljudska prava uklju\u010duju\u0107i Deklaraciju Ujedinjenih nacija i konvencije o ljudskim pravima. Svi zaposleni u SINDIKATU UNITEL U KOMPANIJI YETTEL. du\u017eni su da po\u0161tuju \u00a0ljudsko dostojanstvo, privatnost kao i prava svakog pojedinca sa kojim dolaze u kontakt u toku rada i ni na koji na\u010din ne smeju prouzrokovati ili doprineti kr\u0161enju ili spre\u010davanju ostvarivanja ljudskih prava.<\/p>\n<\/div><div class=\"fusion-separator fusion-full-width-sep\" style=\"align-self: center;margin-left: auto;margin-right: auto;margin-bottom:10px;width:100%;\"><\/div><div style=\"text-align:center;\"><a class=\"fusion-button button-flat fusion-button-default-size button-default fusion-button-default button-5 fusion-button-default-span fusion-button-default-type\" style=\"--button_text_transform:uppercase;\" target=\"_blank\" rel=\"noopener noreferrer\" href=\"https:\/\/unitel.rs\/yettel\/sindikat-unitel-2\/15-godina-sindikata\/\"><span class=\"fusion-button-text awb-button__text awb-button__text--default\">Vi\u0161e<\/span><\/a><\/div><\/div><\/div><\/div><\/div><\/div><div class=\"fusion-layout-column fusion_builder_column fusion-builder-column-10 fusion_builder_column_1_2 1_2 fusion-flex-column fusion-animated\" style=\"--awb-padding-top:20px;--awb-padding-right:20px;--awb-padding-bottom:20px;--awb-padding-left:20px;--awb-bg-color:#f2f5f8;--awb-bg-color-hover:#f2f5f8;--awb-bg-size:cover;--awb-width-large:50%;--awb-margin-top-large:0px;--awb-spacing-right-large:3.84%;--awb-margin-bottom-large:40px;--awb-spacing-left-large:3.84%;--awb-width-medium:100%;--awb-spacing-right-medium:1.92%;--awb-spacing-left-medium:1.92%;--awb-width-small:100%;--awb-spacing-right-small:1.92%;--awb-spacing-left-small:1.92%;\" data-animationType=\"fadeInRight\" data-animationDuration=\"0.6\" data-animationOffset=\"top-into-view\"><div class=\"fusion-column-wrapper fusion-flex-justify-content-flex-start fusion-content-layout-column\"><div class=\"fusion-image-element \" style=\"text-align:center;--awb-caption-title-font-family:var(--h2_typography-font-family);--awb-caption-title-font-weight:var(--h2_typography-font-weight);--awb-caption-title-font-style:var(--h2_typography-font-style);--awb-caption-title-size:var(--h2_typography-font-size);--awb-caption-title-transform:var(--h2_typography-text-transform);--awb-caption-title-line-height:var(--h2_typography-line-height);--awb-caption-title-letter-spacing:var(--h2_typography-letter-spacing);\"><span class=\" fusion-imageframe imageframe-none imageframe-5 hover-type-zoomin\"><a class=\"fusion-no-lightbox\" href=\"https:\/\/unitel.rs\/yettel\/sindikat-unitel-2\/pravno-zastupanje-i-pravni-saveti\/\" target=\"_self\" aria-label=\"Pravno zastupanje i pravni saveti\"><img decoding=\"async\" width=\"600\" height=\"502\" src=\"https:\/\/unitel.rs\/yettel\/wp-content\/uploads\/2024\/11\/Pravno-zastupanje-i-pravni-saveti-3.jpg\" data-orig-src=\"https:\/\/unitel.rs\/yettel\/wp-content\/uploads\/2024\/11\/Pravno-zastupanje-i-pravni-saveti-3.jpg\" alt class=\"lazyload img-responsive wp-image-1987\" srcset=\"data:image\/svg+xml,%3Csvg%20xmlns%3D%27http%3A%2F%2Fwww.w3.org%2F2000%2Fsvg%27%20width%3D%27600%27%20height%3D%27502%27%20viewBox%3D%270%200%20600%20502%27%3E%3Crect%20width%3D%27600%27%20height%3D%27502%27%20fill-opacity%3D%220%22%2F%3E%3C%2Fsvg%3E\" data-srcset=\"https:\/\/unitel.rs\/yettel\/wp-content\/uploads\/2024\/11\/Pravno-zastupanje-i-pravni-saveti-3-200x167.jpg 200w, https:\/\/unitel.rs\/yettel\/wp-content\/uploads\/2024\/11\/Pravno-zastupanje-i-pravni-saveti-3-400x335.jpg 400w, https:\/\/unitel.rs\/yettel\/wp-content\/uploads\/2024\/11\/Pravno-zastupanje-i-pravni-saveti-3.jpg 600w\" data-sizes=\"auto\" data-orig-sizes=\"(max-width: 1024px) 100vw, (max-width: 640px) 100vw, 600px\" \/><\/a><\/span><\/div><div class=\"fusion-builder-row fusion-builder-row-inner fusion-row fusion-flex-align-items-flex-start fusion-flex-content-wrap\" style=\"width:104% !important;max-width:104% !important;margin-left: calc(-4% \/ 2 );margin-right: calc(-4% \/ 2 );\"><div class=\"fusion-layout-column fusion_builder_column_inner fusion-builder-nested-column-3 fusion_builder_column_inner_1_1 1_1 fusion-flex-column\" style=\"--awb-padding-top:30px;--awb-padding-right:20px;--awb-padding-bottom:30px;--awb-padding-left:20px;--awb-bg-color:#ffffff;--awb-bg-color-hover:#ffffff;--awb-bg-size:cover;--awb-width-large:100%;--awb-margin-top-large:20px;--awb-spacing-right-large:1.92%;--awb-margin-bottom-large:0px;--awb-spacing-left-large:1.92%;--awb-width-medium:100%;--awb-spacing-right-medium:1.92%;--awb-spacing-left-medium:1.92%;--awb-width-small:100%;--awb-spacing-right-small:1.92%;--awb-spacing-left-small:1.92%;\"><div class=\"fusion-column-wrapper fusion-flex-justify-content-flex-start fusion-content-layout-column\"><div class=\"fusion-title title fusion-title-8 fusion-sep-none fusion-title-center fusion-title-text fusion-title-size-three\" style=\"--awb-margin-bottom:10px;\"><h3 class=\"fusion-title-heading title-heading-center fusion-responsive-typography-calculated\" style=\"margin:0;--fontSize:25;line-height:1.5;\"><p style=\"text-align: center;\">Pravno zastupanje i pravni saveti<\/p><\/h3><\/div><div class=\"fusion-text fusion-text-7\" style=\"--awb-text-transform:none;\"><p style=\"text-align: center;\">Granski Sindikat Uni Tel, sklopio je Ugovor o poslovno tehni\u010dkoj saradnji sa uglednom advokatskom kancelarijom adv. &amp; Cancarevi\u0107<\/p>\n<\/div><div class=\"fusion-separator fusion-full-width-sep\" style=\"align-self: center;margin-left: auto;margin-right: auto;margin-bottom:10px;width:100%;\"><\/div><div style=\"text-align:center;\"><a class=\"fusion-button button-flat fusion-button-default-size button-default fusion-button-default button-6 fusion-button-default-span fusion-button-default-type\" style=\"--button_text_transform:uppercase;\" target=\"_blank\" rel=\"noopener noreferrer\" href=\"https:\/\/unitel.rs\/yettel\/sindikat-unitel-2\/pravno-zastupanje-i-pravni-saveti\/\"><span class=\"fusion-button-text awb-button__text awb-button__text--default\">Vi\u0161e<\/span><\/a><\/div><\/div><\/div><\/div><\/div><\/div><\/div><\/div><div class=\"fusion-fullwidth fullwidth-box fusion-builder-row-7 fusion-flex-container nonhundred-percent-fullwidth non-hundred-percent-height-scrolling\" style=\"--awb-background-position:left top;--awb-border-radius-top-left:0px;--awb-border-radius-top-right:0px;--awb-border-radius-bottom-right:0px;--awb-border-radius-bottom-left:0px;--awb-padding-top:7%;--awb-padding-bottom:7%;--awb-flex-wrap:wrap;\" ><div class=\"fusion-builder-row fusion-row fusion-flex-align-items-flex-start fusion-flex-content-wrap\" style=\"max-width:1352px;margin-left: calc(-4% \/ 2 );margin-right: calc(-4% \/ 2 );\"><div class=\"fusion-layout-column fusion_builder_column fusion-builder-column-11 fusion_builder_column_1_1 1_1 fusion-flex-column\" style=\"--awb-padding-top:40px;--awb-bg-blend:overlay;--awb-bg-size:cover;--awb-width-large:100%;--awb-margin-top-large:0px;--awb-spacing-right-large:1.92%;--awb-margin-bottom-large:20px;--awb-spacing-left-large:1.92%;--awb-width-medium:100%;--awb-spacing-right-medium:1.92%;--awb-spacing-left-medium:1.92%;--awb-width-small:100%;--awb-spacing-right-small:1.92%;--awb-spacing-left-small:1.92%;\"><div class=\"fusion-column-wrapper fusion-flex-justify-content-flex-start fusion-content-layout-column\"><div class=\"fusion-separator fusion-full-width-sep\" style=\"align-self: center;margin-left: auto;margin-right: auto;margin-top:-50px;margin-bottom:-50px;width:100%;\"><\/div><div class=\"fusion-title title fusion-title-9 fusion-sep-none fusion-title-center fusion-title-text fusion-title-size-two\"><h2 class=\"fusion-title-heading title-heading-center fusion-responsive-typography-calculated\" style=\"margin:0;--fontSize:30;line-height:1.2;\">NOVOSTI<\/h2><\/div><div class=\"fusion-separator fusion-full-width-sep\" style=\"align-self: center;margin-left: auto;margin-right: auto;margin-top:20px;margin-bottom:20px;width:100%;\"><\/div><div class=\"fusion-blog-shortcode fusion-blog-shortcode-1 fusion-blog-archive fusion-blog-layout-grid-wrapper fusion-blog-no\"><style type=\"text\/css\">.fusion-blog-shortcode-1 .fusion-blog-layout-grid .fusion-post-grid{padding:20px;}.fusion-blog-shortcode-1 .fusion-posts-container{margin-left: -20px !important; margin-right:-20px !important;}<\/style><div class=\"fusion-posts-container fusion-posts-container-no fusion-no-meta-info fusion-blog-rollover fusion-blog-layout-grid fusion-blog-layout-grid-3 isotope fusion-blog-equal-heights\" data-pages=\"27\" data-grid-col-space=\"40\" style=\"margin: -20px -20px 0;min-height:500px;\"><article id=\"blog-1-post-2124\" class=\"fusion-post-grid post-2124 post type-post status-publish format-standard has-post-thumbnail hentry category-novosti\">\n<div class=\"fusion-post-wrapper\" style=\"background-color:rgba(255,255,255,0);border:1px solid #e5e5e5;border-bottom-width:3px;\">\n\n\t\t\t<div class=\"fusion-flexslider flexslider fusion-flexslider-loading fusion-post-slideshow\" style=\"border-color:#e5e5e5;\">\n\t\t<ul class=\"slides\">\n\t\t\t\n\t\t\t\t\t\t\t\t\t\t\t\t\t\t<li><div  class=\"fusion-image-wrapper\" aria-haspopup=\"true\">\n\t\t\t\t<img decoding=\"async\" width=\"612\" height=\"408\" src=\"https:\/\/unitel.rs\/yettel\/wp-content\/uploads\/2026\/09\/4.jpg\" class=\"attachment-full size-full lazyload wp-post-image\" alt=\"\" srcset=\"data:image\/svg+xml,%3Csvg%20xmlns%3D%27http%3A%2F%2Fwww.w3.org%2F2000%2Fsvg%27%20width%3D%27612%27%20height%3D%27408%27%20viewBox%3D%270%200%20612%20408%27%3E%3Crect%20width%3D%27612%27%20height%3D%27408%27%20fill-opacity%3D%220%22%2F%3E%3C%2Fsvg%3E\" data-orig-src=\"https:\/\/unitel.rs\/yettel\/wp-content\/uploads\/2026\/09\/4.jpg\" data-srcset=\"https:\/\/unitel.rs\/yettel\/wp-content\/uploads\/2026\/09\/4-200x133.jpg 200w, https:\/\/unitel.rs\/yettel\/wp-content\/uploads\/2026\/09\/4-400x267.jpg 400w, https:\/\/unitel.rs\/yettel\/wp-content\/uploads\/2026\/09\/4-600x400.jpg 600w, https:\/\/unitel.rs\/yettel\/wp-content\/uploads\/2026\/09\/4.jpg 612w\" data-sizes=\"auto\" \/><div class=\"fusion-rollover\">\n\t<div class=\"fusion-rollover-content\">\n\n\t\t\t\t\t\t\t\t\t\t\t\t\t\t<a class=\"fusion-rollover-link\" href=\"https:\/\/unitel.rs\/yettel\/uspeli-smo-zajednica-zaposlenih-je-dostigla-zakonsku-reprezentativnost\/\">Uspeli smo, Zajednica zaposlenih je dostigla zakonsku reprezentativnost!<\/a>\n\t\t\t\n\t\t\t\t\t\t\t\t\n\t\t\n\t\t\t\t\t\t\t\t\n\t\t\t\t\t\t\t\t\n\t\t\n\t\t\t\t\t\t<a class=\"fusion-link-wrapper\" href=\"https:\/\/unitel.rs\/yettel\/uspeli-smo-zajednica-zaposlenih-je-dostigla-zakonsku-reprezentativnost\/\" aria-label=\"Uspeli smo, Zajednica zaposlenih je dostigla zakonsku reprezentativnost!\"><\/a>\n\t<\/div>\n<\/div>\n<\/div>\n<\/li>\n\t\t\t\n\t\t\t\n\t\t\t\t\t\t\t\t\t\t\t\t\t\t\t\t\t\t\t\t\t\t\t\t\t\t\t\t\t\t\t\t\t\t\t\t\t\t\t\t\t\t\t\t\t\t\t\t\t\t\t\t\t\t\t\t\t\t\t\t\t\t\t\t\t\t\t\t<\/ul>\n\t<\/div>\n\t<div class=\"fusion-post-content-wrapper\" style=\"padding:30px 25px 20px 25px;\"><div class=\"fusion-post-content post-content\"><h2 class=\"blog-shortcode-post-title entry-title\"><a href=\"https:\/\/unitel.rs\/yettel\/uspeli-smo-zajednica-zaposlenih-je-dostigla-zakonsku-reprezentativnost\/\">Uspeli smo, Zajednica zaposlenih je dostigla zakonsku reprezentativnost!<\/a><\/h2><div class=\"fusion-post-content-container\"><p> Uspeli smo, Zajednica zaposlenih je dostigla zakonsku reprezentativnost! Danas Sindikat broji 535 \u010dlanova, odnosno 15,2% zaposlenih koji se uzimaju u obzir za utvr\u0111ivanje reprezentativnosti. Time smo ostvarili prvi i najva\u017eniji cilj koji smo postavili pred po\u010detak procesa u vezi sa Kolektivnim ugovorom. Ovo nije samo procenat. 535 koleginica i kolega svojim \u010dlanstvom obezbedilo je uslov da Sindikat mo\u017ee da<\/p><\/div><\/div><\/div><div class=\"fusion-clearfix\"><\/div><\/div>\n<\/article>\n<article id=\"blog-1-post-2120\" class=\"fusion-post-grid post-2120 post type-post status-publish format-standard has-post-thumbnail hentry category-novosti\">\n<div class=\"fusion-post-wrapper\" style=\"background-color:rgba(255,255,255,0);border:1px solid #e5e5e5;border-bottom-width:3px;\">\n\n\t\t\t<div class=\"fusion-flexslider flexslider fusion-flexslider-loading fusion-post-slideshow\" style=\"border-color:#e5e5e5;\">\n\t\t<ul class=\"slides\">\n\t\t\t\n\t\t\t\t\t\t\t\t\t\t\t\t\t\t<li><div  class=\"fusion-image-wrapper\" aria-haspopup=\"true\">\n\t\t\t\t<img decoding=\"async\" width=\"960\" height=\"945\" src=\"https:\/\/unitel.rs\/yettel\/wp-content\/uploads\/2026\/08\/2-1.jpg\" class=\"attachment-full size-full lazyload wp-post-image\" alt=\"\" srcset=\"data:image\/svg+xml,%3Csvg%20xmlns%3D%27http%3A%2F%2Fwww.w3.org%2F2000%2Fsvg%27%20width%3D%27960%27%20height%3D%27945%27%20viewBox%3D%270%200%20960%20945%27%3E%3Crect%20width%3D%27960%27%20height%3D%27945%27%20fill-opacity%3D%220%22%2F%3E%3C%2Fsvg%3E\" data-orig-src=\"https:\/\/unitel.rs\/yettel\/wp-content\/uploads\/2026\/08\/2-1.jpg\" data-srcset=\"https:\/\/unitel.rs\/yettel\/wp-content\/uploads\/2026\/08\/2-1-200x197.jpg 200w, https:\/\/unitel.rs\/yettel\/wp-content\/uploads\/2026\/08\/2-1-400x394.jpg 400w, https:\/\/unitel.rs\/yettel\/wp-content\/uploads\/2026\/08\/2-1-600x591.jpg 600w, https:\/\/unitel.rs\/yettel\/wp-content\/uploads\/2026\/08\/2-1-800x788.jpg 800w, https:\/\/unitel.rs\/yettel\/wp-content\/uploads\/2026\/08\/2-1.jpg 960w\" data-sizes=\"auto\" \/><div class=\"fusion-rollover\">\n\t<div class=\"fusion-rollover-content\">\n\n\t\t\t\t\t\t\t\t\t\t\t\t\t\t<a class=\"fusion-rollover-link\" href=\"https:\/\/unitel.rs\/yettel\/aleksandra-je-dobro-hvala-svima-koji-su-bili-uz-nju\/\">Aleksandra je dobro \u2013 hvala svima koji su bili uz nju<\/a>\n\t\t\t\n\t\t\t\t\t\t\t\t\n\t\t\n\t\t\t\t\t\t\t\t\n\t\t\t\t\t\t\t\t\n\t\t\n\t\t\t\t\t\t<a class=\"fusion-link-wrapper\" href=\"https:\/\/unitel.rs\/yettel\/aleksandra-je-dobro-hvala-svima-koji-su-bili-uz-nju\/\" aria-label=\"Aleksandra je dobro \u2013 hvala svima koji su bili uz nju\"><\/a>\n\t<\/div>\n<\/div>\n<\/div>\n<\/li>\n\t\t\t\n\t\t\t\n\t\t\t\t\t\t\t\t\t\t\t\t\t\t\t\t\t\t\t\t\t\t\t\t\t\t\t\t\t\t\t\t\t\t\t\t\t\t\t\t\t\t\t\t\t\t\t\t\t\t\t\t\t\t\t\t\t\t\t\t\t\t\t\t\t\t\t\t<\/ul>\n\t<\/div>\n\t<div class=\"fusion-post-content-wrapper\" style=\"padding:30px 25px 20px 25px;\"><div class=\"fusion-post-content post-content\"><h2 class=\"blog-shortcode-post-title entry-title\"><a href=\"https:\/\/unitel.rs\/yettel\/aleksandra-je-dobro-hvala-svima-koji-su-bili-uz-nju\/\">Aleksandra je dobro \u2013 hvala svima koji su bili uz nju<\/a><\/h2><div class=\"fusion-post-content-container\"><p> Aleksandra je dobro \u2013 hvala svima koji su bili uz nju Humanitarna akcija za pomo\u0107 na\u0161oj koleginici Aleksandri, koju smo zajedno pokrenuli sredinom maja, zavr\u0161ena je po\u010detkom avgusta. Akcija je jo\u0161 jednom pokazala koliko mo\u017eemo kada se okupimo oko zajedni\u010dkog cilja. Pored \u010dlanova Sindikata, uklju\u010dile su se koleginice i kolege iz Yettela, a akciji su se pridru\u017eili i zaposleni<\/p><\/div><\/div><\/div><div class=\"fusion-clearfix\"><\/div><\/div>\n<\/article>\n<article id=\"blog-1-post-2113\" class=\"fusion-post-grid post-2113 post type-post status-publish format-standard has-post-thumbnail hentry category-novosti\">\n<div class=\"fusion-post-wrapper\" style=\"background-color:rgba(255,255,255,0);border:1px solid #e5e5e5;border-bottom-width:3px;\">\n\n\t\t\t<div class=\"fusion-flexslider flexslider fusion-flexslider-loading fusion-post-slideshow\" style=\"border-color:#e5e5e5;\">\n\t\t<ul class=\"slides\">\n\t\t\t\n\t\t\t\t\t\t\t\t\t\t\t\t\t\t<li><div  class=\"fusion-image-wrapper\" aria-haspopup=\"true\">\n\t\t\t\t<img decoding=\"async\" width=\"612\" height=\"327\" src=\"https:\/\/unitel.rs\/yettel\/wp-content\/uploads\/2026\/08\/1.jpg\" class=\"attachment-full size-full lazyload wp-post-image\" alt=\"\" srcset=\"data:image\/svg+xml,%3Csvg%20xmlns%3D%27http%3A%2F%2Fwww.w3.org%2F2000%2Fsvg%27%20width%3D%27612%27%20height%3D%27327%27%20viewBox%3D%270%200%20612%20327%27%3E%3Crect%20width%3D%27612%27%20height%3D%27327%27%20fill-opacity%3D%220%22%2F%3E%3C%2Fsvg%3E\" data-orig-src=\"https:\/\/unitel.rs\/yettel\/wp-content\/uploads\/2026\/08\/1.jpg\" data-srcset=\"https:\/\/unitel.rs\/yettel\/wp-content\/uploads\/2026\/08\/1-200x107.jpg 200w, https:\/\/unitel.rs\/yettel\/wp-content\/uploads\/2026\/08\/1-400x214.jpg 400w, https:\/\/unitel.rs\/yettel\/wp-content\/uploads\/2026\/08\/1-600x321.jpg 600w, https:\/\/unitel.rs\/yettel\/wp-content\/uploads\/2026\/08\/1.jpg 612w\" data-sizes=\"auto\" \/><div class=\"fusion-rollover\">\n\t<div class=\"fusion-rollover-content\">\n\n\t\t\t\t\t\t\t\t\t\t\t\t\t\t<a class=\"fusion-rollover-link\" href=\"https:\/\/unitel.rs\/yettel\/samo-zajedno-mozemo-vise-ti-si-clan-a-ko-je-tvoj-1\/\">Samo zajedno mozemo vise. Ti si \u010dlan, a ko je tvoj +1<\/a>\n\t\t\t\n\t\t\t\t\t\t\t\t\n\t\t\n\t\t\t\t\t\t\t\t\n\t\t\t\t\t\t\t\t\n\t\t\n\t\t\t\t\t\t<a class=\"fusion-link-wrapper\" href=\"https:\/\/unitel.rs\/yettel\/samo-zajedno-mozemo-vise-ti-si-clan-a-ko-je-tvoj-1\/\" aria-label=\"Samo zajedno mozemo vise. Ti si \u010dlan, a ko je tvoj +1\"><\/a>\n\t<\/div>\n<\/div>\n<\/div>\n<\/li>\n\t\t\t\n\t\t\t\n\t\t\t\t\t\t\t\t\t\t\t\t\t\t\t\t\t\t\t\t\t\t\t\t\t\t\t\t\t\t\t\t\t\t\t\t\t\t\t\t\t\t\t\t\t\t\t\t\t\t\t\t\t\t\t\t\t\t\t\t\t\t\t\t\t\t\t\t<\/ul>\n\t<\/div>\n\t<div class=\"fusion-post-content-wrapper\" style=\"padding:30px 25px 20px 25px;\"><div class=\"fusion-post-content post-content\"><h2 class=\"blog-shortcode-post-title entry-title\"><a href=\"https:\/\/unitel.rs\/yettel\/samo-zajedno-mozemo-vise-ti-si-clan-a-ko-je-tvoj-1\/\">Samo zajedno mozemo vise. Ti si \u010dlan, a ko je tvoj +1<\/a><\/h2><div class=\"fusion-post-content-container\"><p> Samo zajedno mozemo vise. Ti si \u010dlan, a ko je tvoj +1? Cak 132 novih koleginica i kolega pridru\u017eilo se zajednici. Danas nas je 476, oko 13% od ukupno 3.627 zaposlenih u Kompaniji. Napravili smo veliki pomak, ali smo i dalje ispod praga reprezentativnosti od 15%, koji nam omogu\u0107ava da pregovaramo i potpi\u0161emo Kolektivni ugovor. Potrebno je da nam<\/p><\/div><\/div><\/div><div class=\"fusion-clearfix\"><\/div><\/div>\n<\/article>\n<div class=\"fusion-clearfix\"><\/div><\/div><\/div><\/div><\/div><\/div><\/div><div class=\"fusion-fullwidth fullwidth-box fusion-builder-row-8 fusion-flex-container fusion-parallax-none nonhundred-percent-fullwidth non-hundred-percent-height-scrolling lazyload\" style=\"--awb-background-position:left top;--awb-border-radius-top-left:0px;--awb-border-radius-top-right:0px;--awb-border-radius-bottom-right:0px;--awb-border-radius-bottom-left:0px;--awb-padding-top:7%;--awb-padding-bottom:7%;--awb-background-size:cover;--awb-flex-wrap:wrap;\" data-bg=\"https:\/\/unitel.rs\/yettel\/wp-content\/uploads\/2021\/10\/Obavestenja.jpg\" ><div class=\"fusion-builder-row fusion-row fusion-flex-align-items-flex-start fusion-flex-content-wrap\" style=\"max-width:1352px;margin-left: calc(-4% \/ 2 );margin-right: calc(-4% \/ 2 );\"><div class=\"fusion-layout-column fusion_builder_column fusion-builder-column-12 fusion_builder_column_1_2 1_2 fusion-flex-column fusion-animated\" style=\"--awb-padding-top:40px;--awb-padding-right:40px;--awb-padding-bottom:40px;--awb-padding-left:40px;--awb-bg-color:#6abf16;--awb-bg-color-hover:#6abf16;--awb-bg-size:cover;--awb-border-color:#5aa510;--awb-border-top:15px;--awb-border-right:15px;--awb-border-bottom:15px;--awb-border-left:15px;--awb-border-style:solid;--awb-width-large:50%;--awb-margin-top-large:40px;--awb-spacing-right-large:3.84%;--awb-margin-bottom-large:40px;--awb-spacing-left-large:3.84%;--awb-width-medium:100%;--awb-spacing-right-medium:1.92%;--awb-spacing-left-medium:1.92%;--awb-width-small:100%;--awb-spacing-right-small:1.92%;--awb-spacing-left-small:1.92%;\" data-animationType=\"slideInRight\" data-animationDuration=\"0.6\" data-animationOffset=\"top-into-view\"><div class=\"fusion-column-wrapper fusion-flex-justify-content-flex-start fusion-content-layout-column\"><div class=\"fusion-title title fusion-title-10 fusion-sep-none fusion-title-center fusion-title-text fusion-title-size-six\" style=\"--awb-margin-bottom:10px;\"><h6 class=\"fusion-title-heading title-heading-center fusion-responsive-typography-calculated\" style=\"margin:0;--fontSize:16;--minFontSize:16;line-height:1.5;\"><p style=\"text-align: center;\"><span style=\"color: #ffffff;\">UDRU\u017dENI SINDIKAT<br \/>\n<\/span><\/p><\/h6><\/div><div class=\"fusion-title title fusion-title-11 fusion-sep-none fusion-title-center fusion-title-text fusion-title-size-two\" style=\"--awb-margin-bottom:10px;\"><h2 class=\"fusion-title-heading title-heading-center fusion-responsive-typography-calculated\" style=\"margin:0;--fontSize:30;line-height:1.2;\"><span style=\"color: #ffffff;\">OSNOVNI CILJEVI I PLANOVI SINDIKATA<\/h2><\/div><div class=\"fusion-separator\" style=\"align-self: center;margin-left: auto;margin-right: auto;margin-top:10px;margin-bottom:30px;width:100%;max-width:70%;\"><div class=\"fusion-separator-border sep-single sep-solid\" style=\"--awb-height:20px;--awb-amount:20px;--awb-sep-color:#93f236;border-color:#93f236;border-top-width:1px;\"><\/div><\/div><div class=\"fusion-text fusion-text-8\" style=\"--awb-text-transform:none;\"><p>\u00a0<\/span><\/p>\n<p style=\"text-align: center;\"><span style=\"color: #ffffff;\"> Za\u0161tita prava i interesa zaposlenih u skladu sa zakonom i drugim pravnim aktima. Efikasno ostvarivanje zajedni\u010dkih i pojedina\u010dnih interesa \u010dlanova Sindikata.Pobolj\u0161anje materijalnog i socijalnog statusa zaposlenih, tolerancija. Za\u0161tita ekonomskih, socijalnih, radnih, kulturnih, sindikalnih i drugih prava i sloboda.<\/span><\/p>\n<\/div><div class=\"fusion-separator\" style=\"align-self: center;margin-left: auto;margin-right: auto;margin-top:10px;margin-bottom:10px;width:100%;max-width:70%;\"><\/div><div style=\"text-align:center;\"><a class=\"fusion-button button-flat button-xlarge button-default fusion-button-default button-7 fusion-button-default-span fusion-button-default-type\" style=\"--button_text_transform:uppercase;\" target=\"_self\" href=\"https:\/\/unitel.rs\/yettel\/udruzeni-sindikat-telenor\/osnovni-ciljevi-i-planovi-sindikata\/\"><span class=\"fusion-button-text awb-button__text awb-button__text--default\">Vi\u0161e<\/span><\/a><\/div><\/div><\/div><div class=\"fusion-layout-column fusion_builder_column fusion-builder-column-13 fusion_builder_column_1_2 1_2 fusion-flex-column fusion-no-small-visibility\" style=\"--awb-bg-blend:overlay;--awb-bg-size:cover;--awb-width-large:50%;--awb-margin-top-large:0px;--awb-spacing-right-large:3.84%;--awb-margin-bottom-large:20px;--awb-spacing-left-large:3.84%;--awb-width-medium:100%;--awb-spacing-right-medium:1.92%;--awb-spacing-left-medium:1.92%;--awb-width-small:100%;--awb-spacing-right-small:1.92%;--awb-spacing-left-small:1.92%;\"><div class=\"fusion-column-wrapper fusion-flex-justify-content-flex-start fusion-content-layout-column\"><\/div><\/div><\/div><\/div><div class=\"fusion-bg-parallax\" data-bg-align=\"center top\" data-direction=\"up\" data-mute=\"false\" data-opacity=\"100\" data-velocity=\"-0.3\" data-mobile-enabled=\"false\" data-break_parents=\"0\" data-bg-image=\"https:\/\/unitel.rs\/telenor\/wp-content\/uploads\/2018\/06\/avada-movers-testimonial-background.jpg\" data-bg-repeat=\"false\" ><\/div><div class=\"fusion-fullwidth fullwidth-box fusion-builder-row-9 fusion-flex-container fusion-parallax-up nonhundred-percent-fullwidth non-hundred-percent-height-scrolling lazyload\" style=\"--awb-background-position:center top;--awb-border-radius-top-left:0px;--awb-border-radius-top-right:0px;--awb-border-radius-bottom-right:0px;--awb-border-radius-bottom-left:0px;--awb-padding-top:7%;--awb-padding-bottom:7%;--awb-background-size:cover;--awb-flex-wrap:wrap;\" data-bg=\"https:\/\/unitel.rs\/telenor\/wp-content\/uploads\/2018\/06\/avada-movers-testimonial-background.jpg\" ><div class=\"fusion-builder-row fusion-row fusion-flex-align-items-flex-start fusion-flex-content-wrap\" style=\"max-width:1352px;margin-left: calc(-4% \/ 2 );margin-right: calc(-4% \/ 2 );\"><div class=\"fusion-layout-column fusion_builder_column fusion-builder-column-14 fusion_builder_column_1_1 1_1 fusion-flex-column\" style=\"--awb-padding-top:40px;--awb-bg-blend:overlay;--awb-bg-size:cover;--awb-width-large:100%;--awb-margin-top-large:0px;--awb-spacing-right-large:1.92%;--awb-margin-bottom-large:20px;--awb-spacing-left-large:1.92%;--awb-width-medium:100%;--awb-spacing-right-medium:1.92%;--awb-spacing-left-medium:1.92%;--awb-width-small:100%;--awb-spacing-right-small:1.92%;--awb-spacing-left-small:1.92%;\"><div class=\"fusion-column-wrapper fusion-flex-justify-content-flex-start fusion-content-layout-column\"><div class=\"fusion-title title fusion-title-12 fusion-sep-none fusion-title-center fusion-title-text fusion-title-size-six\" style=\"--awb-margin-bottom:10px;\"><h6 class=\"fusion-title-heading title-heading-center fusion-responsive-typography-calculated\" style=\"margin:0;--fontSize:16;--minFontSize:16;line-height:1.5;\"><\/h6><\/div><div class=\"fusion-title title fusion-title-13 fusion-sep-none fusion-title-center fusion-title-text fusion-title-size-two\"><h2 class=\"fusion-title-heading title-heading-center fusion-responsive-typography-calculated\" style=\"margin:0;--fontSize:30;line-height:1.2;\"><p style=\"text-align: center;\">Na\u0161a iskustva<\/p><\/h2><\/div><\/div><\/div><div class=\"fusion-layout-column fusion_builder_column fusion-builder-column-15 fusion_builder_column_1_3 1_3 fusion-flex-column fusion-animated\" style=\"--awb-bg-blend:overlay;--awb-bg-size:cover;--awb-width-large:33.333333333333%;--awb-margin-top-large:0px;--awb-spacing-right-large:5.76%;--awb-margin-bottom-large:20px;--awb-spacing-left-large:5.76%;--awb-width-medium:100%;--awb-spacing-right-medium:1.92%;--awb-spacing-left-medium:1.92%;--awb-width-small:100%;--awb-spacing-right-small:1.92%;--awb-spacing-left-small:1.92%;\" data-animationType=\"slideInLeft\" data-animationDuration=\"0.6\" data-animationOffset=\"top-into-view\"><div class=\"fusion-column-wrapper fusion-flex-justify-content-flex-start fusion-content-layout-column\"><div class=\"fusion-image-element \" style=\"text-align:center;--awb-max-width:150px;--awb-caption-title-font-family:var(--h2_typography-font-family);--awb-caption-title-font-weight:var(--h2_typography-font-weight);--awb-caption-title-font-style:var(--h2_typography-font-style);--awb-caption-title-size:var(--h2_typography-font-size);--awb-caption-title-transform:var(--h2_typography-text-transform);--awb-caption-title-line-height:var(--h2_typography-line-height);--awb-caption-title-letter-spacing:var(--h2_typography-letter-spacing);\"><span class=\" fusion-imageframe imageframe-none imageframe-6 hover-type-none\" style=\"border-radius:100px;\"><img decoding=\"async\" width=\"800\" height=\"800\" title=\"Marija Beri\u0107\" src=\"https:\/\/unitel.rs\/yettel\/wp-content\/uploads\/2021\/10\/Marija-Beric.jpg\" data-orig-src=\"https:\/\/unitel.rs\/yettel\/wp-content\/uploads\/2021\/10\/Marija-Beric.jpg\" alt class=\"lazyload img-responsive wp-image-1430\" srcset=\"data:image\/svg+xml,%3Csvg%20xmlns%3D%27http%3A%2F%2Fwww.w3.org%2F2000%2Fsvg%27%20width%3D%27800%27%20height%3D%27800%27%20viewBox%3D%270%200%20800%20800%27%3E%3Crect%20width%3D%27800%27%20height%3D%27800%27%20fill-opacity%3D%220%22%2F%3E%3C%2Fsvg%3E\" data-srcset=\"https:\/\/unitel.rs\/yettel\/wp-content\/uploads\/2021\/10\/Marija-Beric-200x200.jpg 200w, https:\/\/unitel.rs\/yettel\/wp-content\/uploads\/2021\/10\/Marija-Beric-400x400.jpg 400w, https:\/\/unitel.rs\/yettel\/wp-content\/uploads\/2021\/10\/Marija-Beric-600x600.jpg 600w, https:\/\/unitel.rs\/yettel\/wp-content\/uploads\/2021\/10\/Marija-Beric.jpg 800w\" data-sizes=\"auto\" data-orig-sizes=\"(max-width: 1024px) 100vw, (max-width: 640px) 100vw, 400px\" \/><\/span><\/div><div class=\"fusion-separator fusion-full-width-sep\" style=\"align-self: center;margin-left: auto;margin-right: auto;margin-top:15px;margin-bottom:15px;width:100%;\"><\/div><div class=\"fusion-title title fusion-title-14 fusion-sep-none fusion-title-center fusion-title-text fusion-title-size-three\"><h3 class=\"fusion-title-heading title-heading-center fusion-responsive-typography-calculated\" style=\"margin:0;--fontSize:25;line-height:1.5;\"><p style=\"text-align: center;\">Marija Beri\u0107<\/p><\/h3><\/div><div class=\"fusion-text fusion-text-9\"><p style=\"text-align: center;\"><em>\u201cTelenor\u00a0ima ovla\u0161\u0107eno lice iz Sourcing tima koje vodi osiguranje\u00a0i odmah posle obave\u0161tenju istog\u00a0zaposleni \u0107e biti upu\u0107en u dalju proceduru i kona\u010dno ostvarivanje prava navedenih u polisi osiguranja. Posle obave\u0161tavanja osiguravaju\u0107e ku\u0107e o nastupanju osiguranog slu\u010daja, Osiguravaju\u0107a ku\u0107a procenjuje da li je takav slu\u010daj u domenu polise osiguranja..\u201d<\/em><\/p>\n<\/div><\/div><\/div><div class=\"fusion-layout-column fusion_builder_column fusion-builder-column-16 fusion_builder_column_1_3 1_3 fusion-flex-column fusion-animated\" style=\"--awb-bg-blend:overlay;--awb-bg-size:cover;--awb-width-large:33.333333333333%;--awb-margin-top-large:0px;--awb-spacing-right-large:5.76%;--awb-margin-bottom-large:20px;--awb-spacing-left-large:5.76%;--awb-width-medium:100%;--awb-spacing-right-medium:1.92%;--awb-spacing-left-medium:1.92%;--awb-width-small:100%;--awb-spacing-right-small:1.92%;--awb-spacing-left-small:1.92%;\" data-animationType=\"slideInDown\" data-animationDuration=\"0.6\" data-animationOffset=\"top-into-view\"><div class=\"fusion-column-wrapper fusion-flex-justify-content-flex-start fusion-content-layout-column\"><div class=\"fusion-image-element \" style=\"text-align:center;--awb-max-width:150px;--awb-caption-title-font-family:var(--h2_typography-font-family);--awb-caption-title-font-weight:var(--h2_typography-font-weight);--awb-caption-title-font-style:var(--h2_typography-font-style);--awb-caption-title-size:var(--h2_typography-font-size);--awb-caption-title-transform:var(--h2_typography-text-transform);--awb-caption-title-line-height:var(--h2_typography-line-height);--awb-caption-title-letter-spacing:var(--h2_typography-letter-spacing);\"><span class=\" fusion-imageframe imageframe-none imageframe-7 hover-type-none\" style=\"border-radius:100px;\"><img decoding=\"async\" width=\"150\" height=\"135\" title=\"dejan.roganovic\" src=\"data:image\/svg+xml,%3Csvg%20xmlns%3D%27http%3A%2F%2Fwww.w3.org%2F2000%2Fsvg%27%20width%3D%27150%27%20height%3D%27135%27%20viewBox%3D%270%200%20150%20135%27%3E%3Crect%20width%3D%27150%27%20height%3D%27135%27%20fill-opacity%3D%220%22%2F%3E%3C%2Fsvg%3E\" data-orig-src=\"https:\/\/unitel.rs\/yettel\/wp-content\/uploads\/2021\/09\/dejan.roganovic.png\" alt class=\"lazyload img-responsive wp-image-911\"\/><\/span><\/div><div class=\"fusion-separator fusion-full-width-sep\" style=\"align-self: center;margin-left: auto;margin-right: auto;margin-top:15px;margin-bottom:15px;width:100%;\"><\/div><div class=\"fusion-title title fusion-title-15 fusion-sep-none fusion-title-center fusion-title-text fusion-title-size-three\"><h3 class=\"fusion-title-heading title-heading-center fusion-responsive-typography-calculated\" style=\"margin:0;--fontSize:25;line-height:1.5;\"><p style=\"text-align: center;\">Dejan Roganovi\u0107<\/p><\/h3><\/div><div class=\"fusion-text fusion-text-10\"><div class=\"WordSection1\" style=\"text-align: center;\">\n<p><em>Ime <b>\u201e<span style=\"color: #00b0f0;\">Sindikat\u201c<\/span><\/b> recidiv je pro\u0161losti. Vezujemo ga za neko vreme koje iz ove perspektive i nije bilo tako lo\u0161e.<b><span style=\"font-size: 12pt; color: #00b0f0;\">Da li ga se stidimo? <\/span><\/b>Izme\u0111u soc sindikata i sindikata u razvijenim sistemima zapada velika je razlika. Neka mla\u0111e kolege, dok ovo \u010ditaju znaju da smo samim zaposlenjem u preduze\u0107u, ve\u0107 bili \u010dlanovi sindikata. Nismo bili pitani, a bili smo \u010dlanovi. Danas u Telenoru svako od zaposlenih odlu\u010duje da li \u017eeli da bude \u010dlan sindikata ili ne. Sistem se\u00a0 promenio, ime Sindikat je ostalo.<\/em><\/p>\n<div class=\"WordSection1\"><\/div>\n<\/div>\n<\/div><\/div><\/div><div class=\"fusion-layout-column fusion_builder_column fusion-builder-column-17 fusion_builder_column_1_3 1_3 fusion-flex-column fusion-animated\" style=\"--awb-bg-blend:overlay;--awb-bg-size:cover;--awb-width-large:33.333333333333%;--awb-margin-top-large:0px;--awb-spacing-right-large:5.76%;--awb-margin-bottom-large:20px;--awb-spacing-left-large:5.76%;--awb-width-medium:100%;--awb-spacing-right-medium:1.92%;--awb-spacing-left-medium:1.92%;--awb-width-small:100%;--awb-spacing-right-small:1.92%;--awb-spacing-left-small:1.92%;\" data-animationType=\"slideInRight\" data-animationDuration=\"0.6\" data-animationOffset=\"top-into-view\"><div class=\"fusion-column-wrapper fusion-flex-justify-content-flex-start fusion-content-layout-column\"><div class=\"fusion-image-element \" style=\"text-align:center;--awb-max-width:150px;--awb-caption-title-font-family:var(--h2_typography-font-family);--awb-caption-title-font-weight:var(--h2_typography-font-weight);--awb-caption-title-font-style:var(--h2_typography-font-style);--awb-caption-title-size:var(--h2_typography-font-size);--awb-caption-title-transform:var(--h2_typography-text-transform);--awb-caption-title-line-height:var(--h2_typography-line-height);--awb-caption-title-letter-spacing:var(--h2_typography-letter-spacing);\"><span class=\" fusion-imageframe imageframe-none imageframe-8 hover-type-none\" style=\"border-radius:100px;\"><img decoding=\"async\" width=\"800\" height=\"800\" title=\"Danijela Mijovi\u0107-Jovanovi\u0107\" src=\"https:\/\/unitel.rs\/yettel\/wp-content\/uploads\/2021\/10\/Danijela-Mijovic-Jovanovic.jpg\" data-orig-src=\"https:\/\/unitel.rs\/yettel\/wp-content\/uploads\/2021\/10\/Danijela-Mijovic-Jovanovic.jpg\" alt class=\"lazyload img-responsive wp-image-1431\" srcset=\"data:image\/svg+xml,%3Csvg%20xmlns%3D%27http%3A%2F%2Fwww.w3.org%2F2000%2Fsvg%27%20width%3D%27800%27%20height%3D%27800%27%20viewBox%3D%270%200%20800%20800%27%3E%3Crect%20width%3D%27800%27%20height%3D%27800%27%20fill-opacity%3D%220%22%2F%3E%3C%2Fsvg%3E\" data-srcset=\"https:\/\/unitel.rs\/yettel\/wp-content\/uploads\/2021\/10\/Danijela-Mijovic-Jovanovic-200x200.jpg 200w, https:\/\/unitel.rs\/yettel\/wp-content\/uploads\/2021\/10\/Danijela-Mijovic-Jovanovic-400x400.jpg 400w, https:\/\/unitel.rs\/yettel\/wp-content\/uploads\/2021\/10\/Danijela-Mijovic-Jovanovic-600x600.jpg 600w, https:\/\/unitel.rs\/yettel\/wp-content\/uploads\/2021\/10\/Danijela-Mijovic-Jovanovic.jpg 800w\" data-sizes=\"auto\" data-orig-sizes=\"(max-width: 1024px) 100vw, (max-width: 640px) 100vw, 400px\" \/><\/span><\/div><div class=\"fusion-separator fusion-full-width-sep\" style=\"align-self: center;margin-left: auto;margin-right: auto;margin-top:15px;margin-bottom:15px;width:100%;\"><\/div><div class=\"fusion-title title fusion-title-16 fusion-sep-none fusion-title-center fusion-title-text fusion-title-size-three\"><h3 class=\"fusion-title-heading title-heading-center fusion-responsive-typography-calculated\" style=\"margin:0;--fontSize:25;line-height:1.5;\"><p style=\"text-align: center;\">Danijela Mijovi\u0107-Jovanovi\u0107<\/p><\/h3><\/div><div class=\"fusion-text fusion-text-11\" style=\"--awb-text-transform:none;\"><p style=\"text-align: center;\"><em>Sindikat ima lica za podr\u0161ku i posrednike u funkciji re\u0161avanja i prevencija tu\u017ebi za mobing.<\/em><br \/>\n<em>Lice za podr\u0161ku mora imati ve\u0161tine i osnovna znanja neophodna za prepoznavanje mobinga i re\u0161evanje nastalih sporova u postupku kod poslodavca<\/em><br \/>\n<em>(obuhvata i disciplinski postupak u slu\u010daju sumnje na zloupotrebu prava na za\u0161titu). Posebna pa\u017enja mora se posvetiti razlikovanju izmedju mobinga i konflikta.<\/em><br \/>\n<em>Postupak re\u0161avanja spora pre svega se vodi po osnovnim na\u010delima medijacije, ali mi\u0161ljena smo da nam je potrebna aktivnija uloga posrednika nego \u0161to to \u00a0medijacija predvidja. Sve u svemu cilj je da se spor re\u0161i tako da se mudrim postupkom zadovolje interesi \u017ertve mobinga, a ne iracionalne revan\u0161isti\u010dke \u017eelje u odnosu na mobera, a sve to uz minimum reme\u0107enja procesa rada.<\/em><\/p>\n<\/div><\/div><\/div><\/div><\/div><\/p>\n","protected":false},"excerpt":{"rendered":"","protected":false},"author":1,"featured_media":0,"parent":0,"menu_order":1,"comment_status":"closed","ping_status":"closed","template":"100-width.php","meta":{"footnotes":""},"class_list":["post-794","page","type-page","status-publish","hentry"],"jetpack_sharing_enabled":true,"_links":{"self":[{"href":"https:\/\/unitel.rs\/yettel\/wp-json\/wp\/v2\/pages\/794","targetHints":{"allow":["GET"]}}],"collection":[{"href":"https:\/\/unitel.rs\/yettel\/wp-json\/wp\/v2\/pages"}],"about":[{"href":"https:\/\/unitel.rs\/yettel\/wp-json\/wp\/v2\/types\/page"}],"author":[{"embeddable":true,"href":"https:\/\/unitel.rs\/yettel\/wp-json\/wp\/v2\/users\/1"}],"replies":[{"embeddable":true,"href":"https:\/\/unitel.rs\/yettel\/wp-json\/wp\/v2\/comments?post=794"}],"version-history":[{"count":84,"href":"https:\/\/unitel.rs\/yettel\/wp-json\/wp\/v2\/pages\/794\/revisions"}],"predecessor-version":[{"id":2041,"href":"https:\/\/unitel.rs\/yettel\/wp-json\/wp\/v2\/pages\/794\/revisions\/2041"}],"wp:attachment":[{"href":"https:\/\/unitel.rs\/yettel\/wp-json\/wp\/v2\/media?parent=794"}],"curies":[{"name":"wp","href":"https:\/\/api.w.org\/{rel}","templated":true}]}}