{"id":998,"date":"2021-10-13T23:58:30","date_gmt":"2021-10-13T21:58:30","guid":{"rendered":"https:\/\/unitel.rs\/telenor\/?page_id=998"},"modified":"2024-03-27T23:56:12","modified_gmt":"2024-03-27T22:56:12","slug":"novosti-2","status":"publish","type":"page","link":"https:\/\/unitel.rs\/yettel\/novosti-2\/","title":{"rendered":"NOVOSTI"},"content":{"rendered":"<p><div class=\"fusion-fullwidth fullwidth-box fusion-builder-row-1 fusion-flex-container fusion-parallax-none nonhundred-percent-fullwidth non-hundred-percent-height-scrolling lazyload\" style=\"--awb-background-position:center top;--awb-border-radius-top-left:0px;--awb-border-radius-top-right:0px;--awb-border-radius-bottom-right:0px;--awb-border-radius-bottom-left:0px;--awb-padding-top:8%;--awb-padding-bottom:10%;--awb-background-size:cover;--awb-flex-wrap:wrap;\" data-bg=\"https:\/\/unitel.rs\/yettel\/wp-content\/uploads\/2022\/03\/SINDIKAT-UNITEL-U-KOMPANIJI-YETTEL..jpg\" ><div class=\"fusion-builder-row fusion-row fusion-flex-align-items-flex-start fusion-flex-content-wrap\" style=\"max-width:calc( 1300px + 0px );margin-left: calc(-0px \/ 2 );margin-right: calc(-0px \/ 2 );\"><div class=\"fusion-layout-column fusion_builder_column fusion-builder-column-0 fusion_builder_column_1_1 1_1 fusion-flex-column fusion-animated\" style=\"--awb-bg-size:cover;--awb-width-large:100%;--awb-margin-top-large:5%;--awb-spacing-right-large:0px;--awb-margin-bottom-large:5%;--awb-spacing-left-large:0px;--awb-width-medium:100%;--awb-order-medium:0;--awb-spacing-right-medium:0px;--awb-spacing-left-medium:0px;--awb-width-small:100%;--awb-order-small:0;--awb-spacing-right-small:0px;--awb-spacing-left-small:0px;\" data-animationType=\"fadeInDown\" data-animationDuration=\"0.6\" data-animationOffset=\"top-into-view\"><div class=\"fusion-column-wrapper fusion-column-has-shadow fusion-flex-justify-content-flex-start fusion-content-layout-column\"><div class=\"fusion-title title fusion-title-1 fusion-sep-none fusion-title-center fusion-title-text fusion-title-size-one\" style=\"--awb-margin-bottom:0px;\"><h1 class=\"fusion-title-heading title-heading-center fusion-responsive-typography-calculated\" style=\"margin:0;--fontSize:35;line-height:1.2;\"><\/h1><\/div><\/div><\/div><\/div><\/div><div class=\"fusion-fullwidth fullwidth-box fusion-builder-row-2 fusion-flex-container nonhundred-percent-fullwidth non-hundred-percent-height-scrolling\" style=\"--awb-background-position:center top;--awb-border-radius-top-left:0px;--awb-border-radius-top-right:0px;--awb-border-radius-bottom-right:0px;--awb-border-radius-bottom-left:0px;--awb-padding-top:6%;--awb-padding-bottom:6%;--awb-flex-wrap:wrap;\" ><div class=\"fusion-builder-row fusion-row fusion-flex-align-items-flex-start fusion-flex-content-wrap\" style=\"max-width:calc( 1300px + 0px );margin-left: calc(-0px \/ 2 );margin-right: calc(-0px \/ 2 );\"><div class=\"fusion-layout-column fusion_builder_column fusion-builder-column-1 fusion_builder_column_1_1 1_1 fusion-flex-column fusion-animated\" style=\"--awb-bg-size:cover;--awb-width-large:100%;--awb-margin-top-large:40px;--awb-spacing-right-large:0px;--awb-margin-bottom-large:20px;--awb-spacing-left-large:0px;--awb-width-medium:100%;--awb-spacing-right-medium:0px;--awb-spacing-left-medium:0px;--awb-width-small:100%;--awb-spacing-right-small:0px;--awb-spacing-left-small:0px;\" data-animationType=\"slideInLeft\" data-animationDuration=\"0.6\" data-animationOffset=\"top-into-view\"><div class=\"fusion-column-wrapper fusion-flex-justify-content-flex-start fusion-content-layout-column\"><div class=\"fusion-blog-shortcode fusion-blog-shortcode-1 fusion-blog-archive fusion-blog-layout-medium fusion-blog-infinite\" style=\"--awb-title-font-size:25px;\"><div class=\"fusion-posts-container fusion-posts-container-infinite fusion-blog-rollover\" data-pages=\"4\"><article id=\"blog-1-post-2124\" class=\"fusion-post-medium post-2124 post type-post status-publish format-standard has-post-thumbnail hentry category-novosti\">\n\t<style type=\"text\/css\">\n\t\t\n\t\t\n\t\t\n\t\t\n\t\t\t<\/style>\n\n\n\t\t\t<div class=\"fusion-flexslider flexslider fusion-flexslider-loading fusion-post-slideshow\" style=\"\">\n\t\t<ul class=\"slides\">\n\t\t\t\n\t\t\t\t\t\t\t\t\t\t\t\t\t\t<li><div  class=\"fusion-image-wrapper fusion-image-size-fixed\" aria-haspopup=\"true\">\n\t\t\t\t<img decoding=\"async\" width=\"320\" height=\"202\" src=\"data:image\/svg+xml,%3Csvg%20xmlns%3D%27http%3A%2F%2Fwww.w3.org%2F2000%2Fsvg%27%20width%3D%27612%27%20height%3D%27408%27%20viewBox%3D%270%200%20612%20408%27%3E%3Crect%20width%3D%27612%27%20height%3D%27408%27%20fill-opacity%3D%220%22%2F%3E%3C%2Fsvg%3E\" class=\"attachment-blog-medium size-blog-medium lazyload wp-post-image\" alt=\"\" data-orig-src=\"https:\/\/unitel.rs\/yettel\/wp-content\/uploads\/2026\/09\/4-320x202.jpg\" \/><div class=\"fusion-rollover\">\n\t<div class=\"fusion-rollover-content\">\n\n\t\t\t\t\t\t\t\t\t\t\t\t\t\t<a class=\"fusion-rollover-link\" href=\"https:\/\/unitel.rs\/yettel\/uspeli-smo-zajednica-zaposlenih-je-dostigla-zakonsku-reprezentativnost\/\">Uspeli smo, Zajednica zaposlenih je dostigla zakonsku reprezentativnost!<\/a>\n\t\t\t\n\t\t\t\t\t\t\t\t\n\t\t\n\t\t\t\t\t\t\t\t\n\t\t\t\t\t\t\t\t\n\t\t\n\t\t\t\t\t\t<a class=\"fusion-link-wrapper\" href=\"https:\/\/unitel.rs\/yettel\/uspeli-smo-zajednica-zaposlenih-je-dostigla-zakonsku-reprezentativnost\/\" aria-label=\"Uspeli smo, Zajednica zaposlenih je dostigla zakonsku reprezentativnost!\"><\/a>\n\t<\/div>\n<\/div>\n<\/div>\n<\/li>\n\t\t\t\n\t\t\t\n\t\t\t\t\t\t\t\t\t\t\t\t\t\t\t\t\t\t\t\t\t\t\t\t\t\t\t\t\t\t\t\t\t\t\t\t\t\t\t\t\t\t\t\t\t\t\t\t\t\t\t\t\t\t\t\t\t\t\t\t\t\t\t\t\t\t\t\t<\/ul>\n\t<\/div>\n\t<div class=\"fusion-post-content post-content\"><h2 class=\"blog-shortcode-post-title entry-title\"><a href=\"https:\/\/unitel.rs\/yettel\/uspeli-smo-zajednica-zaposlenih-je-dostigla-zakonsku-reprezentativnost\/\">Uspeli smo, Zajednica zaposlenih je dostigla zakonsku reprezentativnost!<\/a><\/h2><div class=\"fusion-post-content-container\"><p> Uspeli smo, Zajednica zaposlenih je dostigla zakonsku reprezentativnost! Danas Sindikat broji 535 \u010dlanova, odnosno 15,2% zaposlenih koji se uzimaju u obzir za utvr\u0111ivanje reprezentativnosti. Time smo ostvarili prvi i najva\u017eniji cilj koji smo postavili pred po\u010detak procesa u vezi sa Kolektivnim ugovorom. Ovo nije samo procenat. 535 koleginica i kolega svojim \u010dlanstvom obezbedilo je uslov da Sindikat mo\u017ee da u\u010destvuje u kolektivnom pregovaranju i zaklju\u010divanju Kolektivnog ugovora. Time smo zajedno stvorili osnov da prava i benefiti koje danas imamo<\/p><\/div><\/div><div class=\"fusion-clearfix\"><\/div><div class=\"fusion-meta-info\"><div class=\"fusion-alignleft\"><span class=\"vcard\" style=\"display: none;\"><span class=\"fn\"><a href=\"https:\/\/unitel.rs\/yettel\/author\/dejan-roganovic\/\" rel=\"author\">UDRU\u017dENI SINDIKAT TELENOR<\/a><\/span><\/span><a href=\"https:\/\/unitel.rs\/yettel\/category\/novosti\/\" rel=\"category tag\">NOVOSTI<\/a><span class=\"fusion-inline-sep\">|<\/span><\/div><\/div><\/article>\n<article id=\"blog-1-post-2120\" class=\"fusion-post-medium post-2120 post type-post status-publish format-standard has-post-thumbnail hentry category-novosti\">\n\t<style type=\"text\/css\">\n\t\t\n\t\t\n\t\t\n\t\t\n\t\t\t<\/style>\n\n\n\t\t\t<div class=\"fusion-flexslider flexslider fusion-flexslider-loading fusion-post-slideshow\" style=\"\">\n\t\t<ul class=\"slides\">\n\t\t\t\n\t\t\t\t\t\t\t\t\t\t\t\t\t\t<li><div  class=\"fusion-image-wrapper fusion-image-size-fixed\" aria-haspopup=\"true\">\n\t\t\t\t<img decoding=\"async\" width=\"320\" height=\"202\" src=\"https:\/\/unitel.rs\/yettel\/wp-content\/uploads\/2026\/08\/2-1-320x202.jpg\" class=\"attachment-blog-medium size-blog-medium lazyload wp-post-image\" alt=\"\" srcset=\"data:image\/svg+xml,%3Csvg%20xmlns%3D%27http%3A%2F%2Fwww.w3.org%2F2000%2Fsvg%27%20width%3D%27960%27%20height%3D%27945%27%20viewBox%3D%270%200%20960%20945%27%3E%3Crect%20width%3D%27960%27%20height%3D%27945%27%20fill-opacity%3D%220%22%2F%3E%3C%2Fsvg%3E\" data-orig-src=\"https:\/\/unitel.rs\/yettel\/wp-content\/uploads\/2026\/08\/2-1-320x202.jpg\" data-srcset=\"https:\/\/unitel.rs\/yettel\/wp-content\/uploads\/2026\/08\/2-1-320x202.jpg 320w, https:\/\/unitel.rs\/yettel\/wp-content\/uploads\/2026\/08\/2-1-700x441.jpg 700w\" data-sizes=\"auto\" \/><div class=\"fusion-rollover\">\n\t<div class=\"fusion-rollover-content\">\n\n\t\t\t\t\t\t\t\t\t\t\t\t\t\t<a class=\"fusion-rollover-link\" href=\"https:\/\/unitel.rs\/yettel\/aleksandra-je-dobro-hvala-svima-koji-su-bili-uz-nju\/\">Aleksandra je dobro \u2013 hvala svima koji su bili uz nju<\/a>\n\t\t\t\n\t\t\t\t\t\t\t\t\n\t\t\n\t\t\t\t\t\t\t\t\n\t\t\t\t\t\t\t\t\n\t\t\n\t\t\t\t\t\t<a class=\"fusion-link-wrapper\" href=\"https:\/\/unitel.rs\/yettel\/aleksandra-je-dobro-hvala-svima-koji-su-bili-uz-nju\/\" aria-label=\"Aleksandra je dobro \u2013 hvala svima koji su bili uz nju\"><\/a>\n\t<\/div>\n<\/div>\n<\/div>\n<\/li>\n\t\t\t\n\t\t\t\n\t\t\t\t\t\t\t\t\t\t\t\t\t\t\t\t\t\t\t\t\t\t\t\t\t\t\t\t\t\t\t\t\t\t\t\t\t\t\t\t\t\t\t\t\t\t\t\t\t\t\t\t\t\t\t\t\t\t\t\t\t\t\t\t\t\t\t\t<\/ul>\n\t<\/div>\n\t<div class=\"fusion-post-content post-content\"><h2 class=\"blog-shortcode-post-title entry-title\"><a href=\"https:\/\/unitel.rs\/yettel\/aleksandra-je-dobro-hvala-svima-koji-su-bili-uz-nju\/\">Aleksandra je dobro \u2013 hvala svima koji su bili uz nju<\/a><\/h2><div class=\"fusion-post-content-container\"><p> Aleksandra je dobro \u2013 hvala svima koji su bili uz nju Humanitarna akcija za pomo\u0107 na\u0161oj koleginici Aleksandri, koju smo zajedno pokrenuli sredinom maja, zavr\u0161ena je po\u010detkom avgusta. Akcija je jo\u0161 jednom pokazala koliko mo\u017eemo kada se okupimo oko zajedni\u010dkog cilja. Pored \u010dlanova Sindikata, uklju\u010dile su se koleginice i kolege iz Yettela, a akciji su se pridru\u017eili i zaposleni iz Yettel Banke. Ukupno je u\u010destvovalo 735 zaposlenih: 598 putem administrativne zabrane 37 direktnim uplatama 100 zaposlenih iz Yettel Banke<\/p><\/div><\/div><div class=\"fusion-clearfix\"><\/div><div class=\"fusion-meta-info\"><div class=\"fusion-alignleft\"><span class=\"vcard\" style=\"display: none;\"><span class=\"fn\"><a href=\"https:\/\/unitel.rs\/yettel\/author\/bb-unitel2021-admin\/\" rel=\"author\">BB-Unitel2021-admin<\/a><\/span><\/span><a href=\"https:\/\/unitel.rs\/yettel\/category\/novosti\/\" rel=\"category tag\">NOVOSTI<\/a><span class=\"fusion-inline-sep\">|<\/span><\/div><\/div><\/article>\n<article id=\"blog-1-post-2113\" class=\"fusion-post-medium post-2113 post type-post status-publish format-standard has-post-thumbnail hentry category-novosti\">\n\t<style type=\"text\/css\">\n\t\t\n\t\t\n\t\t\n\t\t\n\t\t\t<\/style>\n\n\n\t\t\t<div class=\"fusion-flexslider flexslider fusion-flexslider-loading fusion-post-slideshow\" style=\"\">\n\t\t<ul class=\"slides\">\n\t\t\t\n\t\t\t\t\t\t\t\t\t\t\t\t\t\t<li><div  class=\"fusion-image-wrapper fusion-image-size-fixed\" aria-haspopup=\"true\">\n\t\t\t\t<img decoding=\"async\" width=\"320\" height=\"202\" src=\"data:image\/svg+xml,%3Csvg%20xmlns%3D%27http%3A%2F%2Fwww.w3.org%2F2000%2Fsvg%27%20width%3D%27612%27%20height%3D%27327%27%20viewBox%3D%270%200%20612%20327%27%3E%3Crect%20width%3D%27612%27%20height%3D%27327%27%20fill-opacity%3D%220%22%2F%3E%3C%2Fsvg%3E\" class=\"attachment-blog-medium size-blog-medium lazyload wp-post-image\" alt=\"\" data-orig-src=\"https:\/\/unitel.rs\/yettel\/wp-content\/uploads\/2026\/08\/1-320x202.jpg\" \/><div class=\"fusion-rollover\">\n\t<div class=\"fusion-rollover-content\">\n\n\t\t\t\t\t\t\t\t\t\t\t\t\t\t<a class=\"fusion-rollover-link\" href=\"https:\/\/unitel.rs\/yettel\/samo-zajedno-mozemo-vise-ti-si-clan-a-ko-je-tvoj-1\/\">Samo zajedno mozemo vise. Ti si \u010dlan, a ko je tvoj +1<\/a>\n\t\t\t\n\t\t\t\t\t\t\t\t\n\t\t\n\t\t\t\t\t\t\t\t\n\t\t\t\t\t\t\t\t\n\t\t\n\t\t\t\t\t\t<a class=\"fusion-link-wrapper\" href=\"https:\/\/unitel.rs\/yettel\/samo-zajedno-mozemo-vise-ti-si-clan-a-ko-je-tvoj-1\/\" aria-label=\"Samo zajedno mozemo vise. Ti si \u010dlan, a ko je tvoj +1\"><\/a>\n\t<\/div>\n<\/div>\n<\/div>\n<\/li>\n\t\t\t\n\t\t\t\n\t\t\t\t\t\t\t\t\t\t\t\t\t\t\t\t\t\t\t\t\t\t\t\t\t\t\t\t\t\t\t\t\t\t\t\t\t\t\t\t\t\t\t\t\t\t\t\t\t\t\t\t\t\t\t\t\t\t\t\t\t\t\t\t\t\t\t\t<\/ul>\n\t<\/div>\n\t<div class=\"fusion-post-content post-content\"><h2 class=\"blog-shortcode-post-title entry-title\"><a href=\"https:\/\/unitel.rs\/yettel\/samo-zajedno-mozemo-vise-ti-si-clan-a-ko-je-tvoj-1\/\">Samo zajedno mozemo vise. Ti si \u010dlan, a ko je tvoj +1<\/a><\/h2><div class=\"fusion-post-content-container\"><p> Samo zajedno mozemo vise. Ti si \u010dlan, a ko je tvoj +1? Cak 132 novih koleginica i kolega pridru\u017eilo se zajednici. Danas nas je 476, oko 13% od ukupno 3.627 zaposlenih u Kompaniji. Napravili smo veliki pomak, ali smo i dalje ispod praga reprezentativnosti od 15%, koji nam omogu\u0107ava da pregovaramo i potpi\u0161emo Kolektivni ugovor. Potrebno je da nam se pridru\u017ei jo\u0161 najmanje 70 zaposlenih. Slede\u0107e nedelje planirana je objava vesti o procesu kolektivnog pregovaranja na Yettel Town portalu,<\/p><\/div><\/div><div class=\"fusion-clearfix\"><\/div><div class=\"fusion-meta-info\"><div class=\"fusion-alignleft\"><span class=\"vcard\" style=\"display: none;\"><span class=\"fn\"><a href=\"https:\/\/unitel.rs\/yettel\/author\/dejan-roganovic\/\" rel=\"author\">UDRU\u017dENI SINDIKAT TELENOR<\/a><\/span><\/span><a href=\"https:\/\/unitel.rs\/yettel\/category\/novosti\/\" rel=\"category tag\">NOVOSTI<\/a><span class=\"fusion-inline-sep\">|<\/span><\/div><\/div><\/article>\n<article id=\"blog-1-post-2107\" class=\"fusion-post-medium post-2107 post type-post status-publish format-standard has-post-thumbnail hentry category-novosti\">\n\t<style type=\"text\/css\">\n\t\t\n\t\t\n\t\t\n\t\t\n\t\t\t<\/style>\n\n\n\t\t\t<div class=\"fusion-flexslider flexslider fusion-flexslider-loading fusion-post-slideshow\" style=\"\">\n\t\t<ul class=\"slides\">\n\t\t\t\n\t\t\t\t\t\t\t\t\t\t\t\t\t\t<li><div  class=\"fusion-image-wrapper fusion-image-size-fixed\" aria-haspopup=\"true\">\n\t\t\t\t<img decoding=\"async\" width=\"320\" height=\"202\" src=\"https:\/\/unitel.rs\/yettel\/wp-content\/uploads\/2026\/07\/1-320x202.jpg\" class=\"attachment-blog-medium size-blog-medium lazyload wp-post-image\" alt=\"\" srcset=\"data:image\/svg+xml,%3Csvg%20xmlns%3D%27http%3A%2F%2Fwww.w3.org%2F2000%2Fsvg%27%20width%3D%271001%27%20height%3D%27707%27%20viewBox%3D%270%200%201001%20707%27%3E%3Crect%20width%3D%271001%27%20height%3D%27707%27%20fill-opacity%3D%220%22%2F%3E%3C%2Fsvg%3E\" data-orig-src=\"https:\/\/unitel.rs\/yettel\/wp-content\/uploads\/2026\/07\/1-320x202.jpg\" data-srcset=\"https:\/\/unitel.rs\/yettel\/wp-content\/uploads\/2026\/07\/1-320x202.jpg 320w, https:\/\/unitel.rs\/yettel\/wp-content\/uploads\/2026\/07\/1-700x441.jpg 700w\" data-sizes=\"auto\" \/><div class=\"fusion-rollover\">\n\t<div class=\"fusion-rollover-content\">\n\n\t\t\t\t\t\t\t\t\t\t\t\t\t\t<a class=\"fusion-rollover-link\" href=\"https:\/\/unitel.rs\/yettel\/veliki-odziv-na-anketu-pogledaj-predloge-i-glasaj-za-prioritete\/\">Veliki odziv na anketu \u2013 pogledaj predloge i glasaj za prioritete<\/a>\n\t\t\t\n\t\t\t\t\t\t\t\t\n\t\t\n\t\t\t\t\t\t\t\t\n\t\t\t\t\t\t\t\t\n\t\t\n\t\t\t\t\t\t<a class=\"fusion-link-wrapper\" href=\"https:\/\/unitel.rs\/yettel\/veliki-odziv-na-anketu-pogledaj-predloge-i-glasaj-za-prioritete\/\" aria-label=\"Veliki odziv na anketu \u2013 pogledaj predloge i glasaj za prioritete\"><\/a>\n\t<\/div>\n<\/div>\n<\/div>\n<\/li>\n\t\t\t\n\t\t\t\n\t\t\t\t\t\t\t\t\t\t\t\t\t\t\t\t\t\t\t\t\t\t\t\t\t\t\t\t\t\t\t\t\t\t\t\t\t\t\t\t\t\t\t\t\t\t\t\t\t\t\t\t\t\t\t\t\t\t\t\t\t\t\t\t\t\t\t\t<\/ul>\n\t<\/div>\n\t<div class=\"fusion-post-content post-content\"><h2 class=\"blog-shortcode-post-title entry-title\"><a href=\"https:\/\/unitel.rs\/yettel\/veliki-odziv-na-anketu-pogledaj-predloge-i-glasaj-za-prioritete\/\">Veliki odziv na anketu \u2013 pogledaj predloge i glasaj za prioritete<\/a><\/h2><div class=\"fusion-post-content-container\"><p> Veliki odziv na anketu \u2013 pogledaj predloge i glasaj za prioritete Sindikat Uni Tel u kompaniji Yettel zahvaljuje svima koji su u\u010destvovali u anketi i poslali svoje predloge za predstoje\u0107e kolektivno pregovaranje. Pristigao je veliki broj kvalitetnih predloga \u0161to pokazuje da postoji veliko interesovanje da zajedno unapredimo uslove rada. Trenutno je u toku grupisanje svih pristiglih predloga u dve celine: predloge koji mogu biti predmet kolektivnog pregovaranja i koji mogu postati deo novog Kolektivnog ugovora; predloge koji se odnose<\/p><\/div><\/div><div class=\"fusion-clearfix\"><\/div><div class=\"fusion-meta-info\"><div class=\"fusion-alignleft\"><span class=\"vcard\" style=\"display: none;\"><span class=\"fn\"><a href=\"https:\/\/unitel.rs\/yettel\/author\/dejan-roganovic\/\" rel=\"author\">UDRU\u017dENI SINDIKAT TELENOR<\/a><\/span><\/span><a href=\"https:\/\/unitel.rs\/yettel\/category\/novosti\/\" rel=\"category tag\">NOVOSTI<\/a><span class=\"fusion-inline-sep\">|<\/span><\/div><\/div><\/article>\n<article id=\"blog-1-post-2091\" class=\"fusion-post-medium post-2091 post type-post status-publish format-standard has-post-thumbnail hentry category-novosti\">\n\t<style type=\"text\/css\">\n\t\t\n\t\t\n\t\t\n\t\t\n\t\t\t<\/style>\n\n\n\t\t\t<div class=\"fusion-flexslider flexslider fusion-flexslider-loading fusion-post-slideshow\" style=\"\">\n\t\t<ul class=\"slides\">\n\t\t\t\n\t\t\t\t\t\t\t\t\t\t\t\t\t\t<li><div  class=\"fusion-image-wrapper fusion-image-size-fixed\" aria-haspopup=\"true\">\n\t\t\t\t<img decoding=\"async\" width=\"320\" height=\"202\" src=\"https:\/\/unitel.rs\/yettel\/wp-content\/uploads\/2026\/06\/IMG-2236e231a5418a74ff5e1f789c415a5a-V-320x202.jpg\" class=\"attachment-blog-medium size-blog-medium lazyload wp-post-image\" alt=\"\" srcset=\"data:image\/svg+xml,%3Csvg%20xmlns%3D%27http%3A%2F%2Fwww.w3.org%2F2000%2Fsvg%27%20width%3D%271200%27%20height%3D%271600%27%20viewBox%3D%270%200%201200%201600%27%3E%3Crect%20width%3D%271200%27%20height%3D%271600%27%20fill-opacity%3D%220%22%2F%3E%3C%2Fsvg%3E\" data-orig-src=\"https:\/\/unitel.rs\/yettel\/wp-content\/uploads\/2026\/06\/IMG-2236e231a5418a74ff5e1f789c415a5a-V-320x202.jpg\" data-srcset=\"https:\/\/unitel.rs\/yettel\/wp-content\/uploads\/2026\/06\/IMG-2236e231a5418a74ff5e1f789c415a5a-V-320x202.jpg 320w, https:\/\/unitel.rs\/yettel\/wp-content\/uploads\/2026\/06\/IMG-2236e231a5418a74ff5e1f789c415a5a-V-700x441.jpg 700w\" data-sizes=\"auto\" \/><div class=\"fusion-rollover\">\n\t<div class=\"fusion-rollover-content\">\n\n\t\t\t\t\t\t\t\t\t\t\t\t\t\t<a class=\"fusion-rollover-link\" href=\"https:\/\/unitel.rs\/yettel\/partnerstvo-koje-stvara-osmehe\/\">Partnerstvo koje stvara osmehe<\/a>\n\t\t\t\n\t\t\t\t\t\t\t\t\n\t\t\n\t\t\t\t\t\t\t\t\n\t\t\t\t\t\t\t\t\n\t\t\n\t\t\t\t\t\t<a class=\"fusion-link-wrapper\" href=\"https:\/\/unitel.rs\/yettel\/partnerstvo-koje-stvara-osmehe\/\" aria-label=\"Partnerstvo koje stvara osmehe\"><\/a>\n\t<\/div>\n<\/div>\n<\/div>\n<\/li>\n\t\t\t\n\t\t\t\n\t\t\t\t\t\t\t\t\t\t\t\t\t\t\t\t\t\t\t\t\t\t\t\t\t\t\t\t\t\t\t\t\t\t\t\t\t\t\t\t\t\t\t\t\t\t\t\t\t\t\t\t\t\t\t\t\t\t\t\t\t\t\t\t\t\t\t\t<\/ul>\n\t<\/div>\n\t<div class=\"fusion-post-content post-content\"><h2 class=\"blog-shortcode-post-title entry-title\"><a href=\"https:\/\/unitel.rs\/yettel\/partnerstvo-koje-stvara-osmehe\/\">Partnerstvo koje stvara osmehe<\/a><\/h2><div class=\"fusion-post-content-container\"><p> Partnerstvo koje stvara osmehe Zahvaljuju\u0107i saradnji Sindikata Uni TeL u kompaniji Yettel i na\u0161eg partnera Kluba Satelit, koleginica Marija Bradonji\u0107 sa svojom \u0107erkom provela je nekoliko nezaboravnih dana na Zlatiboru. Boravak u Klubu Satelit doneo im je ono \u0161to je danas najvrednije \u2013 vreme za odmor, zajedni\u010dke trenutke i stvaranje uspomena koje \u0107e dugo pamtiti. Gostoprimstvo, vrhunska usluga, sadr\u017eaji prilago\u0111eni porodicama i toplina doma\u0107ina u\u010dinili su da ovaj odmor bude poseban, a de\u010dja radost i osmesi najbolja su potvrda<\/p><\/div><\/div><div class=\"fusion-clearfix\"><\/div><div class=\"fusion-meta-info\"><div class=\"fusion-alignleft\"><span class=\"vcard\" style=\"display: none;\"><span class=\"fn\"><a href=\"https:\/\/unitel.rs\/yettel\/author\/bb-unitel2021-admin\/\" rel=\"author\">BB-Unitel2021-admin<\/a><\/span><\/span><a href=\"https:\/\/unitel.rs\/yettel\/category\/novosti\/\" rel=\"category tag\">NOVOSTI<\/a><span class=\"fusion-inline-sep\">|<\/span><\/div><\/div><\/article>\n<article id=\"blog-1-post-2086\" class=\"fusion-post-medium post-2086 post type-post status-publish format-standard has-post-thumbnail hentry category-novosti\">\n\t<style type=\"text\/css\">\n\t\t\n\t\t\n\t\t\n\t\t\n\t\t\t<\/style>\n\n\n\t\t\t<div class=\"fusion-flexslider flexslider fusion-flexslider-loading fusion-post-slideshow\" style=\"\">\n\t\t<ul class=\"slides\">\n\t\t\t\n\t\t\t\t\t\t\t\t\t\t\t\t\t\t<li><div  class=\"fusion-image-wrapper fusion-image-size-fixed\" aria-haspopup=\"true\">\n\t\t\t\t<img decoding=\"async\" width=\"320\" height=\"202\" src=\"data:image\/svg+xml,%3Csvg%20xmlns%3D%27http%3A%2F%2Fwww.w3.org%2F2000%2Fsvg%27%20width%3D%27387%27%20height%3D%27335%27%20viewBox%3D%270%200%20387%20335%27%3E%3Crect%20width%3D%27387%27%20height%3D%27335%27%20fill-opacity%3D%220%22%2F%3E%3C%2Fsvg%3E\" class=\"attachment-blog-medium size-blog-medium lazyload wp-post-image\" alt=\"\" data-orig-src=\"https:\/\/unitel.rs\/yettel\/wp-content\/uploads\/2026\/05\/2-320x202.jpg\" \/><div class=\"fusion-rollover\">\n\t<div class=\"fusion-rollover-content\">\n\n\t\t\t\t\t\t\t\t\t\t\t\t\t\t<a class=\"fusion-rollover-link\" href=\"https:\/\/unitel.rs\/yettel\/pomozimo-aleksandri-2\/\">POMOZIMO ALEKSANDRI<\/a>\n\t\t\t\n\t\t\t\t\t\t\t\t\n\t\t\n\t\t\t\t\t\t\t\t\n\t\t\t\t\t\t\t\t\n\t\t\n\t\t\t\t\t\t<a class=\"fusion-link-wrapper\" href=\"https:\/\/unitel.rs\/yettel\/pomozimo-aleksandri-2\/\" aria-label=\"POMOZIMO ALEKSANDRI\"><\/a>\n\t<\/div>\n<\/div>\n<\/div>\n<\/li>\n\t\t\t\n\t\t\t\n\t\t\t\t\t\t\t\t\t\t\t\t\t\t\t\t\t\t\t\t\t\t\t\t\t\t\t\t\t\t\t\t\t\t\t\t\t\t\t\t\t\t\t\t\t\t\t\t\t\t\t\t\t\t\t\t\t\t\t\t\t\t\t\t\t\t\t\t<\/ul>\n\t<\/div>\n\t<div class=\"fusion-post-content post-content\"><h2 class=\"blog-shortcode-post-title entry-title\"><a href=\"https:\/\/unitel.rs\/yettel\/pomozimo-aleksandri-2\/\">POMOZIMO ALEKSANDRI<\/a><\/h2><div class=\"fusion-post-content-container\"><p> POMOZIMO ALEKSANDRI Drage koleginice i kolege, Aleksandra ve\u0107 mesecima vodi te\u0161ku i iscrpljuju\u0107u borbu sa ozbiljnom bole\u0161\u0107u. Zvani\u010dna dijagnoza glasi: Anal intraepithelial neoplasia gradus III in alteratio maligna \u2013 carcinoma squamocellulare invasivum canalis analis et cutis perianalis. Zbog specifi\u010dnosti mesta na kom se nalazi kancer i te\u017eine bolesti, kao i potrebe da terapije zapo\u010dnu \u0161to pre i budu sprovedene sa najve\u0107om mogu\u0107om precizno\u0161\u0107u, odlu\u010deno je da le\u010denje nastavi na specijalizovanoj klinici u Atini. Odluka je doneta jer klinika raspola\u017ee<\/p><\/div><\/div><div class=\"fusion-clearfix\"><\/div><div class=\"fusion-meta-info\"><div class=\"fusion-alignleft\"><span class=\"vcard\" style=\"display: none;\"><span class=\"fn\"><a href=\"https:\/\/unitel.rs\/yettel\/author\/dejan-roganovic-2\/\" rel=\"author\">Dejan.Roganovic<\/a><\/span><\/span><a href=\"https:\/\/unitel.rs\/yettel\/category\/novosti\/\" rel=\"category tag\">NOVOSTI<\/a><span class=\"fusion-inline-sep\">|<\/span><\/div><\/div><\/article>\n<article id=\"blog-1-post-2083\" class=\"fusion-post-medium post-2083 post type-post status-publish format-standard has-post-thumbnail hentry category-novosti\">\n\t<style type=\"text\/css\">\n\t\t\n\t\t\n\t\t\n\t\t\n\t\t\t<\/style>\n\n\n\t\t\t<div class=\"fusion-flexslider flexslider fusion-flexslider-loading fusion-post-slideshow\" style=\"\">\n\t\t<ul class=\"slides\">\n\t\t\t\n\t\t\t\t\t\t\t\t\t\t\t\t\t\t<li><div  class=\"fusion-image-wrapper fusion-image-size-fixed\" aria-haspopup=\"true\">\n\t\t\t\t<img decoding=\"async\" width=\"320\" height=\"202\" src=\"data:image\/svg+xml,%3Csvg%20xmlns%3D%27http%3A%2F%2Fwww.w3.org%2F2000%2Fsvg%27%20width%3D%27526%27%20height%3D%27264%27%20viewBox%3D%270%200%20526%20264%27%3E%3Crect%20width%3D%27526%27%20height%3D%27264%27%20fill-opacity%3D%220%22%2F%3E%3C%2Fsvg%3E\" class=\"attachment-blog-medium size-blog-medium lazyload wp-post-image\" alt=\"\" data-orig-src=\"https:\/\/unitel.rs\/yettel\/wp-content\/uploads\/2026\/05\/1-320x202.jpg\" \/><div class=\"fusion-rollover\">\n\t<div class=\"fusion-rollover-content\">\n\n\t\t\t\t\t\t\t\t\t\t\t\t\t\t<a class=\"fusion-rollover-link\" href=\"https:\/\/unitel.rs\/yettel\/pomozimo-aleksandri\/\">POMOZIMO ALEKSANDRI<\/a>\n\t\t\t\n\t\t\t\t\t\t\t\t\n\t\t\n\t\t\t\t\t\t\t\t\n\t\t\t\t\t\t\t\t\n\t\t\n\t\t\t\t\t\t<a class=\"fusion-link-wrapper\" href=\"https:\/\/unitel.rs\/yettel\/pomozimo-aleksandri\/\" aria-label=\"POMOZIMO ALEKSANDRI\"><\/a>\n\t<\/div>\n<\/div>\n<\/div>\n<\/li>\n\t\t\t\n\t\t\t\n\t\t\t\t\t\t\t\t\t\t\t\t\t\t\t\t\t\t\t\t\t\t\t\t\t\t\t\t\t\t\t\t\t\t\t\t\t\t\t\t\t\t\t\t\t\t\t\t\t\t\t\t\t\t\t\t\t\t\t\t\t\t\t\t\t\t\t\t<\/ul>\n\t<\/div>\n\t<div class=\"fusion-post-content post-content\"><h2 class=\"blog-shortcode-post-title entry-title\"><a href=\"https:\/\/unitel.rs\/yettel\/pomozimo-aleksandri\/\">POMOZIMO ALEKSANDRI<\/a><\/h2><div class=\"fusion-post-content-container\"><p> Drage kolege, Za\u00a0 samo 5 dana humanitarne akcije POMOZIMO ALEKSANDRI odozvalo se 334 kolega i uplatilo na racun sindikata 334 x 2400 dinara sto u ukupnom iznosu iznosi \u00a0801.600 dinara. Dosta kolega uplatilo je direktno na racun Aleksandre u Yettel banci! Hvala svima    <\/p><\/div><\/div><div class=\"fusion-clearfix\"><\/div><div class=\"fusion-meta-info\"><div class=\"fusion-alignleft\"><span class=\"vcard\" style=\"display: none;\"><span class=\"fn\"><a href=\"https:\/\/unitel.rs\/yettel\/author\/dejan-roganovic-2\/\" rel=\"author\">Dejan.Roganovic<\/a><\/span><\/span><a href=\"https:\/\/unitel.rs\/yettel\/category\/novosti\/\" rel=\"category tag\">NOVOSTI<\/a><span class=\"fusion-inline-sep\">|<\/span><\/div><\/div><\/article>\n<article id=\"blog-1-post-2079\" class=\"fusion-post-medium post-2079 post type-post status-publish format-standard has-post-thumbnail hentry category-novosti\">\n\t<style type=\"text\/css\">\n\t\t\n\t\t\n\t\t\n\t\t\n\t\t\t<\/style>\n\n\n\t\t\t<div class=\"fusion-flexslider flexslider fusion-flexslider-loading fusion-post-slideshow\" style=\"\">\n\t\t<ul class=\"slides\">\n\t\t\t\n\t\t\t\t\t\t\t\t\t\t\t\t\t\t<li><div  class=\"fusion-image-wrapper fusion-image-size-fixed\" aria-haspopup=\"true\">\n\t\t\t\t<img decoding=\"async\" width=\"320\" height=\"202\" src=\"data:image\/svg+xml,%3Csvg%20xmlns%3D%27http%3A%2F%2Fwww.w3.org%2F2000%2Fsvg%27%20width%3D%27652%27%20height%3D%27628%27%20viewBox%3D%270%200%20652%20628%27%3E%3Crect%20width%3D%27652%27%20height%3D%27628%27%20fill-opacity%3D%220%22%2F%3E%3C%2Fsvg%3E\" class=\"attachment-blog-medium size-blog-medium lazyload wp-post-image\" alt=\"\" data-orig-src=\"https:\/\/unitel.rs\/yettel\/wp-content\/uploads\/2026\/04\/DRUSTVENO-ODGOVORNA-AKCIJA-Klub-Satelit-i-Sindikat-Uni-Tel--320x202.jpg\" \/><div class=\"fusion-rollover\">\n\t<div class=\"fusion-rollover-content\">\n\n\t\t\t\t\t\t\t\t\t\t\t\t\t\t<a class=\"fusion-rollover-link\" href=\"https:\/\/unitel.rs\/yettel\/drustveno-odgovorna-akcija-klub-satelit-i-sindikat-uni-tel\/\">DRU\u0160TVENO ODGOVORNA AKCIJA Klub Satelit i Sindikat Uni Tel<\/a>\n\t\t\t\n\t\t\t\t\t\t\t\t\n\t\t\n\t\t\t\t\t\t\t\t\n\t\t\t\t\t\t\t\t\n\t\t\n\t\t\t\t\t\t<a class=\"fusion-link-wrapper\" href=\"https:\/\/unitel.rs\/yettel\/drustveno-odgovorna-akcija-klub-satelit-i-sindikat-uni-tel\/\" aria-label=\"DRU\u0160TVENO ODGOVORNA AKCIJA Klub Satelit i Sindikat Uni Tel\"><\/a>\n\t<\/div>\n<\/div>\n<\/div>\n<\/li>\n\t\t\t\n\t\t\t\n\t\t\t\t\t\t\t\t\t\t\t\t\t\t\t\t\t\t\t\t\t\t\t\t\t\t\t\t\t\t\t\t\t\t\t\t\t\t\t\t\t\t\t\t\t\t\t\t\t\t\t\t\t\t\t\t\t\t\t\t\t\t\t\t\t\t\t\t<\/ul>\n\t<\/div>\n\t<div class=\"fusion-post-content post-content\"><h2 class=\"blog-shortcode-post-title entry-title\"><a href=\"https:\/\/unitel.rs\/yettel\/drustveno-odgovorna-akcija-klub-satelit-i-sindikat-uni-tel\/\">DRU\u0160TVENO ODGOVORNA AKCIJA Klub Satelit i Sindikat Uni Tel<\/a><\/h2><div class=\"fusion-post-content-container\"><p> Sindikat Uni Tel potpisao je Ugovor o poslovnoj saradnji sa Klubom Satelit i Hotelom Satelit LUX U sklopu te saradnje i promocije hotele zajednicki pokrecemo drustveno odgovornu akciju. Sindikat je obezbedio : jedan besplatan trodnevni boravak za samohranu majku jedan besplatan trodnevni boravak za porodicu \u010dije dete ima pote\u0161ko\u0107e u razvoju Pozivamo sve kolege clanove sindikata da predlo\u017eite kandidate za koje smatrate da bi im ovakav vid podr\u0161ke najvi\u0161e zna\u010dio. Ko mo\u017ee biti predlo\u017een? \u2013 \u010dlanovi sindikata ili \u010dlanovi<\/p><\/div><\/div><div class=\"fusion-clearfix\"><\/div><div class=\"fusion-meta-info\"><div class=\"fusion-alignleft\"><span class=\"vcard\" style=\"display: none;\"><span class=\"fn\"><a href=\"https:\/\/unitel.rs\/yettel\/author\/bb-unitel2021-admin\/\" rel=\"author\">BB-Unitel2021-admin<\/a><\/span><\/span><a href=\"https:\/\/unitel.rs\/yettel\/category\/novosti\/\" rel=\"category tag\">NOVOSTI<\/a><span class=\"fusion-inline-sep\">|<\/span><\/div><\/div><\/article>\n<article id=\"blog-1-post-2074\" class=\"fusion-post-medium post-2074 post type-post status-publish format-standard has-post-thumbnail hentry category-novosti\">\n\t<style type=\"text\/css\">\n\t\t\n\t\t\n\t\t\n\t\t\n\t\t\t<\/style>\n\n\n\t\t\t<div class=\"fusion-flexslider flexslider fusion-flexslider-loading fusion-post-slideshow\" style=\"\">\n\t\t<ul class=\"slides\">\n\t\t\t\n\t\t\t\t\t\t\t\t\t\t\t\t\t\t<li><div  class=\"fusion-image-wrapper fusion-image-size-fixed\" aria-haspopup=\"true\">\n\t\t\t\t<img decoding=\"async\" width=\"320\" height=\"202\" src=\"https:\/\/unitel.rs\/yettel\/wp-content\/uploads\/2026\/03\/Sporazum-o-integraciji-potpisan-\u2013-kljucnih-12-meseci-i-poziv-na-jedinstvo-zaposlenih-320x202.jpg\" class=\"attachment-blog-medium size-blog-medium lazyload wp-post-image\" alt=\"\" srcset=\"data:image\/svg+xml,%3Csvg%20xmlns%3D%27http%3A%2F%2Fwww.w3.org%2F2000%2Fsvg%27%20width%3D%27612%27%20height%3D%27381%27%20viewBox%3D%270%200%20612%20381%27%3E%3Crect%20width%3D%27612%27%20height%3D%27381%27%20fill-opacity%3D%220%22%2F%3E%3C%2Fsvg%3E\" data-orig-src=\"https:\/\/unitel.rs\/yettel\/wp-content\/uploads\/2026\/03\/Sporazum-o-integraciji-potpisan-\u2013-kljucnih-12-meseci-i-poziv-na-jedinstvo-zaposlenih-320x202.jpg\" data-srcset=\"https:\/\/unitel.rs\/yettel\/wp-content\/uploads\/2026\/03\/Sporazum-o-integraciji-potpisan-\u2013-kljucnih-12-meseci-i-poziv-na-jedinstvo-zaposlenih-200x125.jpg 200w, https:\/\/unitel.rs\/yettel\/wp-content\/uploads\/2026\/03\/Sporazum-o-integraciji-potpisan-\u2013-kljucnih-12-meseci-i-poziv-na-jedinstvo-zaposlenih-320x202.jpg 320w\" data-sizes=\"auto\" \/><div class=\"fusion-rollover\">\n\t<div class=\"fusion-rollover-content\">\n\n\t\t\t\t\t\t\t\t\t\t\t\t\t\t<a class=\"fusion-rollover-link\" href=\"https:\/\/unitel.rs\/yettel\/potpisan-je-sporazum-o-integraciji-sindikata-kljucnih-12-meseci-i-poziv-na-jedinstvo-zaposlenih\/\">Potpisan je sporazum o integraciji sindikata \u2013 klju\u010dnih 12 meseci i poziv na jedinstvo zaposlenih<\/a>\n\t\t\t\n\t\t\t\t\t\t\t\t\n\t\t\n\t\t\t\t\t\t\t\t\n\t\t\t\t\t\t\t\t\n\t\t\n\t\t\t\t\t\t<a class=\"fusion-link-wrapper\" href=\"https:\/\/unitel.rs\/yettel\/potpisan-je-sporazum-o-integraciji-sindikata-kljucnih-12-meseci-i-poziv-na-jedinstvo-zaposlenih\/\" aria-label=\"Potpisan je sporazum o integraciji sindikata \u2013 klju\u010dnih 12 meseci i poziv na jedinstvo zaposlenih\"><\/a>\n\t<\/div>\n<\/div>\n<\/div>\n<\/li>\n\t\t\t\n\t\t\t\n\t\t\t\t\t\t\t\t\t\t\t\t\t\t\t\t\t\t\t\t\t\t\t\t\t\t\t\t\t\t\t\t\t\t\t\t\t\t\t\t\t\t\t\t\t\t\t\t\t\t\t\t\t\t\t\t\t\t\t\t\t\t\t\t\t\t\t\t<\/ul>\n\t<\/div>\n\t<div class=\"fusion-post-content post-content\"><h2 class=\"blog-shortcode-post-title entry-title\"><a href=\"https:\/\/unitel.rs\/yettel\/potpisan-je-sporazum-o-integraciji-sindikata-kljucnih-12-meseci-i-poziv-na-jedinstvo-zaposlenih\/\">Potpisan je sporazum o integraciji sindikata \u2013 klju\u010dnih 12 meseci i poziv na jedinstvo zaposlenih<\/a><\/h2><div class=\"fusion-post-content-container\"><p> Sporazum o integraciji potpisan \u2013 klju\u010dnih 12 meseci i poziv na jedinstvo zaposlenih Sindikat Uni Tel Yettel i Sindikat Uni Tel SBB potpisali su Sporazum o integraciji sa ograni\u010denim trajanjem od 12 meseci, u cilju o\u010duvanja reprezentativnosti i ja\u010danja sindikalnog delovanja nakon pripajanja SBB-a. Ovaj sporazum dolazi u trenutku kada kompanija Yettel prelazi 3000 zaposlenih i ulazi u period reorganizacije i nove sistematizacije radnih mesta, \u0161to zahteva sna\u017ean, organizovan i jedinstven sindikalni odgovor. Sporazum obezbe\u0111uje: kontinuitet \u010dlanstva i sindikalne<\/p><\/div><\/div><div class=\"fusion-clearfix\"><\/div><div class=\"fusion-meta-info\"><div class=\"fusion-alignleft\"><span class=\"vcard\" style=\"display: none;\"><span class=\"fn\"><a href=\"https:\/\/unitel.rs\/yettel\/author\/bb-unitel2021-admin\/\" rel=\"author\">BB-Unitel2021-admin<\/a><\/span><\/span><a href=\"https:\/\/unitel.rs\/yettel\/category\/novosti\/\" rel=\"category tag\">NOVOSTI<\/a><span class=\"fusion-inline-sep\">|<\/span><\/div><\/div><\/article>\n<article id=\"blog-1-post-2065\" class=\"fusion-post-medium post-2065 post type-post status-publish format-standard has-post-thumbnail hentry category-pitajte-advokata\">\n\t<style type=\"text\/css\">\n\t\t\n\t\t\n\t\t\n\t\t\n\t\t\t<\/style>\n\n\n\t\t\t<div class=\"fusion-flexslider flexslider fusion-flexslider-loading fusion-post-slideshow\" style=\"\">\n\t\t<ul class=\"slides\">\n\t\t\t\n\t\t\t\t\t\t\t\t\t\t\t\t\t\t<li><div  class=\"fusion-image-wrapper fusion-image-size-fixed\" aria-haspopup=\"true\">\n\t\t\t\t<img decoding=\"async\" width=\"320\" height=\"202\" src=\"https:\/\/unitel.rs\/yettel\/wp-content\/uploads\/2025\/12\/Pitanje-clana-sindikata-320x202.jpg\" class=\"attachment-blog-medium size-blog-medium lazyload wp-post-image\" alt=\"\" srcset=\"data:image\/svg+xml,%3Csvg%20xmlns%3D%27http%3A%2F%2Fwww.w3.org%2F2000%2Fsvg%27%20width%3D%271000%27%20height%3D%271000%27%20viewBox%3D%270%200%201000%201000%27%3E%3Crect%20width%3D%271000%27%20height%3D%271000%27%20fill-opacity%3D%220%22%2F%3E%3C%2Fsvg%3E\" data-orig-src=\"https:\/\/unitel.rs\/yettel\/wp-content\/uploads\/2025\/12\/Pitanje-clana-sindikata-320x202.jpg\" data-srcset=\"https:\/\/unitel.rs\/yettel\/wp-content\/uploads\/2025\/12\/Pitanje-clana-sindikata-320x202.jpg 320w, https:\/\/unitel.rs\/yettel\/wp-content\/uploads\/2025\/12\/Pitanje-clana-sindikata-700x441.jpg 700w\" data-sizes=\"auto\" \/><div class=\"fusion-rollover\">\n\t<div class=\"fusion-rollover-content\">\n\n\t\t\t\t\t\t\t\t\t\t\t\t\t\t<a class=\"fusion-rollover-link\" href=\"https:\/\/unitel.rs\/yettel\/pitanje-clana-sindikata\/\">Pitanje clana sindikata<\/a>\n\t\t\t\n\t\t\t\t\t\t\t\t\n\t\t\n\t\t\t\t\t\t\t\t\n\t\t\t\t\t\t\t\t\n\t\t\n\t\t\t\t\t\t<a class=\"fusion-link-wrapper\" href=\"https:\/\/unitel.rs\/yettel\/pitanje-clana-sindikata\/\" aria-label=\"Pitanje clana sindikata\"><\/a>\n\t<\/div>\n<\/div>\n<\/div>\n<\/li>\n\t\t\t\n\t\t\t\n\t\t\t\t\t\t\t\t\t\t\t\t\t\t\t\t\t\t\t\t\t\t\t\t\t\t\t\t\t\t\t\t\t\t\t\t\t\t\t\t\t\t\t\t\t\t\t\t\t\t\t\t\t\t\t\t\t\t\t\t\t\t\t\t\t\t\t\t<\/ul>\n\t<\/div>\n\t<div class=\"fusion-post-content post-content\"><h2 class=\"blog-shortcode-post-title entry-title\"><a href=\"https:\/\/unitel.rs\/yettel\/pitanje-clana-sindikata\/\">Pitanje clana sindikata<\/a><\/h2><div class=\"fusion-post-content-container\"><p> Pitanje clana sindikata: Postovane kolege iz sindikata, mi \u00a0imamo definisano po \u00a0KU clan 7.6. da ce se koleginica za vreme odrzavanja trudnose isplacivati zarada \u00a0100% ? iako je njena zarada veca 2 ili 3 x veca od prosecne zarade u RS.? Da li je ovo tacno? Advokat: Koleginicama koje su na odr\u017eavanju trudno\u0107e ispla\u0107uje se po Kolektivnom ugovoru \u00a0100% njihove prose\u010dne zarade (uzima se prosek zarade u prethodnih 12 meseci). Najvi\u0161a mese\u010dna osnovica mo\u017ee biti 656.425,00 RSD i u<\/p><\/div><\/div><div class=\"fusion-clearfix\"><\/div><div class=\"fusion-meta-info\"><div class=\"fusion-alignleft\"><span class=\"vcard\" style=\"display: none;\"><span class=\"fn\"><a href=\"https:\/\/unitel.rs\/yettel\/author\/dejan-roganovic-2\/\" rel=\"author\">Dejan.Roganovic<\/a><\/span><\/span><a href=\"https:\/\/unitel.rs\/yettel\/category\/pitajte-advokata\/\" rel=\"category tag\">PITAJTE ADVOKATA<\/a><span class=\"fusion-inline-sep\">|<\/span><\/div><\/div><\/article>\n<article id=\"blog-1-post-2059\" class=\"fusion-post-medium post-2059 post type-post status-publish format-standard has-post-thumbnail hentry category-novosti\">\n\t<style type=\"text\/css\">\n\t\t\n\t\t\n\t\t\n\t\t\n\t\t\t<\/style>\n\n\n\t\t\t<div class=\"fusion-flexslider flexslider fusion-flexslider-loading fusion-post-slideshow\" style=\"\">\n\t\t<ul class=\"slides\">\n\t\t\t\n\t\t\t\t\t\t\t\t\t\t\t\t\t\t<li><div  class=\"fusion-image-wrapper fusion-image-size-fixed\" aria-haspopup=\"true\">\n\t\t\t\t<img decoding=\"async\" width=\"320\" height=\"202\" src=\"https:\/\/unitel.rs\/yettel\/wp-content\/uploads\/2025\/11\/UNI-TEL-\u2013-ZAJEDNO-ZA-BOLJE-USLOVE-RADA-320x202.jpg\" class=\"attachment-blog-medium size-blog-medium lazyload wp-post-image\" alt=\"\" srcset=\"data:image\/svg+xml,%3Csvg%20xmlns%3D%27http%3A%2F%2Fwww.w3.org%2F2000%2Fsvg%27%20width%3D%272560%27%20height%3D%272124%27%20viewBox%3D%270%200%202560%202124%27%3E%3Crect%20width%3D%272560%27%20height%3D%272124%27%20fill-opacity%3D%220%22%2F%3E%3C%2Fsvg%3E\" data-orig-src=\"https:\/\/unitel.rs\/yettel\/wp-content\/uploads\/2025\/11\/UNI-TEL-\u2013-ZAJEDNO-ZA-BOLJE-USLOVE-RADA-320x202.jpg\" data-srcset=\"https:\/\/unitel.rs\/yettel\/wp-content\/uploads\/2025\/11\/UNI-TEL-\u2013-ZAJEDNO-ZA-BOLJE-USLOVE-RADA-320x202.jpg 320w, https:\/\/unitel.rs\/yettel\/wp-content\/uploads\/2025\/11\/UNI-TEL-\u2013-ZAJEDNO-ZA-BOLJE-USLOVE-RADA-700x441.jpg 700w\" data-sizes=\"auto\" \/><div class=\"fusion-rollover\">\n\t<div class=\"fusion-rollover-content\">\n\n\t\t\t\t\t\t\t\t\t\t\t\t\t\t<a class=\"fusion-rollover-link\" href=\"https:\/\/unitel.rs\/yettel\/uni-tel-zajedno-za-bolje-uslove-rada\/\">UNI TEL\u00a0\u2013 ZAJEDNO ZA BOLJE USLOVE RADA<\/a>\n\t\t\t\n\t\t\t\t\t\t\t\t\n\t\t\n\t\t\t\t\t\t\t\t\n\t\t\t\t\t\t\t\t\n\t\t\n\t\t\t\t\t\t<a class=\"fusion-link-wrapper\" href=\"https:\/\/unitel.rs\/yettel\/uni-tel-zajedno-za-bolje-uslove-rada\/\" aria-label=\"UNI TEL\u00a0\u2013 ZAJEDNO ZA BOLJE USLOVE RADA\"><\/a>\n\t<\/div>\n<\/div>\n<\/div>\n<\/li>\n\t\t\t\n\t\t\t\n\t\t\t\t\t\t\t\t\t\t\t\t\t\t\t\t\t\t\t\t\t\t\t\t\t\t\t\t\t\t\t\t\t\t\t\t\t\t\t\t\t\t\t\t\t\t\t\t\t\t\t\t\t\t\t\t\t\t\t\t\t\t\t\t\t\t\t\t<\/ul>\n\t<\/div>\n\t<div class=\"fusion-post-content post-content\"><h2 class=\"blog-shortcode-post-title entry-title\"><a href=\"https:\/\/unitel.rs\/yettel\/uni-tel-zajedno-za-bolje-uslove-rada\/\">UNI TEL\u00a0\u2013 ZAJEDNO ZA BOLJE USLOVE RADA<\/a><\/h2><div class=\"fusion-post-content-container\"><p> UNI TEL\u00a0 \u2013 ZAJEDNO ZA BOLJE USLOVE RADA Granski sindikat UNI TEL pod pokroviteljstvom kompanije Yettel organizovao je u sredu 26.11.2025. jednodnevni seminar \/ obuku za sindikalne predstavnike iz \u010detiri kompanije \u2013 Yettel, Cetin, Yettel banka i novoformirani sindikat Uni Tel u kompaniji SBB. Teme seminara bile su: Stanje socijalnog dijaloga i uslovi za kolektivno pregovaranje u stranim kompanjama u Srbiji. Formiranje sindikalni organizacija, borba za reprezentativnosti i stvaranje uslova za pregovor sa poslodavcem - kolektivni ugovor. Novi Zakon<\/p><\/div><\/div><div class=\"fusion-clearfix\"><\/div><div class=\"fusion-meta-info\"><div class=\"fusion-alignleft\"><span class=\"vcard\" style=\"display: none;\"><span class=\"fn\"><a href=\"https:\/\/unitel.rs\/yettel\/author\/dejan-roganovic-2\/\" rel=\"author\">Dejan.Roganovic<\/a><\/span><\/span><a href=\"https:\/\/unitel.rs\/yettel\/category\/novosti\/\" rel=\"category tag\">NOVOSTI<\/a><span class=\"fusion-inline-sep\">|<\/span><\/div><\/div><\/article>\n<article id=\"blog-1-post-2045\" class=\"fusion-post-medium post-2045 post type-post status-publish format-standard has-post-thumbnail hentry category-novosti\">\n\t<style type=\"text\/css\">\n\t\t\n\t\t\n\t\t\n\t\t\n\t\t\t<\/style>\n\n\n\t\t\t<div class=\"fusion-flexslider flexslider fusion-flexslider-loading fusion-post-slideshow\" style=\"\">\n\t\t<ul class=\"slides\">\n\t\t\t\n\t\t\t\t\t\t\t\t\t\t\t\t\t\t<li><div  class=\"fusion-image-wrapper fusion-image-size-fixed\" aria-haspopup=\"true\">\n\t\t\t\t<img decoding=\"async\" width=\"320\" height=\"202\" src=\"data:image\/svg+xml,%3Csvg%20xmlns%3D%27http%3A%2F%2Fwww.w3.org%2F2000%2Fsvg%27%20width%3D%27612%27%20height%3D%27459%27%20viewBox%3D%270%200%20612%20459%27%3E%3Crect%20width%3D%27612%27%20height%3D%27459%27%20fill-opacity%3D%220%22%2F%3E%3C%2Fsvg%3E\" class=\"attachment-blog-medium size-blog-medium lazyload wp-post-image\" alt=\"\" data-orig-src=\"https:\/\/unitel.rs\/yettel\/wp-content\/uploads\/2025\/08\/Dobrodoslica-kolegama-iz-SBB-a-\u2013-Zajedno-za-bolje-uslove-rada-320x202.jpg\" \/><div class=\"fusion-rollover\">\n\t<div class=\"fusion-rollover-content\">\n\n\t\t\t\t\t\t\t\t\t\t\t\t\t\t<a class=\"fusion-rollover-link\" href=\"https:\/\/unitel.rs\/yettel\/dobrodoslica-kolegama-iz-sbb-a-zajedno-za-bolje-uslove-rada\/\">Dobrodo\u0161lica kolegama iz SBB-a \u2013 Zajedno za bolje uslove rada<\/a>\n\t\t\t\n\t\t\t\t\t\t\t\t\n\t\t\n\t\t\t\t\t\t\t\t\n\t\t\t\t\t\t\t\t\n\t\t\n\t\t\t\t\t\t<a class=\"fusion-link-wrapper\" href=\"https:\/\/unitel.rs\/yettel\/dobrodoslica-kolegama-iz-sbb-a-zajedno-za-bolje-uslove-rada\/\" aria-label=\"Dobrodo\u0161lica kolegama iz SBB-a \u2013 Zajedno za bolje uslove rada\"><\/a>\n\t<\/div>\n<\/div>\n<\/div>\n<\/li>\n\t\t\t\n\t\t\t\n\t\t\t\t\t\t\t\t\t\t\t\t\t\t\t\t\t\t\t\t\t\t\t\t\t\t\t\t\t\t\t\t\t\t\t\t\t\t\t\t\t\t\t\t\t\t\t\t\t\t\t\t\t\t\t\t\t\t\t\t\t\t\t\t\t\t\t\t<\/ul>\n\t<\/div>\n\t<div class=\"fusion-post-content post-content\"><h2 class=\"blog-shortcode-post-title entry-title\"><a href=\"https:\/\/unitel.rs\/yettel\/dobrodoslica-kolegama-iz-sbb-a-zajedno-za-bolje-uslove-rada\/\">Dobrodo\u0161lica kolegama iz SBB-a \u2013 Zajedno za bolje uslove rada<\/a><\/h2><div class=\"fusion-post-content-container\"><p> Dobrodo\u0161lica kolegama iz SBB-a \u2013 Zajedno za bolje uslove rada Drage koleginice i kolege, U ime Sindikata Uni Tel, koji ve\u0107 uspe\u0161no deluje u Yettelu, Cetinu i Yettel banci, \u017eelimo vam srda\u010dnu dobrodo\u0161licu u na\u0161u sindikalnu zajednicu. Sa ponosom isti\u010demo da smo u prethodnim godinama potpisali \u010dak sedam Kolektivnih ugovora u kompanijama Yettel i Telenor, kao i dva Kolektivna ugovora u Cetinu i Yettel banci. Ti ugovori su doneli zna\u010dajna pobolj\u0161anja uslova rada, koja daleko prevazilaze ono \u0161to zakon<\/p><\/div><\/div><div class=\"fusion-clearfix\"><\/div><div class=\"fusion-meta-info\"><div class=\"fusion-alignleft\"><span class=\"vcard\" style=\"display: none;\"><span class=\"fn\"><a href=\"https:\/\/unitel.rs\/yettel\/author\/dejan-roganovic-2\/\" rel=\"author\">Dejan.Roganovic<\/a><\/span><\/span><a href=\"https:\/\/unitel.rs\/yettel\/category\/novosti\/\" rel=\"category tag\">NOVOSTI<\/a><span class=\"fusion-inline-sep\">|<\/span><\/div><\/div><\/article>\n<article id=\"blog-1-post-2029\" class=\"fusion-post-medium post-2029 post type-post status-publish format-standard has-post-thumbnail hentry category-novosti\">\n\t<style type=\"text\/css\">\n\t\t\n\t\t\n\t\t\n\t\t\n\t\t\t<\/style>\n\n\n\t\t\t<div class=\"fusion-flexslider flexslider fusion-flexslider-loading fusion-post-slideshow\" style=\"\">\n\t\t<ul class=\"slides\">\n\t\t\t\n\t\t\t\t\t\t\t\t\t\t\t\t\t\t<li><div  class=\"fusion-image-wrapper fusion-image-size-fixed\" aria-haspopup=\"true\">\n\t\t\t\t<img decoding=\"async\" width=\"320\" height=\"202\" src=\"https:\/\/unitel.rs\/yettel\/wp-content\/uploads\/2025\/05\/1-320x202.jpg\" class=\"attachment-blog-medium size-blog-medium lazyload wp-post-image\" alt=\"\" srcset=\"data:image\/svg+xml,%3Csvg%20xmlns%3D%27http%3A%2F%2Fwww.w3.org%2F2000%2Fsvg%27%20width%3D%271200%27%20height%3D%27800%27%20viewBox%3D%270%200%201200%20800%27%3E%3Crect%20width%3D%271200%27%20height%3D%27800%27%20fill-opacity%3D%220%22%2F%3E%3C%2Fsvg%3E\" data-orig-src=\"https:\/\/unitel.rs\/yettel\/wp-content\/uploads\/2025\/05\/1-320x202.jpg\" data-srcset=\"https:\/\/unitel.rs\/yettel\/wp-content\/uploads\/2025\/05\/1-320x202.jpg 320w, https:\/\/unitel.rs\/yettel\/wp-content\/uploads\/2025\/05\/1-700x441.jpg 700w\" data-sizes=\"auto\" \/><div class=\"fusion-rollover\">\n\t<div class=\"fusion-rollover-content\">\n\n\t\t\t\t\t\t\t\t\t\t\t\t\t\t<a class=\"fusion-rollover-link\" href=\"https:\/\/unitel.rs\/yettel\/zasto-benefiti-kolektivnog-ugovora-vaze-i-za-one-koji-nisu-clanovi-sindikata-i-zasto-je-to-problem-ako-nas-je-samo-17\/\">Za\u0161to benefiti Kolektivnog ugovora va\u017ee i za one koji nisu \u010dlanovi sindikata \u2013 i za\u0161to je to problem ako nas je samo 17%?<\/a>\n\t\t\t\n\t\t\t\t\t\t\t\t\n\t\t\n\t\t\t\t\t\t\t\t\n\t\t\t\t\t\t\t\t\n\t\t\n\t\t\t\t\t\t<a class=\"fusion-link-wrapper\" href=\"https:\/\/unitel.rs\/yettel\/zasto-benefiti-kolektivnog-ugovora-vaze-i-za-one-koji-nisu-clanovi-sindikata-i-zasto-je-to-problem-ako-nas-je-samo-17\/\" aria-label=\"Za\u0161to benefiti Kolektivnog ugovora va\u017ee i za one koji nisu \u010dlanovi sindikata \u2013 i za\u0161to je to problem ako nas je samo 17%?\"><\/a>\n\t<\/div>\n<\/div>\n<\/div>\n<\/li>\n\t\t\t\n\t\t\t\n\t\t\t\t\t\t\t\t\t\t\t\t\t\t\t\t\t\t\t\t\t\t\t\t\t\t\t\t\t\t\t\t\t\t\t\t\t\t\t\t\t\t\t\t\t\t\t\t\t\t\t\t\t\t\t\t\t\t\t\t\t\t\t\t\t\t\t\t<\/ul>\n\t<\/div>\n\t<div class=\"fusion-post-content post-content\"><h2 class=\"blog-shortcode-post-title entry-title\"><a href=\"https:\/\/unitel.rs\/yettel\/zasto-benefiti-kolektivnog-ugovora-vaze-i-za-one-koji-nisu-clanovi-sindikata-i-zasto-je-to-problem-ako-nas-je-samo-17\/\">Za\u0161to benefiti Kolektivnog ugovora va\u017ee i za one koji nisu \u010dlanovi sindikata \u2013 i za\u0161to je to problem ako nas je samo 17%?<\/a><\/h2><div class=\"fusion-post-content-container\"><p> Za\u0161to benefiti Kolektivnog ugovora va\u017ee i za one koji nisu \u010dlanovi sindikata \u2013 i za\u0161to je to problem ako nas je samo 17%? U zadnje vreme prime\u0107ujemo da se sve vise kolega javlja sa zeljom da se i\u0161\u010dlani iz sindikata. Naj\u010de\u0161\u0107e pitanje je za\u0161to Kolektivnu ugovor vazi za sve zaposlene u Yettelu a ne samo za one koji su \u010dlanovi. Poku\u0161a\u0107emo da odgovorimo?! Za\u0161to benefiti Kolektivnog ugovora va\u017ee i za one koji nisu \u010dlanovi sindikata \u2013 i za\u0161to je<\/p><\/div><\/div><div class=\"fusion-clearfix\"><\/div><div class=\"fusion-meta-info\"><div class=\"fusion-alignleft\"><span class=\"vcard\" style=\"display: none;\"><span class=\"fn\"><a href=\"https:\/\/unitel.rs\/yettel\/author\/dejan-roganovic\/\" rel=\"author\">UDRU\u017dENI SINDIKAT TELENOR<\/a><\/span><\/span><a href=\"https:\/\/unitel.rs\/yettel\/category\/novosti\/\" rel=\"category tag\">NOVOSTI<\/a><span class=\"fusion-inline-sep\">|<\/span><\/div><\/div><\/article>\n<article id=\"blog-1-post-2024\" class=\"fusion-post-medium post-2024 post type-post status-publish format-standard has-post-thumbnail hentry category-novosti\">\n\t<style type=\"text\/css\">\n\t\t\n\t\t\n\t\t\n\t\t\n\t\t\t<\/style>\n\n\n\t\t\t<div class=\"fusion-flexslider flexslider fusion-flexslider-loading fusion-post-slideshow\" style=\"\">\n\t\t<ul class=\"slides\">\n\t\t\t\n\t\t\t\t\t\t\t\t\t\t\t\t\t\t<li><div  class=\"fusion-image-wrapper fusion-image-size-fixed\" aria-haspopup=\"true\">\n\t\t\t\t<img decoding=\"async\" width=\"320\" height=\"202\" src=\"https:\/\/unitel.rs\/yettel\/wp-content\/uploads\/2025\/04\/SBB-320x202.jpg\" class=\"attachment-blog-medium size-blog-medium lazyload wp-post-image\" alt=\"\" srcset=\"data:image\/svg+xml,%3Csvg%20xmlns%3D%27http%3A%2F%2Fwww.w3.org%2F2000%2Fsvg%27%20width%3D%271331%27%20height%3D%271198%27%20viewBox%3D%270%200%201331%201198%27%3E%3Crect%20width%3D%271331%27%20height%3D%271198%27%20fill-opacity%3D%220%22%2F%3E%3C%2Fsvg%3E\" data-orig-src=\"https:\/\/unitel.rs\/yettel\/wp-content\/uploads\/2025\/04\/SBB-320x202.jpg\" data-srcset=\"https:\/\/unitel.rs\/yettel\/wp-content\/uploads\/2025\/04\/SBB-320x202.jpg 320w, https:\/\/unitel.rs\/yettel\/wp-content\/uploads\/2025\/04\/SBB-700x441.jpg 700w\" data-sizes=\"auto\" \/><div class=\"fusion-rollover\">\n\t<div class=\"fusion-rollover-content\">\n\n\t\t\t\t\t\t\t\t\t\t\t\t\t\t<a class=\"fusion-rollover-link\" href=\"https:\/\/unitel.rs\/yettel\/akvizicija-sbb-a-od-strane-e-ppf-telekom-grupe-sta-to-znaci-za-zaposlene\/\">Akvizicija SBB-a od strane e&#038; PPF Telekom Grupe \u2013 \u0160ta to zna\u010di za zaposlene?<\/a>\n\t\t\t\n\t\t\t\t\t\t\t\t\n\t\t\n\t\t\t\t\t\t\t\t\n\t\t\t\t\t\t\t\t\n\t\t\n\t\t\t\t\t\t<a class=\"fusion-link-wrapper\" href=\"https:\/\/unitel.rs\/yettel\/akvizicija-sbb-a-od-strane-e-ppf-telekom-grupe-sta-to-znaci-za-zaposlene\/\" aria-label=\"Akvizicija SBB-a od strane e&#038; PPF Telekom Grupe \u2013 \u0160ta to zna\u010di za zaposlene?\"><\/a>\n\t<\/div>\n<\/div>\n<\/div>\n<\/li>\n\t\t\t\n\t\t\t\n\t\t\t\t\t\t\t\t\t\t\t\t\t\t\t\t\t\t\t\t\t\t\t\t\t\t\t\t\t\t\t\t\t\t\t\t\t\t\t\t\t\t\t\t\t\t\t\t\t\t\t\t\t\t\t\t\t\t\t\t\t\t\t\t\t\t\t\t<\/ul>\n\t<\/div>\n\t<div class=\"fusion-post-content post-content\"><h2 class=\"blog-shortcode-post-title entry-title\"><a href=\"https:\/\/unitel.rs\/yettel\/akvizicija-sbb-a-od-strane-e-ppf-telekom-grupe-sta-to-znaci-za-zaposlene\/\">Akvizicija SBB-a od strane e&#038; PPF Telekom Grupe \u2013 \u0160ta to zna\u010di za zaposlene?<\/a><\/h2><div class=\"fusion-post-content-container\"><p> Akvizicija SBB-a od strane e&amp; PPF Telekom Grupe \u2013 \u0160ta to zna\u010di za zaposlene? Dana 12. februara 2025. godine, e&amp; PPF Telekom Grupa postigla je dogovor o preuzimanju 100% vlasni\u0161tva nad kompanijom SBB od United Group-a. Ovom transakcijom, SBB, vode\u0107i kablovski operater i internet provajder u Srbiji, postaje deo iste grupacije kojoj pripada i Yettel Srbija. Vrednost akvizicije iznosi 825 miliona evra. Juce su regulatorna tela dala kona\u010dno odobrenje za ovu vaznu akviziciju. Prema dostupnim informacijama, poslovanje SBB-a \u0107e<\/p><\/div><\/div><div class=\"fusion-clearfix\"><\/div><div class=\"fusion-meta-info\"><div class=\"fusion-alignleft\"><span class=\"vcard\" style=\"display: none;\"><span class=\"fn\"><a href=\"https:\/\/unitel.rs\/yettel\/author\/dejan-roganovic\/\" rel=\"author\">UDRU\u017dENI SINDIKAT TELENOR<\/a><\/span><\/span><a href=\"https:\/\/unitel.rs\/yettel\/category\/novosti\/\" rel=\"category tag\">NOVOSTI<\/a><span class=\"fusion-inline-sep\">|<\/span><\/div><\/div><\/article>\n<article id=\"blog-1-post-2019\" class=\"fusion-post-medium post-2019 post type-post status-publish format-standard has-post-thumbnail hentry category-novosti\">\n\t<style type=\"text\/css\">\n\t\t\n\t\t\n\t\t\n\t\t\n\t\t\t<\/style>\n\n\n\t\t\t<div class=\"fusion-flexslider flexslider fusion-flexslider-loading fusion-post-slideshow\" style=\"\">\n\t\t<ul class=\"slides\">\n\t\t\t\n\t\t\t\t\t\t\t\t\t\t\t\t\t\t<li><div  class=\"fusion-image-wrapper fusion-image-size-fixed\" aria-haspopup=\"true\">\n\t\t\t\t<img decoding=\"async\" width=\"320\" height=\"202\" src=\"data:image\/svg+xml,%3Csvg%20xmlns%3D%27http%3A%2F%2Fwww.w3.org%2F2000%2Fsvg%27%20width%3D%27612%27%20height%3D%27408%27%20viewBox%3D%270%200%20612%20408%27%3E%3Crect%20width%3D%27612%27%20height%3D%27408%27%20fill-opacity%3D%220%22%2F%3E%3C%2Fsvg%3E\" class=\"attachment-blog-medium size-blog-medium lazyload wp-post-image\" alt=\"\" data-orig-src=\"https:\/\/unitel.rs\/yettel\/wp-content\/uploads\/2025\/03\/8-mart-320x202.jpg\" \/><div class=\"fusion-rollover\">\n\t<div class=\"fusion-rollover-content\">\n\n\t\t\t\t\t\t\t\t\t\t\t\t\t\t<a class=\"fusion-rollover-link\" href=\"https:\/\/unitel.rs\/yettel\/8-mart-2\/\">8.mart<\/a>\n\t\t\t\n\t\t\t\t\t\t\t\t\n\t\t\n\t\t\t\t\t\t\t\t\n\t\t\t\t\t\t\t\t\n\t\t\n\t\t\t\t\t\t<a class=\"fusion-link-wrapper\" href=\"https:\/\/unitel.rs\/yettel\/8-mart-2\/\" aria-label=\"8.mart\"><\/a>\n\t<\/div>\n<\/div>\n<\/div>\n<\/li>\n\t\t\t\n\t\t\t\n\t\t\t\t\t\t\t\t\t\t\t\t\t\t\t\t\t\t\t\t\t\t\t\t\t\t\t\t\t\t\t\t\t\t\t\t\t\t\t\t\t\t\t\t\t\t\t\t\t\t\t\t\t\t\t\t\t\t\t\t\t\t\t\t\t\t\t\t<\/ul>\n\t<\/div>\n\t<div class=\"fusion-post-content post-content\"><h2 class=\"blog-shortcode-post-title entry-title\"><a href=\"https:\/\/unitel.rs\/yettel\/8-mart-2\/\">8.mart<\/a><\/h2><div class=\"fusion-post-content-container\"><p> 8.mart Drage koleginice, Kao i svake godine, u duhu slavlja i prise\u0107anja svega \u0161to su \u017eene postigle, Sindikat je organizovao poklon vau\u010dere za na\u0161e drage \u010dlanice. Podela DM poklon kartica, koje \u0107ete kao znak pa\u017enje dobiti od Sindikata, izvr\u0161i\u0107e se dana 06. marta 2025. vreme od 12h do 13h, ACB1 V sprat 501. Za koleginice koje nisu u mogu\u0107nosti da do\u0111u u ACB 1 i preuzmu svoju poklon karticu, sindikat \u0107e naknadno organizovati podelu. Tako\u0111e, zamoli\u0107emo koleginice koje rade<\/p><\/div><\/div><div class=\"fusion-clearfix\"><\/div><div class=\"fusion-meta-info\"><div class=\"fusion-alignleft\"><span class=\"vcard\" style=\"display: none;\"><span class=\"fn\"><a href=\"https:\/\/unitel.rs\/yettel\/author\/dejan-roganovic\/\" rel=\"author\">UDRU\u017dENI SINDIKAT TELENOR<\/a><\/span><\/span><a href=\"https:\/\/unitel.rs\/yettel\/category\/novosti\/\" rel=\"category tag\">NOVOSTI<\/a><span class=\"fusion-inline-sep\">|<\/span><\/div><\/div><\/article>\n<article id=\"blog-1-post-2009\" class=\"fusion-post-medium post-2009 post type-post status-publish format-standard has-post-thumbnail hentry category-novosti\">\n\t<style type=\"text\/css\">\n\t\t\n\t\t\n\t\t\n\t\t\n\t\t\t<\/style>\n\n\n\t\t\t<div class=\"fusion-flexslider flexslider fusion-flexslider-loading fusion-post-slideshow\" style=\"\">\n\t\t<ul class=\"slides\">\n\t\t\t\n\t\t\t\t\t\t\t\t\t\t\t\t\t\t<li><div  class=\"fusion-image-wrapper fusion-image-size-fixed\" aria-haspopup=\"true\">\n\t\t\t\t<img decoding=\"async\" width=\"320\" height=\"202\" src=\"https:\/\/unitel.rs\/yettel\/wp-content\/uploads\/2025\/02\/Kolektivni-ugovor-320x202.jpg\" class=\"attachment-blog-medium size-blog-medium lazyload wp-post-image\" alt=\"\" srcset=\"data:image\/svg+xml,%3Csvg%20xmlns%3D%27http%3A%2F%2Fwww.w3.org%2F2000%2Fsvg%27%20width%3D%27940%27%20height%3D%271149%27%20viewBox%3D%270%200%20940%201149%27%3E%3Crect%20width%3D%27940%27%20height%3D%271149%27%20fill-opacity%3D%220%22%2F%3E%3C%2Fsvg%3E\" data-orig-src=\"https:\/\/unitel.rs\/yettel\/wp-content\/uploads\/2025\/02\/Kolektivni-ugovor-320x202.jpg\" data-srcset=\"https:\/\/unitel.rs\/yettel\/wp-content\/uploads\/2025\/02\/Kolektivni-ugovor-320x202.jpg 320w, https:\/\/unitel.rs\/yettel\/wp-content\/uploads\/2025\/02\/Kolektivni-ugovor-700x441.jpg 700w\" data-sizes=\"auto\" \/><div class=\"fusion-rollover\">\n\t<div class=\"fusion-rollover-content\">\n\n\t\t\t\t\t\t\t\t\t\t\t\t\t\t<a class=\"fusion-rollover-link\" href=\"https:\/\/unitel.rs\/yettel\/potpisan-novi-kolektivni-ugovor-u-kompaniji-yettel\/\">Potpisan novi Kolektivni ugovor u kompaniji Yettel!<\/a>\n\t\t\t\n\t\t\t\t\t\t\t\t\n\t\t\n\t\t\t\t\t\t\t\t\n\t\t\t\t\t\t\t\t\n\t\t\n\t\t\t\t\t\t<a class=\"fusion-link-wrapper\" href=\"https:\/\/unitel.rs\/yettel\/potpisan-novi-kolektivni-ugovor-u-kompaniji-yettel\/\" aria-label=\"Potpisan novi Kolektivni ugovor u kompaniji Yettel!\"><\/a>\n\t<\/div>\n<\/div>\n<\/div>\n<\/li>\n\t\t\t\n\t\t\t\n\t\t\t\t\t\t\t\t\t\t\t\t\t\t\t\t\t\t\t\t\t\t\t\t\t\t\t\t\t\t\t\t\t\t\t\t\t\t\t\t\t\t\t\t\t\t\t\t\t\t\t\t\t\t\t\t\t\t\t\t\t\t\t\t\t\t\t\t<\/ul>\n\t<\/div>\n\t<div class=\"fusion-post-content post-content\"><h2 class=\"blog-shortcode-post-title entry-title\"><a href=\"https:\/\/unitel.rs\/yettel\/potpisan-novi-kolektivni-ugovor-u-kompaniji-yettel\/\">Potpisan novi Kolektivni ugovor u kompaniji Yettel!<\/a><\/h2><div class=\"fusion-post-content-container\"><p> Potpisan novi Kolektivni ugovor u kompaniji Yettel! Danas je potpisan novi Kolektivni ugovor izme\u0111u reprezentativnog sindikata Uni Tel i poslodavca Yettel d.o.o., koji \u0107e va\u017eiti naredne tri godine, do 2028. godine. Ovim ugovorom garantovana su pobolj\u0161ana prava i benefiti za sve zaposlene u kompaniji, a ne samo za \u010dlanove sindikata. Za\u0161to je Kolektivni ugovor va\u017ean? Dok Zakon o radu propisuje osnovna prava zaposlenih, Kolektivni ugovor u Yettelu obezbe\u0111uje zna\u010dajno bolje uslove rada i dodatne benefite koji nisu predvi\u0111eni zakonom.<\/p><\/div><\/div><div class=\"fusion-clearfix\"><\/div><div class=\"fusion-meta-info\"><div class=\"fusion-alignleft\"><span class=\"vcard\" style=\"display: none;\"><span class=\"fn\"><a href=\"https:\/\/unitel.rs\/yettel\/author\/dejan-roganovic\/\" rel=\"author\">UDRU\u017dENI SINDIKAT TELENOR<\/a><\/span><\/span><a href=\"https:\/\/unitel.rs\/yettel\/category\/novosti\/\" rel=\"category tag\">NOVOSTI<\/a><span class=\"fusion-inline-sep\">|<\/span><\/div><\/div><\/article>\n<article id=\"blog-1-post-2004\" class=\"fusion-post-medium post-2004 post type-post status-publish format-standard has-post-thumbnail hentry category-novosti\">\n\t<style type=\"text\/css\">\n\t\t\n\t\t\n\t\t\n\t\t\n\t\t\t<\/style>\n\n\n\t\t\t<div class=\"fusion-flexslider flexslider fusion-flexslider-loading fusion-post-slideshow\" style=\"\">\n\t\t<ul class=\"slides\">\n\t\t\t\n\t\t\t\t\t\t\t\t\t\t\t\t\t\t<li><div  class=\"fusion-image-wrapper fusion-image-size-fixed\" aria-haspopup=\"true\">\n\t\t\t\t<img decoding=\"async\" width=\"320\" height=\"202\" src=\"data:image\/svg+xml,%3Csvg%20xmlns%3D%27http%3A%2F%2Fwww.w3.org%2F2000%2Fsvg%27%20width%3D%27612%27%20height%3D%27424%27%20viewBox%3D%270%200%20612%20424%27%3E%3Crect%20width%3D%27612%27%20height%3D%27424%27%20fill-opacity%3D%220%22%2F%3E%3C%2Fsvg%3E\" class=\"attachment-blog-medium size-blog-medium lazyload wp-post-image\" alt=\"\" data-orig-src=\"https:\/\/unitel.rs\/yettel\/wp-content\/uploads\/2025\/02\/Dobrovoljno-zdravstveno-osiguranje-u-Yettelu-320x202.png\" \/><div class=\"fusion-rollover\">\n\t<div class=\"fusion-rollover-content\">\n\n\t\t\t\t\t\t\t\t\t\t\t\t\t\t<a class=\"fusion-rollover-link\" href=\"https:\/\/unitel.rs\/yettel\/dobrovoljno-zdravstveno-osiguranje-u-yettelu\/\">Dobrovoljno zdravstveno osiguranje u Yettelu<\/a>\n\t\t\t\n\t\t\t\t\t\t\t\t\n\t\t\n\t\t\t\t\t\t\t\t\n\t\t\t\t\t\t\t\t\n\t\t\n\t\t\t\t\t\t<a class=\"fusion-link-wrapper\" href=\"https:\/\/unitel.rs\/yettel\/dobrovoljno-zdravstveno-osiguranje-u-yettelu\/\" aria-label=\"Dobrovoljno zdravstveno osiguranje u Yettelu\"><\/a>\n\t<\/div>\n<\/div>\n<\/div>\n<\/li>\n\t\t\t\n\t\t\t\n\t\t\t\t\t\t\t\t\t\t\t\t\t\t\t\t\t\t\t\t\t\t\t\t\t\t\t\t\t\t\t\t\t\t\t\t\t\t\t\t\t\t\t\t\t\t\t\t\t\t\t\t\t\t\t\t\t\t\t\t\t\t\t\t\t\t\t\t<\/ul>\n\t<\/div>\n\t<div class=\"fusion-post-content post-content\"><h2 class=\"blog-shortcode-post-title entry-title\"><a href=\"https:\/\/unitel.rs\/yettel\/dobrovoljno-zdravstveno-osiguranje-u-yettelu\/\">Dobrovoljno zdravstveno osiguranje u Yettelu<\/a><\/h2><div class=\"fusion-post-content-container\"><p> Dobrovoljno zdravstveno osiguranje u Yettelu \u010clanom\u00a0 10.11 Postoje\u0107eg teksta Kolektivnog ugovora koji je Sindikat Uni Tel potpisao sa poslodavcem ( isti\u010de 15.feb.2025 ) Dobrovoljno zdravstveno osiguranje ka\u017ee: Poslodavac \u0107e u saradnji sa Sindikatom Uni-Tel, doneti odluku o zaklju\u010divanju ugovora o dobrovoljnom zdravstvenom osiguranju i omogu\u0107iti svim zaposlenima Dobrovoljno Zdravstveno osiguranje, za paket u skladu sa PREDVIDJENIM SREDSTVIMA U BUDZETU\u00a0 po zaposlenom, po\u010dev od dana zaklju\u010denja ugovora sa osiguravaju\u0107om kucom pa do dana prestanka va\u017eenja tog ugovora. Polisa Dobrovoljnog zdravstvenog<\/p><\/div><\/div><div class=\"fusion-clearfix\"><\/div><div class=\"fusion-meta-info\"><div class=\"fusion-alignleft\"><span class=\"vcard\" style=\"display: none;\"><span class=\"fn\"><a href=\"https:\/\/unitel.rs\/yettel\/author\/dejan-roganovic\/\" rel=\"author\">UDRU\u017dENI SINDIKAT TELENOR<\/a><\/span><\/span><a href=\"https:\/\/unitel.rs\/yettel\/category\/novosti\/\" rel=\"category tag\">NOVOSTI<\/a><span class=\"fusion-inline-sep\">|<\/span><\/div><\/div><\/article>\n<article id=\"blog-1-post-1997\" class=\"fusion-post-medium post-1997 post type-post status-publish format-standard has-post-thumbnail hentry category-novosti\">\n\t<style type=\"text\/css\">\n\t\t\n\t\t\n\t\t\n\t\t\n\t\t\t<\/style>\n\n\n\t\t\t<div class=\"fusion-flexslider flexslider fusion-flexslider-loading fusion-post-slideshow\" style=\"\">\n\t\t<ul class=\"slides\">\n\t\t\t\n\t\t\t\t\t\t\t\t\t\t\t\t\t\t<li><div  class=\"fusion-image-wrapper fusion-image-size-fixed\" aria-haspopup=\"true\">\n\t\t\t\t<img decoding=\"async\" width=\"320\" height=\"202\" src=\"data:image\/svg+xml,%3Csvg%20xmlns%3D%27http%3A%2F%2Fwww.w3.org%2F2000%2Fsvg%27%20width%3D%27612%27%20height%3D%27345%27%20viewBox%3D%270%200%20612%20345%27%3E%3Crect%20width%3D%27612%27%20height%3D%27345%27%20fill-opacity%3D%220%22%2F%3E%3C%2Fsvg%3E\" class=\"attachment-blog-medium size-blog-medium lazyload wp-post-image\" alt=\"\" data-orig-src=\"https:\/\/unitel.rs\/yettel\/wp-content\/uploads\/2025\/02\/Utvrdjena-reprezentativnost-sindikata-u-Yettelu-320x202.jpg\" \/><div class=\"fusion-rollover\">\n\t<div class=\"fusion-rollover-content\">\n\n\t\t\t\t\t\t\t\t\t\t\t\t\t\t<a class=\"fusion-rollover-link\" href=\"https:\/\/unitel.rs\/yettel\/utvrdjena-reprezentativnost-sindikata-u-yettelu\/\">Utvr\u0111ena reprezentativnost sindikata u Yettelu<\/a>\n\t\t\t\n\t\t\t\t\t\t\t\t\n\t\t\n\t\t\t\t\t\t\t\t\n\t\t\t\t\t\t\t\t\n\t\t\n\t\t\t\t\t\t<a class=\"fusion-link-wrapper\" href=\"https:\/\/unitel.rs\/yettel\/utvrdjena-reprezentativnost-sindikata-u-yettelu\/\" aria-label=\"Utvr\u0111ena reprezentativnost sindikata u Yettelu\"><\/a>\n\t<\/div>\n<\/div>\n<\/div>\n<\/li>\n\t\t\t\n\t\t\t\n\t\t\t\t\t\t\t\t\t\t\t\t\t\t\t\t\t\t\t\t\t\t\t\t\t\t\t\t\t\t\t\t\t\t\t\t\t\t\t\t\t\t\t\t\t\t\t\t\t\t\t\t\t\t\t\t\t\t\t\t\t\t\t\t\t\t\t\t<\/ul>\n\t<\/div>\n\t<div class=\"fusion-post-content post-content\"><h2 class=\"blog-shortcode-post-title entry-title\"><a href=\"https:\/\/unitel.rs\/yettel\/utvrdjena-reprezentativnost-sindikata-u-yettelu\/\">Utvr\u0111ena reprezentativnost sindikata u Yettelu<\/a><\/h2><div class=\"fusion-post-content-container\"><p> Utvr\u0111ena reprezentativnost sindikata u Yettelu Datum. 29.01.2025. Komisija za utvr\u0111ivanje reprezentativnosti sindikata u Yettelu utvrdila je i donela Re\u0161enje o reprezentativnost sindikata na nivo 17% . To re\u0161enje nam omogu\u0107uje da u\u0111emo u pregovore sa poslodavcem i kona\u010dno potpi\u0161emo novi tekst Kolektivnog Ugovora (koji isti\u010de 15.februara 2025 godine.). I dok rukovodstvo sindikata ulazi u sedmi krug pregovora za novi Kolektivni ugovor, osvr\u0107emo se na put koji je na\u0161a organizacija pro\u0161la od osnivanja sindikata marta 2006. godine. Gotovo dve decenije<\/p><\/div><\/div><div class=\"fusion-clearfix\"><\/div><div class=\"fusion-meta-info\"><div class=\"fusion-alignleft\"><span class=\"vcard\" style=\"display: none;\"><span class=\"fn\"><a href=\"https:\/\/unitel.rs\/yettel\/author\/dejan-roganovic\/\" rel=\"author\">UDRU\u017dENI SINDIKAT TELENOR<\/a><\/span><\/span><a href=\"https:\/\/unitel.rs\/yettel\/category\/novosti\/\" rel=\"category tag\">NOVOSTI<\/a><span class=\"fusion-inline-sep\">|<\/span><\/div><\/div><\/article>\n<article id=\"blog-1-post-1991\" class=\"fusion-post-medium post-1991 post type-post status-publish format-standard has-post-thumbnail hentry category-novosti\">\n\t<style type=\"text\/css\">\n\t\t\n\t\t\n\t\t\n\t\t\n\t\t\t<\/style>\n\n\n\t\t\t<div class=\"fusion-flexslider flexslider fusion-flexslider-loading fusion-post-slideshow\" style=\"\">\n\t\t<ul class=\"slides\">\n\t\t\t\n\t\t\t\t\t\t\t\t\t\t\t\t\t\t<li><div  class=\"fusion-image-wrapper fusion-image-size-fixed\" aria-haspopup=\"true\">\n\t\t\t\t<img decoding=\"async\" width=\"320\" height=\"202\" src=\"data:image\/svg+xml,%3Csvg%20xmlns%3D%27http%3A%2F%2Fwww.w3.org%2F2000%2Fsvg%27%20width%3D%27612%27%20height%3D%27408%27%20viewBox%3D%270%200%20612%20408%27%3E%3Crect%20width%3D%27612%27%20height%3D%27408%27%20fill-opacity%3D%220%22%2F%3E%3C%2Fsvg%3E\" class=\"attachment-blog-medium size-blog-medium lazyload wp-post-image\" alt=\"\" data-orig-src=\"https:\/\/unitel.rs\/yettel\/wp-content\/uploads\/2024\/09\/Odrzimo-nasu-buducnost-kroz-sindikat-\u2013-Vas-glas-je-vazan-320x202.jpg\" \/><div class=\"fusion-rollover\">\n\t<div class=\"fusion-rollover-content\">\n\n\t\t\t\t\t\t\t\t\t\t\t\t\t\t<a class=\"fusion-rollover-link\" href=\"https:\/\/unitel.rs\/yettel\/poziv-za-pregovore-sindikata-uni-tel\/\">Poziv za pregovore Sindikata Uni Tel<\/a>\n\t\t\t\n\t\t\t\t\t\t\t\t\n\t\t\n\t\t\t\t\t\t\t\t\n\t\t\t\t\t\t\t\t\n\t\t\n\t\t\t\t\t\t<a class=\"fusion-link-wrapper\" href=\"https:\/\/unitel.rs\/yettel\/poziv-za-pregovore-sindikata-uni-tel\/\" aria-label=\"Poziv za pregovore Sindikata Uni Tel\"><\/a>\n\t<\/div>\n<\/div>\n<\/div>\n<\/li>\n\t\t\t\n\t\t\t\n\t\t\t\t\t\t\t\t\t\t\t\t\t\t\t\t\t\t\t\t\t\t\t\t\t\t\t\t\t\t\t\t\t\t\t\t\t\t\t\t\t\t\t\t\t\t\t\t\t\t\t\t\t\t\t\t\t\t\t\t\t\t\t\t\t\t\t\t<\/ul>\n\t<\/div>\n\t<div class=\"fusion-post-content post-content\"><h2 class=\"blog-shortcode-post-title entry-title\"><a href=\"https:\/\/unitel.rs\/yettel\/poziv-za-pregovore-sindikata-uni-tel\/\">Poziv za pregovore Sindikata Uni Tel<\/a><\/h2><div class=\"fusion-post-content-container\"><p> Poziv za pregovore Sindikata Uni Tel Po\u0161tovane kolege,\u00a0 Sindikat Uni Tel u kompaniji Yettel u skladu sa sa Zakonom o radu RS (\"Sl. glasnik RS\", br. 24\/2005, 61\/2005, 54\/2009, 32\/2013, 75\/2014, 13\/2017 - odluka US i 113\/2017), uputio je pismo menad\u017ementu kompanije Yettel d.o.o sa Zahtevom da otpo\u010dnu pregovori za zaklju\u010denje novog Kolektivnog ugovora koji bi trebalo da va\u017ei za sve zaposlene u Yettelu a za period 2025-2027 godine. Postoje\u0107i Kolektivni ugovor isti\u010de nam 15 februara 2025. &gt;&gt;&gt; <\/p><\/div><\/div><div class=\"fusion-clearfix\"><\/div><div class=\"fusion-meta-info\"><div class=\"fusion-alignleft\"><span class=\"vcard\" style=\"display: none;\"><span class=\"fn\"><a href=\"https:\/\/unitel.rs\/yettel\/author\/dejan-roganovic\/\" rel=\"author\">UDRU\u017dENI SINDIKAT TELENOR<\/a><\/span><\/span><a href=\"https:\/\/unitel.rs\/yettel\/category\/novosti\/\" rel=\"category tag\">NOVOSTI<\/a><span class=\"fusion-inline-sep\">|<\/span><\/div><\/div><\/article>\n<article id=\"blog-1-post-1970\" class=\"fusion-post-medium post-1970 post type-post status-publish format-standard has-post-thumbnail hentry category-novosti\">\n\t<style type=\"text\/css\">\n\t\t\n\t\t\n\t\t\n\t\t\n\t\t\t<\/style>\n\n\n\t\t\t<div class=\"fusion-flexslider flexslider fusion-flexslider-loading fusion-post-slideshow\" style=\"\">\n\t\t<ul class=\"slides\">\n\t\t\t\n\t\t\t\t\t\t\t\t\t\t\t\t\t\t<li><div  class=\"fusion-image-wrapper fusion-image-size-fixed\" aria-haspopup=\"true\">\n\t\t\t\t<img decoding=\"async\" width=\"320\" height=\"202\" src=\"data:image\/svg+xml,%3Csvg%20xmlns%3D%27http%3A%2F%2Fwww.w3.org%2F2000%2Fsvg%27%20width%3D%27612%27%20height%3D%27408%27%20viewBox%3D%270%200%20612%20408%27%3E%3Crect%20width%3D%27612%27%20height%3D%27408%27%20fill-opacity%3D%220%22%2F%3E%3C%2Fsvg%3E\" class=\"attachment-blog-medium size-blog-medium lazyload wp-post-image\" alt=\"\" data-orig-src=\"https:\/\/unitel.rs\/yettel\/wp-content\/uploads\/2024\/09\/Odrzimo-nasu-buducnost-kroz-sindikat-\u2013-Vas-glas-je-vazan-320x202.jpg\" \/><div class=\"fusion-rollover\">\n\t<div class=\"fusion-rollover-content\">\n\n\t\t\t\t\t\t\t\t\t\t\t\t\t\t<a class=\"fusion-rollover-link\" href=\"https:\/\/unitel.rs\/yettel\/odrzimo-nasu-buducnost-kroz-sindikat-vas-glas-je-vazan\/\">Odr\u017eimo na\u0161u budu\u0107nost kroz sindikat \u2013 Va\u0161 glas je va\u017ean!<\/a>\n\t\t\t\n\t\t\t\t\t\t\t\t\n\t\t\n\t\t\t\t\t\t\t\t\n\t\t\t\t\t\t\t\t\n\t\t\n\t\t\t\t\t\t<a class=\"fusion-link-wrapper\" href=\"https:\/\/unitel.rs\/yettel\/odrzimo-nasu-buducnost-kroz-sindikat-vas-glas-je-vazan\/\" aria-label=\"Odr\u017eimo na\u0161u budu\u0107nost kroz sindikat \u2013 Va\u0161 glas je va\u017ean!\"><\/a>\n\t<\/div>\n<\/div>\n<\/div>\n<\/li>\n\t\t\t\n\t\t\t\n\t\t\t\t\t\t\t\t\t\t\t\t\t\t\t\t\t\t\t\t\t\t\t\t\t\t\t\t\t\t\t\t\t\t\t\t\t\t\t\t\t\t\t\t\t\t\t\t\t\t\t\t\t\t\t\t\t\t\t\t\t\t\t\t\t\t\t\t<\/ul>\n\t<\/div>\n\t<div class=\"fusion-post-content post-content\"><h2 class=\"blog-shortcode-post-title entry-title\"><a href=\"https:\/\/unitel.rs\/yettel\/odrzimo-nasu-buducnost-kroz-sindikat-vas-glas-je-vazan\/\">Odr\u017eimo na\u0161u budu\u0107nost kroz sindikat \u2013 Va\u0161 glas je va\u017ean!<\/a><\/h2><div class=\"fusion-post-content-container\"><p> Odr\u017eimo na\u0161u budu\u0107nost kroz sindikat \u2013 Va\u0161 glas je va\u017ean! Drage kolege, Kako se bli\u017ei kraj va\u017eenja na\u0161eg trenutnog Kolektivnog ugovora u februaru 2025, sada je vreme da se osvrnemo na ono \u0161to smo zajedno postigli i za\u0161to je va\u017eno da budemo ujedinjeni kroz na\u0161 sindikat. Sindikat Yettela postoji jo\u0161 od 2006. godine i tokom tih godina smo uspeli da postignemo mnogo za sve zaposlene \u2013 \u010dak sedam potpisanih Kolektivnih ugovora koji su doneli pobolj\u0161anja u pravima, radnim uslovima<\/p><\/div><\/div><div class=\"fusion-clearfix\"><\/div><div class=\"fusion-meta-info\"><div class=\"fusion-alignleft\"><span class=\"vcard\" style=\"display: none;\"><span class=\"fn\"><a href=\"https:\/\/unitel.rs\/yettel\/author\/dejan-roganovic\/\" rel=\"author\">UDRU\u017dENI SINDIKAT TELENOR<\/a><\/span><\/span><a href=\"https:\/\/unitel.rs\/yettel\/category\/novosti\/\" rel=\"category tag\">NOVOSTI<\/a><span class=\"fusion-inline-sep\">|<\/span><\/div><\/div><\/article>\n<article id=\"blog-1-post-1962\" class=\"fusion-post-medium post-1962 post type-post status-publish format-standard has-post-thumbnail hentry category-novosti\">\n\t<style type=\"text\/css\">\n\t\t\n\t\t\n\t\t\n\t\t\n\t\t\t<\/style>\n\n\n\t\t\t<div class=\"fusion-flexslider flexslider fusion-flexslider-loading fusion-post-slideshow\" style=\"\">\n\t\t<ul class=\"slides\">\n\t\t\t\n\t\t\t\t\t\t\t\t\t\t\t\t\t\t<li><div  class=\"fusion-image-wrapper fusion-image-size-fixed\" aria-haspopup=\"true\">\n\t\t\t\t<img decoding=\"async\" width=\"320\" height=\"202\" src=\"data:image\/svg+xml,%3Csvg%20xmlns%3D%27http%3A%2F%2Fwww.w3.org%2F2000%2Fsvg%27%20width%3D%27580%27%20height%3D%27386%27%20viewBox%3D%270%200%20580%20386%27%3E%3Crect%20width%3D%27580%27%20height%3D%27386%27%20fill-opacity%3D%220%22%2F%3E%3C%2Fsvg%3E\" class=\"attachment-blog-medium size-blog-medium lazyload wp-post-image\" alt=\"\" data-orig-src=\"https:\/\/unitel.rs\/yettel\/wp-content\/uploads\/2024\/06\/Informacija-o-regresu-za-zaposlene-320x202.jpg\" \/><div class=\"fusion-rollover\">\n\t<div class=\"fusion-rollover-content\">\n\n\t\t\t\t\t\t\t\t\t\t\t\t\t\t<a class=\"fusion-rollover-link\" href=\"https:\/\/unitel.rs\/yettel\/informacija-o-regresu-za-zaposlene\/\">Informacija o regresu za zaposlene<\/a>\n\t\t\t\n\t\t\t\t\t\t\t\t\n\t\t\n\t\t\t\t\t\t\t\t\n\t\t\t\t\t\t\t\t\n\t\t\n\t\t\t\t\t\t<a class=\"fusion-link-wrapper\" href=\"https:\/\/unitel.rs\/yettel\/informacija-o-regresu-za-zaposlene\/\" aria-label=\"Informacija o regresu za zaposlene\"><\/a>\n\t<\/div>\n<\/div>\n<\/div>\n<\/li>\n\t\t\t\n\t\t\t\n\t\t\t\t\t\t\t\t\t\t\t\t\t\t\t\t\t\t\t\t\t\t\t\t\t\t\t\t\t\t\t\t\t\t\t\t\t\t\t\t\t\t\t\t\t\t\t\t\t\t\t\t\t\t\t\t\t\t\t\t\t\t\t\t\t\t\t\t<\/ul>\n\t<\/div>\n\t<div class=\"fusion-post-content post-content\"><h2 class=\"blog-shortcode-post-title entry-title\"><a href=\"https:\/\/unitel.rs\/yettel\/informacija-o-regresu-za-zaposlene\/\">Informacija o regresu za zaposlene<\/a><\/h2><div class=\"fusion-post-content-container\"><p> Informacija o regresu za zaposlene Po\u0161tovane koleginice i kolege, Ovim putem \u017eelimo da vas podsetimo na jedno od zna\u010dajnih prava koje imamo u na\u0161oj kompaniji Yettel, a koje mnoge druge kompanije u na\u0161oj grani uop\u0161te nemaju. Naime, pravo na regres za kori\u0161\u0107enje godi\u0161njeg odmora je regulisano Kolektivnim Ugovorom, ta\u010dka 7.9.3 \u2013 Naknada za regres. Pravo na Regres Svi zaposleni u Yettelu imaju pravo na regres za kori\u0161\u0107enje celokupnog godi\u0161njeg odmora za kalendarsku godinu u bruto iznosu od 1.000 EUR,<\/p><\/div><\/div><div class=\"fusion-clearfix\"><\/div><div class=\"fusion-meta-info\"><div class=\"fusion-alignleft\"><span class=\"vcard\" style=\"display: none;\"><span class=\"fn\"><a href=\"https:\/\/unitel.rs\/yettel\/author\/dejan-roganovic\/\" rel=\"author\">UDRU\u017dENI SINDIKAT TELENOR<\/a><\/span><\/span><a href=\"https:\/\/unitel.rs\/yettel\/category\/novosti\/\" rel=\"category tag\">NOVOSTI<\/a><span class=\"fusion-inline-sep\">|<\/span><\/div><\/div><\/article>\n<article id=\"blog-1-post-1957\" class=\"fusion-post-medium post-1957 post type-post status-publish format-standard has-post-thumbnail hentry category-novosti\">\n\t<style type=\"text\/css\">\n\t\t\n\t\t\n\t\t\n\t\t\n\t\t\t<\/style>\n\n\n\t\t\t<div class=\"fusion-flexslider flexslider fusion-flexslider-loading fusion-post-slideshow\" style=\"\">\n\t\t<ul class=\"slides\">\n\t\t\t\n\t\t\t\t\t\t\t\t\t\t\t\t\t\t<li><div  class=\"fusion-image-wrapper fusion-image-size-fixed\" aria-haspopup=\"true\">\n\t\t\t\t<img decoding=\"async\" width=\"320\" height=\"202\" src=\"https:\/\/unitel.rs\/yettel\/wp-content\/uploads\/2024\/06\/Buducnost-Sindikata-u-IT-Sektoru-Solidarnost-i-Empatija-kao-Kljucne-Vrednosti-320x202.png\" class=\"attachment-blog-medium size-blog-medium lazyload wp-post-image\" alt=\"\" srcset=\"data:image\/svg+xml,%3Csvg%20xmlns%3D%27http%3A%2F%2Fwww.w3.org%2F2000%2Fsvg%27%20width%3D%27612%27%20height%3D%27383%27%20viewBox%3D%270%200%20612%20383%27%3E%3Crect%20width%3D%27612%27%20height%3D%27383%27%20fill-opacity%3D%220%22%2F%3E%3C%2Fsvg%3E\" data-orig-src=\"https:\/\/unitel.rs\/yettel\/wp-content\/uploads\/2024\/06\/Buducnost-Sindikata-u-IT-Sektoru-Solidarnost-i-Empatija-kao-Kljucne-Vrednosti-320x202.png\" data-srcset=\"https:\/\/unitel.rs\/yettel\/wp-content\/uploads\/2024\/06\/Buducnost-Sindikata-u-IT-Sektoru-Solidarnost-i-Empatija-kao-Kljucne-Vrednosti-200x125.png 200w, https:\/\/unitel.rs\/yettel\/wp-content\/uploads\/2024\/06\/Buducnost-Sindikata-u-IT-Sektoru-Solidarnost-i-Empatija-kao-Kljucne-Vrednosti-300x188.png 300w, https:\/\/unitel.rs\/yettel\/wp-content\/uploads\/2024\/06\/Buducnost-Sindikata-u-IT-Sektoru-Solidarnost-i-Empatija-kao-Kljucne-Vrednosti-320x202.png 320w\" data-sizes=\"auto\" \/><div class=\"fusion-rollover\">\n\t<div class=\"fusion-rollover-content\">\n\n\t\t\t\t\t\t\t\t\t\t\t\t\t\t<a class=\"fusion-rollover-link\" href=\"https:\/\/unitel.rs\/yettel\/buducnost-sindikata-u-it-sektoru-solidarnost-i-empatija-kao-kljucne-vrednosti\/\">Budu\u0107nost Sindikata u IT Sektoru: Solidarnost i Empatija kao Klju\u010dne Vrednosti<\/a>\n\t\t\t\n\t\t\t\t\t\t\t\t\n\t\t\n\t\t\t\t\t\t\t\t\n\t\t\t\t\t\t\t\t\n\t\t\n\t\t\t\t\t\t<a class=\"fusion-link-wrapper\" href=\"https:\/\/unitel.rs\/yettel\/buducnost-sindikata-u-it-sektoru-solidarnost-i-empatija-kao-kljucne-vrednosti\/\" aria-label=\"Budu\u0107nost Sindikata u IT Sektoru: Solidarnost i Empatija kao Klju\u010dne Vrednosti\"><\/a>\n\t<\/div>\n<\/div>\n<\/div>\n<\/li>\n\t\t\t\n\t\t\t\n\t\t\t\t\t\t\t\t\t\t\t\t\t\t\t\t\t\t\t\t\t\t\t\t\t\t\t\t\t\t\t\t\t\t\t\t\t\t\t\t\t\t\t\t\t\t\t\t\t\t\t\t\t\t\t\t\t\t\t\t\t\t\t\t\t\t\t\t<\/ul>\n\t<\/div>\n\t<div class=\"fusion-post-content post-content\"><h2 class=\"blog-shortcode-post-title entry-title\"><a href=\"https:\/\/unitel.rs\/yettel\/buducnost-sindikata-u-it-sektoru-solidarnost-i-empatija-kao-kljucne-vrednosti\/\">Budu\u0107nost Sindikata u IT Sektoru: Solidarnost i Empatija kao Klju\u010dne Vrednosti<\/a><\/h2><div class=\"fusion-post-content-container\"><p> Budu\u0107nost Sindikata u IT Sektoru: Solidarnost i Empatija kao Klju\u010dne Vrednosti  Budu\u0107nost Sindikata u IT Sektoru: Solidarnost i Empatija kao Klju\u010dne Vrednosti Informacione tehnologije (IT) predstavljaju jedan od najdinami\u010dnijih i najbr\u017ee rastu\u0107ih sektora u svetu. Sa kontinuiranim inovacijama i digitalnom transformacijom, IT industrija postavlja standarde za radne uslove i prava zaposlenih. Ipak, ne smemo zaboraviti da su svi sektori me\u0111usobno povezani i da je solidarnost me\u0111u radnicima klju\u010dna za postizanje boljih uslova rada za sve. Zna\u010daj Sindikata u<\/p><\/div><\/div><div class=\"fusion-clearfix\"><\/div><div class=\"fusion-meta-info\"><div class=\"fusion-alignleft\"><span class=\"vcard\" style=\"display: none;\"><span class=\"fn\"><a href=\"https:\/\/unitel.rs\/yettel\/author\/dejan-roganovic\/\" rel=\"author\">UDRU\u017dENI SINDIKAT TELENOR<\/a><\/span><\/span><a href=\"https:\/\/unitel.rs\/yettel\/category\/novosti\/\" rel=\"category tag\">NOVOSTI<\/a><span class=\"fusion-inline-sep\">|<\/span><\/div><\/div><\/article>\n<article id=\"blog-1-post-1953\" class=\"fusion-post-medium post-1953 post type-post status-publish format-standard has-post-thumbnail hentry category-novosti\">\n\t<style type=\"text\/css\">\n\t\t\n\t\t\n\t\t\n\t\t\n\t\t\t<\/style>\n\n\n\t\t\t<div class=\"fusion-flexslider flexslider fusion-flexslider-loading fusion-post-slideshow\" style=\"\">\n\t\t<ul class=\"slides\">\n\t\t\t\n\t\t\t\t\t\t\t\t\t\t\t\t\t\t<li><div  class=\"fusion-image-wrapper fusion-image-size-fixed\" aria-haspopup=\"true\">\n\t\t\t\t<img decoding=\"async\" width=\"320\" height=\"202\" src=\"data:image\/svg+xml,%3Csvg%20xmlns%3D%27http%3A%2F%2Fwww.w3.org%2F2000%2Fsvg%27%20width%3D%27612%27%20height%3D%27408%27%20viewBox%3D%270%200%20612%20408%27%3E%3Crect%20width%3D%27612%27%20height%3D%27408%27%20fill-opacity%3D%220%22%2F%3E%3C%2Fsvg%3E\" class=\"attachment-blog-medium size-blog-medium lazyload wp-post-image\" alt=\"\" data-orig-src=\"https:\/\/unitel.rs\/yettel\/wp-content\/uploads\/2024\/05\/54-320x202.jpg\" \/><div class=\"fusion-rollover\">\n\t<div class=\"fusion-rollover-content\">\n\n\t\t\t\t\t\t\t\t\t\t\t\t\t\t<a class=\"fusion-rollover-link\" href=\"https:\/\/unitel.rs\/yettel\/pomoc-zaposlenom-i-njegovoj-porodici-novcana-pomoc-za-skolovanje-dece-umrlih-zaposlenih\/\">Pomo\u0107 zaposlenom i njegovoj porodici: Nov\u010dana pomo\u0107 za \u0161kolovanje dece umrlih zaposlenih<\/a>\n\t\t\t\n\t\t\t\t\t\t\t\t\n\t\t\n\t\t\t\t\t\t\t\t\n\t\t\t\t\t\t\t\t\n\t\t\n\t\t\t\t\t\t<a class=\"fusion-link-wrapper\" href=\"https:\/\/unitel.rs\/yettel\/pomoc-zaposlenom-i-njegovoj-porodici-novcana-pomoc-za-skolovanje-dece-umrlih-zaposlenih\/\" aria-label=\"Pomo\u0107 zaposlenom i njegovoj porodici: Nov\u010dana pomo\u0107 za \u0161kolovanje dece umrlih zaposlenih\"><\/a>\n\t<\/div>\n<\/div>\n<\/div>\n<\/li>\n\t\t\t\n\t\t\t\n\t\t\t\t\t\t\t\t\t\t\t\t\t\t\t\t\t\t\t\t\t\t\t\t\t\t\t\t\t\t\t\t\t\t\t\t\t\t\t\t\t\t\t\t\t\t\t\t\t\t\t\t\t\t\t\t\t\t\t\t\t\t\t\t\t\t\t\t<\/ul>\n\t<\/div>\n\t<div class=\"fusion-post-content post-content\"><h2 class=\"blog-shortcode-post-title entry-title\"><a href=\"https:\/\/unitel.rs\/yettel\/pomoc-zaposlenom-i-njegovoj-porodici-novcana-pomoc-za-skolovanje-dece-umrlih-zaposlenih\/\">Pomo\u0107 zaposlenom i njegovoj porodici: Nov\u010dana pomo\u0107 za \u0161kolovanje dece umrlih zaposlenih<\/a><\/h2><div class=\"fusion-post-content-container\"><p> Pomo\u0107 zaposlenom i njegovoj porodici: Nov\u010dana pomo\u0107 za \u0161kolovanje dece umrlih zaposlenih  Dragi \u010dlanovi sindikata, S ponosom obave\u0161tavamo na\u0161e nove \u010dlanove , a stare podse\u0107amo o jednoj od najva\u017enijih odredbi na\u0161eg Kolektivnog ugovora. Ona se odnosi na nov\u010danu pomo\u0107 za \u0161kolovanje dece na\u0161ih kolega koji su nas prerano napustili. Ova stavka Kolektivnog ugovora omogu\u0107ava podr\u0161ku porodicama umrlih\/poginulih zaposlenih. Ona im poma\u017ee da obezbede kvalitetno obrazovanje za svoju decu, \u010dak i u najte\u017eim trenucima. Kriterijumi za Nov\u010danu Pomo\u0107 Za<\/p><\/div><\/div><div class=\"fusion-clearfix\"><\/div><div class=\"fusion-meta-info\"><div class=\"fusion-alignleft\"><span class=\"vcard\" style=\"display: none;\"><span class=\"fn\"><a href=\"https:\/\/unitel.rs\/yettel\/author\/bb-unitel2021-admin\/\" rel=\"author\">BB-Unitel2021-admin<\/a><\/span><\/span><a href=\"https:\/\/unitel.rs\/yettel\/category\/novosti\/\" rel=\"category tag\">NOVOSTI<\/a><span class=\"fusion-inline-sep\">|<\/span><\/div><\/div><\/article>\n<article id=\"blog-1-post-1950\" class=\"fusion-post-medium post-1950 post type-post status-publish format-standard has-post-thumbnail hentry category-novosti\">\n\t<style type=\"text\/css\">\n\t\t\n\t\t\n\t\t\n\t\t\n\t\t\t<\/style>\n\n\n\t\t\t<div class=\"fusion-flexslider flexslider fusion-flexslider-loading fusion-post-slideshow\" style=\"\">\n\t\t<ul class=\"slides\">\n\t\t\t\n\t\t\t\t\t\t\t\t\t\t\t\t\t\t<li><div  class=\"fusion-image-wrapper fusion-image-size-fixed\" aria-haspopup=\"true\">\n\t\t\t\t<img decoding=\"async\" width=\"320\" height=\"202\" src=\"data:image\/svg+xml,%3Csvg%20xmlns%3D%27http%3A%2F%2Fwww.w3.org%2F2000%2Fsvg%27%20width%3D%27411%27%20height%3D%27412%27%20viewBox%3D%270%200%20411%20412%27%3E%3Crect%20width%3D%27411%27%20height%3D%27412%27%20fill-opacity%3D%220%22%2F%3E%3C%2Fsvg%3E\" class=\"attachment-blog-medium size-blog-medium lazyload wp-post-image\" alt=\"\" data-orig-src=\"https:\/\/unitel.rs\/yettel\/wp-content\/uploads\/2024\/05\/54-320x202.png\" \/><div class=\"fusion-rollover\">\n\t<div class=\"fusion-rollover-content\">\n\n\t\t\t\t\t\t\t\t\t\t\t\t\t\t<a class=\"fusion-rollover-link\" href=\"https:\/\/unitel.rs\/yettel\/jubilej-30-godina-u-kompaniji-sasa-djorovic\/\">Jubilej 30 godina u kompaniji &#8211;  Sasa Djorovi\u0107<\/a>\n\t\t\t\n\t\t\t\t\t\t\t\t\n\t\t\n\t\t\t\t\t\t\t\t\n\t\t\t\t\t\t\t\t\n\t\t\n\t\t\t\t\t\t<a class=\"fusion-link-wrapper\" href=\"https:\/\/unitel.rs\/yettel\/jubilej-30-godina-u-kompaniji-sasa-djorovic\/\" aria-label=\"Jubilej 30 godina u kompaniji &#8211;  Sasa Djorovi\u0107\"><\/a>\n\t<\/div>\n<\/div>\n<\/div>\n<\/li>\n\t\t\t\n\t\t\t\n\t\t\t\t\t\t\t\t\t\t\t\t\t\t\t\t\t\t\t\t\t\t\t\t\t\t\t\t\t\t\t\t\t\t\t\t\t\t\t\t\t\t\t\t\t\t\t\t\t\t\t\t\t\t\t\t\t\t\t\t\t\t\t\t\t\t\t\t<\/ul>\n\t<\/div>\n\t<div class=\"fusion-post-content post-content\"><h2 class=\"blog-shortcode-post-title entry-title\"><a href=\"https:\/\/unitel.rs\/yettel\/jubilej-30-godina-u-kompaniji-sasa-djorovic\/\">Jubilej 30 godina u kompaniji &#8211;  Sasa Djorovi\u0107<\/a><\/h2><div class=\"fusion-post-content-container\"><p> Jubilej 30 godina u kompaniji - \u00a0Sasa Djorovi\u0107  Obele\u017eavanje 30 godina posve\u0107enog rada u kompaniji Yettel Sa velikim ponosom i zadovoljstvom obele\u017eavamo izuzetnu prekretnicu \u2013 30 godina neprekidnog rada na\u0161eg dragog kolege, Aleksandra Sa\u0161e \u0110orovi\u0107a. Tokom ove tri decenije, Sa\u0161a je dao neprocenjiv doprinos na\u0161em timu, kompaniji Yettel i telekomunikacionoj industriji u celini. Proslava ovog zna\u010dajnog jubileja organizovana je i od strane sindikata, \u010diji je Sa\u0161a dugogodi\u0161nji \u010dlan. Karijera ispunjena dostignu\u0107ima Od svog prvog dana u kompaniji Yettel,<\/p><\/div><\/div><div class=\"fusion-clearfix\"><\/div><div class=\"fusion-meta-info\"><div class=\"fusion-alignleft\"><span class=\"vcard\" style=\"display: none;\"><span class=\"fn\"><a href=\"https:\/\/unitel.rs\/yettel\/author\/bb-unitel2021-admin\/\" rel=\"author\">BB-Unitel2021-admin<\/a><\/span><\/span><a href=\"https:\/\/unitel.rs\/yettel\/category\/novosti\/\" rel=\"category tag\">NOVOSTI<\/a><span class=\"fusion-inline-sep\">|<\/span><\/div><\/div><\/article>\n<article id=\"blog-1-post-1945\" class=\"fusion-post-medium post-1945 post type-post status-publish format-standard has-post-thumbnail hentry category-novosti\">\n\t<style type=\"text\/css\">\n\t\t\n\t\t\n\t\t\n\t\t\n\t\t\t<\/style>\n\n\n\t\t\t<div class=\"fusion-flexslider flexslider fusion-flexslider-loading fusion-post-slideshow\" style=\"\">\n\t\t<ul class=\"slides\">\n\t\t\t\n\t\t\t\t\t\t\t\t\t\t\t\t\t\t<li><div  class=\"fusion-image-wrapper fusion-image-size-fixed\" aria-haspopup=\"true\">\n\t\t\t\t<img decoding=\"async\" width=\"320\" height=\"202\" src=\"data:image\/svg+xml,%3Csvg%20xmlns%3D%27http%3A%2F%2Fwww.w3.org%2F2000%2Fsvg%27%20width%3D%27389%27%20height%3D%27259%27%20viewBox%3D%270%200%20389%20259%27%3E%3Crect%20width%3D%27389%27%20height%3D%27259%27%20fill-opacity%3D%220%22%2F%3E%3C%2Fsvg%3E\" class=\"attachment-blog-medium size-blog-medium lazyload wp-post-image\" alt=\"\" data-orig-src=\"https:\/\/unitel.rs\/yettel\/wp-content\/uploads\/2024\/04\/Dobrovoljno-zdravstveno-osiguranje-za-zaposlene-320x202.jpg\" \/><div class=\"fusion-rollover\">\n\t<div class=\"fusion-rollover-content\">\n\n\t\t\t\t\t\t\t\t\t\t\t\t\t\t<a class=\"fusion-rollover-link\" href=\"https:\/\/unitel.rs\/yettel\/dobrovoljno-zdravstveno-osiguranje-za-zaposlene\/\">Dobrovoljno zdravstveno osiguranje za zaposlene<\/a>\n\t\t\t\n\t\t\t\t\t\t\t\t\n\t\t\n\t\t\t\t\t\t\t\t\n\t\t\t\t\t\t\t\t\n\t\t\n\t\t\t\t\t\t<a class=\"fusion-link-wrapper\" href=\"https:\/\/unitel.rs\/yettel\/dobrovoljno-zdravstveno-osiguranje-za-zaposlene\/\" aria-label=\"Dobrovoljno zdravstveno osiguranje za zaposlene\"><\/a>\n\t<\/div>\n<\/div>\n<\/div>\n<\/li>\n\t\t\t\n\t\t\t\n\t\t\t\t\t\t\t\t\t\t\t\t\t\t\t\t\t\t\t\t\t\t\t\t\t\t\t\t\t\t\t\t\t\t\t\t\t\t\t\t\t\t\t\t\t\t\t\t\t\t\t\t\t\t\t\t\t\t\t\t\t\t\t\t\t\t\t\t<\/ul>\n\t<\/div>\n\t<div class=\"fusion-post-content post-content\"><h2 class=\"blog-shortcode-post-title entry-title\"><a href=\"https:\/\/unitel.rs\/yettel\/dobrovoljno-zdravstveno-osiguranje-za-zaposlene\/\">Dobrovoljno zdravstveno osiguranje za zaposlene<\/a><\/h2><div class=\"fusion-post-content-container\"><p> Dobrovoljno zdravstveno osiguranje za zaposlene  Dobrovoljno zdravstveno osiguranje za zaposlene, poznato i kao privatno zdravstveno, jedan je od klju\u010dnih benefita za zaposlene. Dobrovoljno zdravstveno osiguranje za zaposlene obezbe\u0111uje komfornu, efikasnu, pouzdanu i kvalitetnu medicinsku za\u0161titu svih zaposlenih. Osiguravaju\u0107e ku\u0107e imaju saradnju sa velikim brojem privatnih medicinskih ustanova koje koriste najsavremenije metode le\u010denja. Ugovaranjem kolektivnog zdravstvenog osiguranja poslodavac svojim zaposlenima omogucuje \u00a0jedan od 5 najcenjenijih benefita me\u0111u zaposlenima. Kompanija Yettel. d.o.o obnovila je polisu Dobrovoljnog zdravstvenog osiguranja za vanbolni\u010dko<\/p><\/div><\/div><div class=\"fusion-clearfix\"><\/div><div class=\"fusion-meta-info\"><div class=\"fusion-alignleft\"><span class=\"vcard\" style=\"display: none;\"><span class=\"fn\"><a href=\"https:\/\/unitel.rs\/yettel\/author\/bb-unitel2021-admin\/\" rel=\"author\">BB-Unitel2021-admin<\/a><\/span><\/span><a href=\"https:\/\/unitel.rs\/yettel\/category\/novosti\/\" rel=\"category tag\">NOVOSTI<\/a><span class=\"fusion-inline-sep\">|<\/span><\/div><\/div><\/article>\n<\/div><div class=\"fusion-infinite-scroll-trigger\"><\/div><div class=\"pagination infinite-scroll clearfix\" style=\"display:none;\"><span class=\"current\">1<\/span><a href=\"https:\/\/unitel.rs\/yettel\/wp-json\/wp\/v2\/pages\/998\/page\/2\/\" class=\"inactive\">2<\/a><a class=\"pagination-next\" rel=\"next\" href=\"https:\/\/unitel.rs\/yettel\/wp-json\/wp\/v2\/pages\/998\/page\/2\/\"><span class=\"page-text\">Next<\/span><span class=\"page-next\"><\/span><\/a><\/div><div class=\"fusion-clearfix\"><\/div><\/div><\/div><\/div><\/div><\/div><\/p>\n","protected":false},"excerpt":{"rendered":"","protected":false},"author":1,"featured_media":0,"parent":0,"menu_order":7,"comment_status":"closed","ping_status":"closed","template":"100-width.php","meta":{"footnotes":""},"class_list":["post-998","page","type-page","status-publish","hentry"],"jetpack_sharing_enabled":true,"_links":{"self":[{"href":"https:\/\/unitel.rs\/yettel\/wp-json\/wp\/v2\/pages\/998","targetHints":{"allow":["GET"]}}],"collection":[{"href":"https:\/\/unitel.rs\/yettel\/wp-json\/wp\/v2\/pages"}],"about":[{"href":"https:\/\/unitel.rs\/yettel\/wp-json\/wp\/v2\/types\/page"}],"author":[{"embeddable":true,"href":"https:\/\/unitel.rs\/yettel\/wp-json\/wp\/v2\/users\/1"}],"replies":[{"embeddable":true,"href":"https:\/\/unitel.rs\/yettel\/wp-json\/wp\/v2\/comments?post=998"}],"version-history":[{"count":14,"href":"https:\/\/unitel.rs\/yettel\/wp-json\/wp\/v2\/pages\/998\/revisions"}],"predecessor-version":[{"id":1942,"href":"https:\/\/unitel.rs\/yettel\/wp-json\/wp\/v2\/pages\/998\/revisions\/1942"}],"wp:attachment":[{"href":"https:\/\/unitel.rs\/yettel\/wp-json\/wp\/v2\/media?parent=998"}],"curies":[{"name":"wp","href":"https:\/\/api.w.org\/{rel}","templated":true}]}}